{"id":22929,"date":"2024-10-16T01:20:38","date_gmt":"2024-10-15T23:20:38","guid":{"rendered":"https:\/\/www.schepers-photography.de\/?page_id=22929"},"modified":"2026-04-27T13:13:16","modified_gmt":"2026-04-27T11:13:16","slug":"portfolio","status":"publish","type":"page","link":"https:\/\/www.schepers-photography.de\/en\/","title":{"rendered":"Portfolio"},"content":{"rendered":"<section class=\"wp-block-group has-primary-accent-color has-primary-background-color has-text-color has-background has-link-color wp-elements-c7bea6f3281ae8240bb697a3b94cf97b is-horizontal is-content-justification-center is-nowrap is-layout-flex wp-container-core-group-is-layout-7ba03935 wp-block-group-is-layout-flex\" style=\"padding-top:var(--wp--preset--spacing--30);padding-right:var(--wp--preset--spacing--30);padding-bottom:var(--wp--preset--spacing--30);padding-left:var(--wp--preset--spacing--30)\"><div class=\"wp-block-werbesofa-core-taxonomies\"><a href=\"\/en\/\">Main Portfolio<\/a><span>|<\/span><a href=\"https:\/\/www.schepers-photography.de\/en\/gallery_category\/portraitfotografie-schepers-photography-aus-roemerberg\/\">People<\/a><span>|<\/span><a href=\"https:\/\/www.schepers-photography.de\/en\/gallery_category\/industrie\/\">Industry<\/a><span>|<\/span><a href=\"https:\/\/www.schepers-photography.de\/en\/gallery_category\/image-lifestyle\/\">Lifestyle &amp; Corporate<\/a><span>|<\/span><a href=\"https:\/\/www.schepers-photography.de\/en\/gallery_category\/reportage\/\">Reportage<\/a><span>|<\/span><a href=\"https:\/\/www.schepers-photography.de\/en\/gallery_category\/immobilien\/\">Estate<\/a><span>|<\/span><a href=\"https:\/\/www.schepers-photography.de\/en\/gallery_category\/professionelle-produktfotografie-hochwertige-bilder-die-ihre-produkte-zum-leben-erwecken\/\">Product &amp; Style<\/a><span>|<\/span><a href=\"https:\/\/www.schepers-photography.de\/en\/gallery_category\/sport\/\">Sport<\/a><span>|<\/span><a href=\"https:\/\/www.schepers-photography.de\/en\/gallery_category\/city-landscapes\/\">City &amp; Landscapes<\/a><\/div><\/section>\n\n\n\n<div class=\"wp-block-group has-global-padding is-layout-constrained wp-container-core-group-is-layout-7db9d80f wp-block-group-is-layout-constrained\" style=\"padding-right:0;padding-left:0\">\n<div class=\"wp-block-photofolio-gallery alignfull\" style=\"column-count: auto; column-width: 16rem;\" data-images-width=\"16rem\">\n    <div class=\"wp-block-photofolio-gallery-image-container\"><a href=\"https:\/\/cdn.schepers-photography.de\/uploads\/2026\/03\/sabrina_klose_berlin_16.jpg\" >\n                            <img decoding=\"async\" width=\"1325\" height=\"2000\" src=\"https:\/\/cdn.schepers-photography.de\/uploads\/2026\/03\/sabrina_klose_berlin_16.jpg\" class=\"wp-block-photofolio-gallery-image\" alt=\"Sabrina klose berlin 16\" srcset=\"https:\/\/www.schepers-photography.de\/wp-content\/uploads\/2026\/03\/sabrina_klose_berlin_16.jpg 1325w, https:\/\/www.schepers-photography.de\/wp-content\/uploads\/2026\/03\/sabrina_klose_berlin_16-199x300.jpg 199w, https:\/\/www.schepers-photography.de\/wp-content\/uploads\/2026\/03\/sabrina_klose_berlin_16-678x1024.jpg 678w, https:\/\/www.schepers-photography.de\/wp-content\/uploads\/2026\/03\/sabrina_klose_berlin_16-768x1159.jpg 768w, https:\/\/www.schepers-photography.de\/wp-content\/uploads\/2026\/03\/sabrina_klose_berlin_16-1018x1536.jpg 1018w, https:\/\/www.schepers-photography.de\/wp-content\/uploads\/2026\/03\/sabrina_klose_berlin_16-8x12.jpg 8w, https:\/\/www.schepers-photography.de\/wp-content\/uploads\/2026\/03\/sabrina_klose_berlin_16-60x91.jpg 60w, https:\/\/www.schepers-photography.de\/wp-content\/uploads\/2026\/03\/sabrina_klose_berlin_16-480x725.jpg 480w, https:\/\/www.schepers-photography.de\/wp-content\/uploads\/2026\/03\/sabrina_klose_berlin_16-560x845.jpg 560w\" sizes=\"(max-width: 1325px) 100vw, 1325px\" \/>\n                            <div class=\"wp-block-photofolio-gallery-image-overlay\">\n                                <p class=\"wp-block-photofolio-gallery-image-overlay-title\">Sabrina Klose Berlin - Naturopath<\/p>\n                            <\/div>\n                        <\/a><a href=\"https:\/\/cdn.schepers-photography.de\/uploads\/2026\/03\/sabrina_klose_berlin_15.jpg\" ><\/a><a href=\"https:\/\/cdn.schepers-photography.de\/uploads\/2026\/03\/sabrina_klose_berlin_9.jpg\" ><\/a><a href=\"https:\/\/cdn.schepers-photography.de\/uploads\/2026\/03\/sabrina_klose_berlin_12.jpg\" ><\/a><a href=\"https:\/\/cdn.schepers-photography.de\/uploads\/2026\/03\/sabrina_klose_berlin_10.jpg\" ><\/a><a href=\"https:\/\/cdn.schepers-photography.de\/uploads\/2026\/03\/sabrina_klose_berlin_11.jpg\" ><\/a><a href=\"https:\/\/cdn.schepers-photography.de\/uploads\/2026\/03\/sabrina_klose_berlin_17.jpg\" ><\/a><a href=\"https:\/\/cdn.schepers-photography.de\/uploads\/2026\/03\/sabrina_klose_berlin_14.jpg\" ><\/a><a href=\"https:\/\/cdn.schepers-photography.de\/uploads\/2026\/03\/sabrina_klose_berlin_13.jpg\" ><\/a><a href=\"https:\/\/cdn.schepers-photography.de\/uploads\/2026\/03\/sabrina_klose_berlin_8.jpg\" ><\/a><a href=\"https:\/\/cdn.schepers-photography.de\/uploads\/2026\/03\/sabrina_klose_berlin_7.jpg\" ><\/a><a href=\"https:\/\/cdn.schepers-photography.de\/uploads\/2026\/03\/sabrina_klose_berlin_18.jpg\" ><\/a><a href=\"https:\/\/cdn.schepers-photography.de\/uploads\/2026\/03\/sabrina_klose_berlin_6.jpg\" ><\/a><a href=\"https:\/\/cdn.schepers-photography.de\/uploads\/2026\/03\/sabrina_klose_berlin_5.jpg\" ><\/a><a href=\"https:\/\/cdn.schepers-photography.de\/uploads\/2026\/03\/sabrina_klose_berlin_4.jpg\" ><\/a><a href=\"https:\/\/cdn.schepers-photography.de\/uploads\/2026\/03\/sabrina_klose_berlin_1.jpg\" ><\/a><a href=\"https:\/\/cdn.schepers-photography.de\/uploads\/2026\/03\/sabrina_klose_berlin_3.jpg\" ><\/a><a href=\"https:\/\/cdn.schepers-photography.de\/uploads\/2026\/03\/sabrina_klose_berlin_2.jpg\" ><\/a><a href=\"https:\/\/cdn.schepers-photography.de\/uploads\/2026\/03\/sabrina_klose_berlin.jpg\" ><\/a><\/div><div class=\"wp-block-photofolio-gallery-image-container\"><a href=\"https:\/\/cdn.schepers-photography.de\/uploads\/2025\/05\/Projekt__Spargelessen_2025_110525_112219_400_2683.jpg\" >\n                            <img decoding=\"async\" width=\"2000\" height=\"1331\" src=\"https:\/\/cdn.schepers-photography.de\/uploads\/2025\/05\/Projekt__Spargelessen_2025_110525_112219_400_2683.jpg\" class=\"wp-block-photofolio-gallery-image\" alt=\"Project Asparagus dinner 2025 110525 112219 400 2683 - Asparagus dinner R\u00f6merberg Dudenhofen of the FDP 2025\" srcset=\"https:\/\/www.schepers-photography.de\/wp-content\/uploads\/2025\/05\/Projekt__Spargelessen_2025_110525_112219_400_2683.jpg 2000w, https:\/\/www.schepers-photography.de\/wp-content\/uploads\/2025\/05\/Projekt__Spargelessen_2025_110525_112219_400_2683-300x200.jpg 300w, https:\/\/www.schepers-photography.de\/wp-content\/uploads\/2025\/05\/Projekt__Spargelessen_2025_110525_112219_400_2683-1024x681.jpg 1024w, https:\/\/www.schepers-photography.de\/wp-content\/uploads\/2025\/05\/Projekt__Spargelessen_2025_110525_112219_400_2683-768x511.jpg 768w, https:\/\/www.schepers-photography.de\/wp-content\/uploads\/2025\/05\/Projekt__Spargelessen_2025_110525_112219_400_2683-60x40.jpg 60w, https:\/\/www.schepers-photography.de\/wp-content\/uploads\/2025\/05\/Projekt__Spargelessen_2025_110525_112219_400_2683-480x319.jpg 480w, https:\/\/www.schepers-photography.de\/wp-content\/uploads\/2025\/05\/Projekt__Spargelessen_2025_110525_112219_400_2683-560x373.jpg 560w, https:\/\/www.schepers-photography.de\/wp-content\/uploads\/2025\/05\/Projekt__Spargelessen_2025_110525_112219_400_2683-1920x1278.jpg 1920w, https:\/\/www.schepers-photography.de\/wp-content\/uploads\/2025\/05\/Projekt__Spargelessen_2025_110525_112219_400_2683-1536x1022.jpg 1536w, https:\/\/www.schepers-photography.de\/wp-content\/uploads\/2025\/05\/Projekt__Spargelessen_2025_110525_112219_400_2683-18x12.jpg 18w\" sizes=\"(max-width: 2000px) 100vw, 2000px\" \/>\n                            <div class=\"wp-block-photofolio-gallery-image-overlay\">\n                                <p class=\"wp-block-photofolio-gallery-image-overlay-title\">R\u00f6merberg asparagus dinner: FDP unites politics &amp; business<\/p>\n                            <\/div>\n                        <\/a><a href=\"https:\/\/cdn.schepers-photography.de\/uploads\/2025\/05\/Projekt__Spargelessen_2025_110525_133508_820_8520.jpg\" ><\/a><a href=\"https:\/\/cdn.schepers-photography.de\/uploads\/2025\/05\/TopBanner.jpg\" ><\/a><a href=\"https:\/\/cdn.schepers-photography.de\/uploads\/2025\/05\/Projekt__Spargelessen_2025_110525_111805_280_6889.jpg\" ><\/a><a href=\"https:\/\/cdn.schepers-photography.de\/uploads\/2025\/05\/Projekt__Spargelessen_2025_110525_111837_290_6897.jpg\" ><\/a><a href=\"https:\/\/cdn.schepers-photography.de\/uploads\/2025\/05\/Projekt__Spargelessen_2025_110525_111839_780_6903.jpg\" ><\/a><a href=\"https:\/\/cdn.schepers-photography.de\/uploads\/2025\/05\/Projekt__Spargelessen_2025_110525_111843_300_6914.jpg\" ><\/a><a href=\"https:\/\/cdn.schepers-photography.de\/uploads\/2025\/05\/Projekt__Spargelessen_2025_110525_111845_040_6921.jpg\" ><\/a><a href=\"https:\/\/cdn.schepers-photography.de\/uploads\/2025\/05\/Projekt__Spargelessen_2025_110525_111859_750_6934.jpg\" ><\/a><a href=\"https:\/\/cdn.schepers-photography.de\/uploads\/2025\/05\/Projekt__Spargelessen_2025_110525_111900_530_6942.jpg\" ><\/a><a href=\"https:\/\/cdn.schepers-photography.de\/uploads\/2025\/05\/Projekt__Spargelessen_2025_110525_111903_390_6950.jpg\" ><\/a><a href=\"https:\/\/cdn.schepers-photography.de\/uploads\/2025\/05\/Projekt__Spargelessen_2025_110525_111904_960_6957.jpg\" ><\/a><a href=\"https:\/\/cdn.schepers-photography.de\/uploads\/2025\/05\/Projekt__Spargelessen_2025_110525_111920_970_6980.jpg\" ><\/a><a href=\"https:\/\/cdn.schepers-photography.de\/uploads\/2025\/05\/Projekt__Spargelessen_2025_110525_111922_340_6986.jpg\" ><\/a><a href=\"https:\/\/cdn.schepers-photography.de\/uploads\/2025\/05\/Projekt__Spargelessen_2025_110525_111924_330_6996.jpg\" ><\/a><a href=\"https:\/\/cdn.schepers-photography.de\/uploads\/2025\/05\/Projekt__Spargelessen_2025_110525_111926_170_7002.jpg\" ><\/a><a href=\"https:\/\/cdn.schepers-photography.de\/uploads\/2025\/05\/Projekt__Spargelessen_2025_110525_111946_880_7019.jpg\" ><\/a><a href=\"https:\/\/cdn.schepers-photography.de\/uploads\/2025\/05\/Projekt__Spargelessen_2025_110525_111958_730_7034.jpg\" ><\/a><a href=\"https:\/\/cdn.schepers-photography.de\/uploads\/2025\/05\/Projekt__Spargelessen_2025_110525_112002_580_7040.jpg\" ><\/a><a href=\"https:\/\/cdn.schepers-photography.de\/uploads\/2025\/05\/Projekt__Spargelessen_2025_110525_112038_480_7070.jpg\" ><\/a><a href=\"https:\/\/cdn.schepers-photography.de\/uploads\/2025\/05\/Projekt__Spargelessen_2025_110525_112048_060_7099.jpg\" ><\/a><a href=\"https:\/\/cdn.schepers-photography.de\/uploads\/2025\/05\/Projekt__Spargelessen_2025_110525_112051_060_7112.jpg\" ><\/a><a href=\"https:\/\/cdn.schepers-photography.de\/uploads\/2025\/05\/Projekt__Spargelessen_2025_110525_112100_210_7122.jpg\" ><\/a><a href=\"https:\/\/cdn.schepers-photography.de\/uploads\/2025\/05\/Projekt__Spargelessen_2025_110525_112112_430_7132.jpg\" ><\/a><a href=\"https:\/\/cdn.schepers-photography.de\/uploads\/2025\/05\/Projekt__Spargelessen_2025_110525_112119_080_7138.jpg\" ><\/a><a href=\"https:\/\/cdn.schepers-photography.de\/uploads\/2025\/05\/Projekt__Spargelessen_2025_110525_112136_960_2671.jpg\" ><\/a><a href=\"https:\/\/cdn.schepers-photography.de\/uploads\/2025\/05\/Projekt__Spargelessen_2025_110525_112145_130_2676.jpg\" ><\/a><a href=\"https:\/\/cdn.schepers-photography.de\/uploads\/2025\/05\/Projekt__Spargelessen_2025_110525_112152_090_7180.jpg\" ><\/a><a href=\"https:\/\/cdn.schepers-photography.de\/uploads\/2025\/05\/Projekt__Spargelessen_2025_110525_112219_400_2683.jpg\" ><\/a><a href=\"https:\/\/cdn.schepers-photography.de\/uploads\/2025\/05\/Projekt__Spargelessen_2025_110525_112348_320_7187.jpg\" ><\/a><a href=\"https:\/\/cdn.schepers-photography.de\/uploads\/2025\/05\/Projekt__Spargelessen_2025_110525_112350_030_7196.jpg\" ><\/a><a href=\"https:\/\/cdn.schepers-photography.de\/uploads\/2025\/05\/Projekt__Spargelessen_2025_110525_112357_290_7207.jpg\" ><\/a><a href=\"https:\/\/cdn.schepers-photography.de\/uploads\/2025\/05\/Projekt__Spargelessen_2025_110525_112358_210_7214.jpg\" ><\/a><a href=\"https:\/\/cdn.schepers-photography.de\/uploads\/2025\/05\/Projekt__Spargelessen_2025_110525_112416_000_7221.jpg\" ><\/a><a href=\"https:\/\/cdn.schepers-photography.de\/uploads\/2025\/05\/Projekt__Spargelessen_2025_110525_112418_730_7227.jpg\" ><\/a><a href=\"https:\/\/cdn.schepers-photography.de\/uploads\/2025\/05\/Projekt__Spargelessen_2025_110525_112422_400_7241.jpg\" ><\/a><a href=\"https:\/\/cdn.schepers-photography.de\/uploads\/2025\/05\/Projekt__Spargelessen_2025_110525_112434_200_7243.jpg\" ><\/a><a href=\"https:\/\/cdn.schepers-photography.de\/uploads\/2025\/05\/Projekt__Spargelessen_2025_110525_112448_220_7251.jpg\" ><\/a><a href=\"https:\/\/cdn.schepers-photography.de\/uploads\/2025\/05\/Projekt__Spargelessen_2025_110525_112450_250_7259.jpg\" ><\/a><a href=\"https:\/\/cdn.schepers-photography.de\/uploads\/2025\/05\/Projekt__Spargelessen_2025_110525_112501_930_7277.jpg\" ><\/a><a href=\"https:\/\/cdn.schepers-photography.de\/uploads\/2025\/05\/Projekt__Spargelessen_2025_110525_112504_030_7281.jpg\" ><\/a><a href=\"https:\/\/cdn.schepers-photography.de\/uploads\/2025\/05\/Projekt__Spargelessen_2025_110525_112505_210_7286.jpg\" ><\/a><a href=\"https:\/\/cdn.schepers-photography.de\/uploads\/2025\/05\/Projekt__Spargelessen_2025_110525_112513_800_2687.jpg\" ><\/a><a href=\"https:\/\/cdn.schepers-photography.de\/uploads\/2025\/05\/Projekt__Spargelessen_2025_110525_112516_170_7291.jpg\" ><\/a><a href=\"https:\/\/cdn.schepers-photography.de\/uploads\/2025\/05\/Projekt__Spargelessen_2025_110525_112520_830_2689.jpg\" ><\/a><a href=\"https:\/\/cdn.schepers-photography.de\/uploads\/2025\/05\/Projekt__Spargelessen_2025_110525_112536_050_2693.jpg\" ><\/a><a href=\"https:\/\/cdn.schepers-photography.de\/uploads\/2025\/05\/Projekt__Spargelessen_2025_110525_112654_970_2710.jpg\" ><\/a><a href=\"https:\/\/cdn.schepers-photography.de\/uploads\/2025\/05\/Projekt__Spargelessen_2025_110525_112800_930_2723.jpg\" ><\/a><a href=\"https:\/\/cdn.schepers-photography.de\/uploads\/2025\/05\/Projekt__Spargelessen_2025_110525_112856_960_2733.jpg\" ><\/a><a href=\"https:\/\/cdn.schepers-photography.de\/uploads\/2025\/05\/Projekt__Spargelessen_2025_110525_113014_130_7299.jpg\" ><\/a><a href=\"https:\/\/cdn.schepers-photography.de\/uploads\/2025\/05\/Projekt__Spargelessen_2025_110525_113016_550_7303.jpg\" ><\/a><a href=\"https:\/\/cdn.schepers-photography.de\/uploads\/2025\/05\/Projekt__Spargelessen_2025_110525_113019_370_7307.jpg\" ><\/a><a href=\"https:\/\/cdn.schepers-photography.de\/uploads\/2025\/05\/Projekt__Spargelessen_2025_110525_113022_870_7316.jpg\" ><\/a><a href=\"https:\/\/cdn.schepers-photography.de\/uploads\/2025\/05\/Projekt__Spargelessen_2025_110525_113023_790_7320.jpg\" ><\/a><a href=\"https:\/\/cdn.schepers-photography.de\/uploads\/2025\/05\/Projekt__Spargelessen_2025_110525_113026_500_7330.jpg\" ><\/a><a href=\"https:\/\/cdn.schepers-photography.de\/uploads\/2025\/05\/Projekt__Spargelessen_2025_110525_113034_250_7348.jpg\" ><\/a><a href=\"https:\/\/cdn.schepers-photography.de\/uploads\/2025\/05\/Projekt__Spargelessen_2025_110525_113140_220_7353.jpg\" ><\/a><a href=\"https:\/\/cdn.schepers-photography.de\/uploads\/2025\/05\/Projekt__Spargelessen_2025_110525_113143_990_7358.jpg\" ><\/a><a href=\"https:\/\/cdn.schepers-photography.de\/uploads\/2025\/05\/Projekt__Spargelessen_2025_110525_113217_550_7370.jpg\" ><\/a><a href=\"https:\/\/cdn.schepers-photography.de\/uploads\/2025\/05\/Projekt__Spargelessen_2025_110525_113222_280_7379.jpg\" ><\/a><a href=\"https:\/\/cdn.schepers-photography.de\/uploads\/2025\/05\/Projekt__Spargelessen_2025_110525_113324_990_7387.jpg\" ><\/a><a href=\"https:\/\/cdn.schepers-photography.de\/uploads\/2025\/05\/Projekt__Spargelessen_2025_110525_113338_050_7396.jpg\" ><\/a><a href=\"https:\/\/cdn.schepers-photography.de\/uploads\/2025\/05\/Projekt__Spargelessen_2025_110525_113338_800_7398.jpg\" ><\/a><a href=\"https:\/\/cdn.schepers-photography.de\/uploads\/2025\/05\/Projekt__Spargelessen_2025_110525_113456_660_7422.jpg\" ><\/a><a href=\"https:\/\/cdn.schepers-photography.de\/uploads\/2025\/05\/Projekt__Spargelessen_2025_110525_113506_260_7430.jpg\" ><\/a><a href=\"https:\/\/cdn.schepers-photography.de\/uploads\/2025\/05\/Projekt__Spargelessen_2025_110525_113527_130_7441.jpg\" ><\/a><a href=\"https:\/\/cdn.schepers-photography.de\/uploads\/2025\/05\/Projekt__Spargelessen_2025_110525_113530_660_7450.jpg\" ><\/a><a href=\"https:\/\/cdn.schepers-photography.de\/uploads\/2025\/05\/Projekt__Spargelessen_2025_110525_113547_660_7460.jpg\" ><\/a><a href=\"https:\/\/cdn.schepers-photography.de\/uploads\/2025\/05\/Projekt__Spargelessen_2025_110525_113550_100_7467.jpg\" ><\/a><a href=\"https:\/\/cdn.schepers-photography.de\/uploads\/2025\/05\/Projekt__Spargelessen_2025_110525_113653_330_7479.jpg\" ><\/a><a href=\"https:\/\/cdn.schepers-photography.de\/uploads\/2025\/05\/Projekt__Spargelessen_2025_110525_113654_950_7483.jpg\" ><\/a><a href=\"https:\/\/cdn.schepers-photography.de\/uploads\/2025\/05\/Projekt__Spargelessen_2025_110525_113757_730_7491.jpg\" ><\/a><a href=\"https:\/\/cdn.schepers-photography.de\/uploads\/2025\/05\/Projekt__Spargelessen_2025_110525_113805_660_7503.jpg\" ><\/a><a href=\"https:\/\/cdn.schepers-photography.de\/uploads\/2025\/05\/Projekt__Spargelessen_2025_110525_113806_180_7510.jpg\" ><\/a><a href=\"https:\/\/cdn.schepers-photography.de\/uploads\/2025\/05\/Projekt__Spargelessen_2025_110525_113955_420_7636.jpg\" ><\/a><a href=\"https:\/\/cdn.schepers-photography.de\/uploads\/2025\/05\/Projekt__Spargelessen_2025_110525_114012_220_7645.jpg\" ><\/a><a href=\"https:\/\/cdn.schepers-photography.de\/uploads\/2025\/05\/Projekt__Spargelessen_2025_110525_114016_810_7653.jpg\" ><\/a><a href=\"https:\/\/cdn.schepers-photography.de\/uploads\/2025\/05\/Projekt__Spargelessen_2025_110525_114244_100_2738.jpg\" ><\/a><a href=\"https:\/\/cdn.schepers-photography.de\/uploads\/2025\/05\/Projekt__Spargelessen_2025_110525_114344_950_2754.jpg\" ><\/a><a href=\"https:\/\/cdn.schepers-photography.de\/uploads\/2025\/05\/Projekt__Spargelessen_2025_110525_114419_360_2761.jpg\" ><\/a><a href=\"https:\/\/cdn.schepers-photography.de\/uploads\/2025\/05\/Projekt__Spargelessen_2025_110525_114710_010_2767.jpg\" ><\/a><a href=\"https:\/\/cdn.schepers-photography.de\/uploads\/2025\/05\/Projekt__Spargelessen_2025_110525_114831_560_7695.jpg\" ><\/a><a href=\"https:\/\/cdn.schepers-photography.de\/uploads\/2025\/05\/Projekt__Spargelessen_2025_110525_114851_980_7707.jpg\" ><\/a><a href=\"https:\/\/cdn.schepers-photography.de\/uploads\/2025\/05\/Projekt__Spargelessen_2025_110525_114904_100_7718.jpg\" ><\/a><a href=\"https:\/\/cdn.schepers-photography.de\/uploads\/2025\/05\/Projekt__Spargelessen_2025_110525_114905_830_7722.jpg\" ><\/a><a href=\"https:\/\/cdn.schepers-photography.de\/uploads\/2025\/05\/Projekt__Spargelessen_2025_110525_115011_210_7748.jpg\" ><\/a><a href=\"https:\/\/cdn.schepers-photography.de\/uploads\/2025\/05\/Projekt__Spargelessen_2025_110525_115132_910_7820.jpg\" ><\/a><a href=\"https:\/\/cdn.schepers-photography.de\/uploads\/2025\/05\/Projekt__Spargelessen_2025_110525_115144_400_7826.jpg\" ><\/a><a href=\"https:\/\/cdn.schepers-photography.de\/uploads\/2025\/05\/Projekt__Spargelessen_2025_110525_115159_470_7838.jpg\" ><\/a><a href=\"https:\/\/cdn.schepers-photography.de\/uploads\/2025\/05\/Projekt__Spargelessen_2025_110525_115211_630_7853.jpg\" ><\/a><a href=\"https:\/\/cdn.schepers-photography.de\/uploads\/2025\/05\/Projekt__Spargelessen_2025_110525_115232_170_7859.jpg\" ><\/a><a href=\"https:\/\/cdn.schepers-photography.de\/uploads\/2025\/05\/Projekt__Spargelessen_2025_110525_120511_030_7882.jpg\" ><\/a><a href=\"https:\/\/cdn.schepers-photography.de\/uploads\/2025\/05\/Projekt__Spargelessen_2025_110525_120517_010_7888.jpg\" ><\/a><a href=\"https:\/\/cdn.schepers-photography.de\/uploads\/2025\/05\/Projekt__Spargelessen_2025_110525_120517_540_7893.jpg\" ><\/a><a href=\"https:\/\/cdn.schepers-photography.de\/uploads\/2025\/05\/Projekt__Spargelessen_2025_110525_120520_130_7904.jpg\" ><\/a><a href=\"https:\/\/cdn.schepers-photography.de\/uploads\/2025\/05\/Projekt__Spargelessen_2025_110525_120520_210_7905.jpg\" ><\/a><a href=\"https:\/\/cdn.schepers-photography.de\/uploads\/2025\/05\/Projekt__Spargelessen_2025_110525_120548_470_7922.jpg\" ><\/a><a href=\"https:\/\/cdn.schepers-photography.de\/uploads\/2025\/05\/Projekt__Spargelessen_2025_110525_120608_960_7939.jpg\" ><\/a><a href=\"https:\/\/cdn.schepers-photography.de\/uploads\/2025\/05\/Projekt__Spargelessen_2025_110525_120646_990_7973.jpg\" ><\/a><a href=\"https:\/\/cdn.schepers-photography.de\/uploads\/2025\/05\/Projekt__Spargelessen_2025_110525_120726_810_7994.jpg\" ><\/a><a href=\"https:\/\/cdn.schepers-photography.de\/uploads\/2025\/05\/Projekt__Spargelessen_2025_110525_120754_600_8017.jpg\" ><\/a><a href=\"https:\/\/cdn.schepers-photography.de\/uploads\/2025\/05\/Projekt__Spargelessen_2025_110525_120825_080_8063.jpg\" ><\/a><a href=\"https:\/\/cdn.schepers-photography.de\/uploads\/2025\/05\/Projekt__Spargelessen_2025_110525_120840_980_8071.jpg\" ><\/a><a href=\"https:\/\/cdn.schepers-photography.de\/uploads\/2025\/05\/Projekt__Spargelessen_2025_110525_120939_510_8097.jpg\" ><\/a><a href=\"https:\/\/cdn.schepers-photography.de\/uploads\/2025\/05\/Projekt__Spargelessen_2025_110525_121005_550_8113.jpg\" ><\/a><a href=\"https:\/\/cdn.schepers-photography.de\/uploads\/2025\/05\/Projekt__Spargelessen_2025_110525_121019_710_8123.jpg\" ><\/a><a href=\"https:\/\/cdn.schepers-photography.de\/uploads\/2025\/05\/Projekt__Spargelessen_2025_110525_121034_390_8134.jpg\" ><\/a><a href=\"https:\/\/cdn.schepers-photography.de\/uploads\/2025\/05\/Projekt__Spargelessen_2025_110525_121105_790_8148.jpg\" ><\/a><a href=\"https:\/\/cdn.schepers-photography.de\/uploads\/2025\/05\/Projekt__Spargelessen_2025_110525_121113_600_8159.jpg\" ><\/a><a href=\"https:\/\/cdn.schepers-photography.de\/uploads\/2025\/05\/Projekt__Spargelessen_2025_110525_121114_440_8164.jpg\" ><\/a><a href=\"https:\/\/cdn.schepers-photography.de\/uploads\/2025\/05\/Projekt__Spargelessen_2025_110525_121122_230_8171.jpg\" ><\/a><a href=\"https:\/\/cdn.schepers-photography.de\/uploads\/2025\/05\/Projekt__Spargelessen_2025_110525_121202_330_8217.jpg\" ><\/a><a href=\"https:\/\/cdn.schepers-photography.de\/uploads\/2025\/05\/Projekt__Spargelessen_2025_110525_121317_530_8231.jpg\" ><\/a><a href=\"https:\/\/cdn.schepers-photography.de\/uploads\/2025\/05\/Projekt__Spargelessen_2025_110525_121406_890_8245.jpg\" ><\/a><a href=\"https:\/\/cdn.schepers-photography.de\/uploads\/2025\/05\/Projekt__Spargelessen_2025_110525_121413_430_8252.jpg\" ><\/a><a href=\"https:\/\/cdn.schepers-photography.de\/uploads\/2025\/05\/Projekt__Spargelessen_2025_110525_121430_470_8256.jpg\" ><\/a><a href=\"https:\/\/cdn.schepers-photography.de\/uploads\/2025\/05\/Projekt__Spargelessen_2025_110525_121432_750_8263.jpg\" ><\/a><a href=\"https:\/\/cdn.schepers-photography.de\/uploads\/2025\/05\/Projekt__Spargelessen_2025_110525_121434_580_8274.jpg\" ><\/a><a href=\"https:\/\/cdn.schepers-photography.de\/uploads\/2025\/05\/Projekt__Spargelessen_2025_110525_121558_250_8275.jpg\" ><\/a><a href=\"https:\/\/cdn.schepers-photography.de\/uploads\/2025\/05\/Projekt__Spargelessen_2025_110525_121600_670_8285.jpg\" ><\/a><a href=\"https:\/\/cdn.schepers-photography.de\/uploads\/2025\/05\/Projekt__Spargelessen_2025_110525_121638_340_8316.jpg\" ><\/a><a href=\"https:\/\/cdn.schepers-photography.de\/uploads\/2025\/05\/Projekt__Spargelessen_2025_110525_121639_330_8321.jpg\" ><\/a><a href=\"https:\/\/cdn.schepers-photography.de\/uploads\/2025\/05\/Projekt__Spargelessen_2025_110525_121652_460_8341.jpg\" ><\/a><a href=\"https:\/\/cdn.schepers-photography.de\/uploads\/2025\/05\/Projekt__Spargelessen_2025_110525_121717_050_8373.jpg\" ><\/a><a href=\"https:\/\/cdn.schepers-photography.de\/uploads\/2025\/05\/Projekt__Spargelessen_2025_110525_121717_750_8380.jpg\" ><\/a><a href=\"https:\/\/cdn.schepers-photography.de\/uploads\/2025\/05\/Projekt__Spargelessen_2025_110525_121809_680_8401.jpg\" ><\/a><a href=\"https:\/\/cdn.schepers-photography.de\/uploads\/2025\/05\/Projekt__Spargelessen_2025_110525_121835_100_8423.jpg\" ><\/a><a href=\"https:\/\/cdn.schepers-photography.de\/uploads\/2025\/05\/Projekt__Spargelessen_2025_110525_121835_110_2781.jpg\" ><\/a><a href=\"https:\/\/cdn.schepers-photography.de\/uploads\/2025\/05\/Projekt__Spargelessen_2025_110525_121835_230_8425.jpg\" ><\/a><a href=\"https:\/\/cdn.schepers-photography.de\/uploads\/2025\/05\/Projekt__Spargelessen_2025_110525_121848_280_2786.jpg\" ><\/a><a href=\"https:\/\/cdn.schepers-photography.de\/uploads\/2025\/05\/Projekt__Spargelessen_2025_110525_121903_180_8430.jpg\" ><\/a><a href=\"https:\/\/cdn.schepers-photography.de\/uploads\/2025\/05\/Projekt__Spargelessen_2025_110525_121912_830_2790.jpg\" ><\/a><a href=\"https:\/\/cdn.schepers-photography.de\/uploads\/2025\/05\/Projekt__Spargelessen_2025_110525_124252_940_2795.jpg\" ><\/a><a href=\"https:\/\/cdn.schepers-photography.de\/uploads\/2025\/05\/Projekt__Spargelessen_2025_110525_124259_110_2799.jpg\" ><\/a><a href=\"https:\/\/cdn.schepers-photography.de\/uploads\/2025\/05\/Projekt__Spargelessen_2025_110525_124313_490_2804.jpg\" ><\/a><a href=\"https:\/\/cdn.schepers-photography.de\/uploads\/2025\/05\/Projekt__Spargelessen_2025_110525_124329_940_2811.jpg\" ><\/a><a href=\"https:\/\/cdn.schepers-photography.de\/uploads\/2025\/05\/Projekt__Spargelessen_2025_110525_124345_020_2817.jpg\" ><\/a><a href=\"https:\/\/cdn.schepers-photography.de\/uploads\/2025\/05\/Projekt__Spargelessen_2025_110525_125049_100_2828.jpg\" ><\/a><a href=\"https:\/\/cdn.schepers-photography.de\/uploads\/2025\/05\/Projekt__Spargelessen_2025_110525_132726_340_8439.jpg\" ><\/a><a href=\"https:\/\/cdn.schepers-photography.de\/uploads\/2025\/05\/Projekt__Spargelessen_2025_110525_132731_290_8446.jpg\" ><\/a><a href=\"https:\/\/cdn.schepers-photography.de\/uploads\/2025\/05\/Projekt__Spargelessen_2025_110525_132733_670_8448.jpg\" ><\/a><a href=\"https:\/\/cdn.schepers-photography.de\/uploads\/2025\/05\/Projekt__Spargelessen_2025_110525_132806_700_8457.jpg\" ><\/a><a href=\"https:\/\/cdn.schepers-photography.de\/uploads\/2025\/05\/Projekt__Spargelessen_2025_110525_132814_140_8469.jpg\" ><\/a><a href=\"https:\/\/cdn.schepers-photography.de\/uploads\/2025\/05\/Projekt__Spargelessen_2025_110525_133507_910_8518.jpg\" ><\/a><\/div><div class=\"wp-block-photofolio-gallery-image-container\"><a href=\"https:\/\/cdn.schepers-photography.de\/uploads\/2025\/01\/Ministerpraesident_Schweizer_KUeBLER_jan_20_2024_-1596_KLEIN.jpg\" >\n                            <img decoding=\"async\" width=\"2400\" height=\"1600\" src=\"https:\/\/cdn.schepers-photography.de\/uploads\/2025\/01\/Ministerpraesident_Schweizer_KUeBLER_jan_20_2024_-1596_KLEIN.jpg\" class=\"wp-block-photofolio-gallery-image\" alt=\"People discussing in a workshop.\" srcset=\"https:\/\/www.schepers-photography.de\/wp-content\/uploads\/2025\/01\/Ministerpraesident_Schweizer_KUeBLER_jan_20_2024_-1596_KLEIN.jpg 2400w, https:\/\/www.schepers-photography.de\/wp-content\/uploads\/2025\/01\/Ministerpraesident_Schweizer_KUeBLER_jan_20_2024_-1596_KLEIN-300x200.jpg 300w, https:\/\/www.schepers-photography.de\/wp-content\/uploads\/2025\/01\/Ministerpraesident_Schweizer_KUeBLER_jan_20_2024_-1596_KLEIN-1024x683.jpg 1024w, https:\/\/www.schepers-photography.de\/wp-content\/uploads\/2025\/01\/Ministerpraesident_Schweizer_KUeBLER_jan_20_2024_-1596_KLEIN-768x512.jpg 768w, https:\/\/www.schepers-photography.de\/wp-content\/uploads\/2025\/01\/Ministerpraesident_Schweizer_KUeBLER_jan_20_2024_-1596_KLEIN-60x40.jpg 60w, https:\/\/www.schepers-photography.de\/wp-content\/uploads\/2025\/01\/Ministerpraesident_Schweizer_KUeBLER_jan_20_2024_-1596_KLEIN-480x320.jpg 480w, https:\/\/www.schepers-photography.de\/wp-content\/uploads\/2025\/01\/Ministerpraesident_Schweizer_KUeBLER_jan_20_2024_-1596_KLEIN-560x373.jpg 560w, https:\/\/www.schepers-photography.de\/wp-content\/uploads\/2025\/01\/Ministerpraesident_Schweizer_KUeBLER_jan_20_2024_-1596_KLEIN-1920x1280.jpg 1920w, https:\/\/www.schepers-photography.de\/wp-content\/uploads\/2025\/01\/Ministerpraesident_Schweizer_KUeBLER_jan_20_2024_-1596_KLEIN-1536x1024.jpg 1536w, https:\/\/www.schepers-photography.de\/wp-content\/uploads\/2025\/01\/Ministerpraesident_Schweizer_KUeBLER_jan_20_2024_-1596_KLEIN-2048x1365.jpg 2048w, https:\/\/www.schepers-photography.de\/wp-content\/uploads\/2025\/01\/Ministerpraesident_Schweizer_KUeBLER_jan_20_2024_-1596_KLEIN-18x12.jpg 18w\" sizes=\"(max-width: 2400px) 100vw, 2400px\" \/>\n                            <div class=\"wp-block-photofolio-gallery-image-overlay\">\n                                <p class=\"wp-block-photofolio-gallery-image-overlay-title\">Prime Minister at K\u00dcBLER | Ludwigshafen<\/p>\n                            <\/div>\n                        <\/a><a href=\"https:\/\/cdn.schepers-photography.de\/uploads\/2025\/01\/Ministerpraesident_Schweizer_KUeBLER_jan_20_2024_-283_KLEIN.jpg\" ><\/a><a href=\"https:\/\/cdn.schepers-photography.de\/uploads\/2025\/01\/Ministerpraesident_Schweizer_KUeBLER_jan_20_2024_-293_KLEIN.jpg\" ><\/a><a href=\"https:\/\/cdn.schepers-photography.de\/uploads\/2025\/01\/Ministerpraesident_Schweizer_KUeBLER_jan_20_2024_-344_KLEIN.jpg\" ><\/a><a href=\"https:\/\/cdn.schepers-photography.de\/uploads\/2025\/01\/Ministerpraesident_Schweizer_KUeBLER_jan_20_2024_-455_KLEIN.jpg\" ><\/a><a href=\"https:\/\/cdn.schepers-photography.de\/uploads\/2025\/01\/Ministerpraesident_Schweizer_KUeBLER_jan_20_2024_-517_KLEIN.jpg\" ><\/a><a href=\"https:\/\/cdn.schepers-photography.de\/uploads\/2025\/01\/Ministerpraesident_Schweizer_KUeBLER_jan_20_2024_-542_KLEIN.jpg\" ><\/a><a href=\"https:\/\/cdn.schepers-photography.de\/uploads\/2025\/01\/Ministerpraesident_Schweizer_KUeBLER_jan_20_2024_-638_KLEIN.jpg\" ><\/a><a href=\"https:\/\/cdn.schepers-photography.de\/uploads\/2025\/01\/Ministerpraesident_Schweizer_KUeBLER_jan_20_2024_-741_KLEIN.jpg\" ><\/a><a href=\"https:\/\/cdn.schepers-photography.de\/uploads\/2025\/01\/Ministerpraesident_Schweizer_KUeBLER_jan_20_2024_-775_KLEIN.jpg\" ><\/a><a href=\"https:\/\/cdn.schepers-photography.de\/uploads\/2025\/01\/Ministerpraesident_Schweizer_KUeBLER_jan_20_2024_-845_KLEIN.jpg\" ><\/a><a href=\"https:\/\/cdn.schepers-photography.de\/uploads\/2025\/01\/Ministerpraesident_Schweizer_KUeBLER_jan_20_2024_-873_KLEIN.jpg\" ><\/a><a href=\"https:\/\/cdn.schepers-photography.de\/uploads\/2025\/01\/Ministerpraesident_Schweizer_KUeBLER_jan_20_2024_-900_KLEIN.jpg\" ><\/a><a href=\"https:\/\/cdn.schepers-photography.de\/uploads\/2025\/01\/Ministerpraesident_Schweizer_KUeBLER_jan_20_2024_-917_KLEIN.jpg\" ><\/a><a href=\"https:\/\/cdn.schepers-photography.de\/uploads\/2025\/01\/Ministerpraesident_Schweizer_KUeBLER_jan_20_2024_-1044_KLEIN.jpg\" ><\/a><a href=\"https:\/\/cdn.schepers-photography.de\/uploads\/2025\/01\/Ministerpraesident_Schweizer_KUeBLER_jan_20_2024_-1063_KLEIN.jpg\" ><\/a><a href=\"https:\/\/cdn.schepers-photography.de\/uploads\/2025\/01\/Ministerpraesident_Schweizer_KUeBLER_jan_20_2024_-1116_KLEIN.jpg\" ><\/a><a href=\"https:\/\/cdn.schepers-photography.de\/uploads\/2025\/01\/Ministerpraesident_Schweizer_KUeBLER_jan_20_2024_-1258_KLEIN.jpg\" ><\/a><a href=\"https:\/\/cdn.schepers-photography.de\/uploads\/2025\/01\/Ministerpraesident_Schweizer_KUeBLER_jan_20_2024_-1328_KLEIN.jpg\" ><\/a><a href=\"https:\/\/cdn.schepers-photography.de\/uploads\/2025\/01\/Ministerpraesident_Schweizer_KUeBLER_jan_20_2024_-1350_KLEIN.jpg\" ><\/a><a href=\"https:\/\/cdn.schepers-photography.de\/uploads\/2025\/01\/Ministerpraesident_Schweizer_KUeBLER_jan_20_2024_-1376_KLEIN.jpg\" ><\/a><a href=\"https:\/\/cdn.schepers-photography.de\/uploads\/2025\/01\/Ministerpraesident_Schweizer_KUeBLER_jan_20_2024_-1383_KLEIN.jpg\" ><\/a><a href=\"https:\/\/cdn.schepers-photography.de\/uploads\/2025\/01\/Ministerpraesident_Schweizer_KUeBLER_jan_20_2024_-1402_KLEIN.jpg\" ><\/a><a href=\"https:\/\/cdn.schepers-photography.de\/uploads\/2025\/01\/Ministerpraesident_Schweizer_KUeBLER_jan_20_2024_-1724_KLEIN.jpg\" ><\/a><a href=\"https:\/\/cdn.schepers-photography.de\/uploads\/2025\/01\/Ministerpraesident_Schweizer_KUeBLER_jan_20_2024_-1421_KLEIN.jpg\" ><\/a><a href=\"https:\/\/cdn.schepers-photography.de\/uploads\/2025\/01\/Ministerpraesident_Schweizer_KUeBLER_jan_20_2024_-1593_KLEIN.jpg\" ><\/a><a href=\"https:\/\/cdn.schepers-photography.de\/uploads\/2025\/01\/Ministerpraesident_Schweizer_KUeBLER_jan_20_2024_-1471_KLEIN.jpg\" ><\/a><a href=\"https:\/\/cdn.schepers-photography.de\/uploads\/2025\/01\/Ministerpraesident_Schweizer_KUeBLER_jan_20_2024_-1502_KLEIN.jpg\" ><\/a><a href=\"https:\/\/cdn.schepers-photography.de\/uploads\/2025\/01\/Ministerpraesident_Schweizer_KUeBLER_jan_20_2024_-1599_KLEIN.jpg\" ><\/a><a href=\"https:\/\/cdn.schepers-photography.de\/uploads\/2025\/01\/Ministerpraesident_Schweizer_KUeBLER_jan_20_2024_-1644_KLEIN.jpg\" ><\/a><a href=\"https:\/\/cdn.schepers-photography.de\/uploads\/2025\/01\/Ministerpraesident_Schweizer_KUeBLER_jan_20_2024_-1684_KLEIN.jpg\" ><\/a><\/div><div class=\"wp-block-photofolio-gallery-image-container\"><a href=\"https:\/\/cdn.schepers-photography.de\/uploads\/2025\/01\/Ralf_Marohn_089-Kopie_klein.jpg\" >\n                            <img decoding=\"async\" width=\"1600\" height=\"2400\" src=\"https:\/\/cdn.schepers-photography.de\/uploads\/2025\/01\/Ralf_Marohn_089-Kopie_klein.jpg\" class=\"wp-block-photofolio-gallery-image\" alt=\"Man in a suit smiling outside\" srcset=\"https:\/\/www.schepers-photography.de\/wp-content\/uploads\/2025\/01\/Ralf_Marohn_089-Kopie_klein.jpg 1600w, https:\/\/www.schepers-photography.de\/wp-content\/uploads\/2025\/01\/Ralf_Marohn_089-Kopie_klein-200x300.jpg 200w, https:\/\/www.schepers-photography.de\/wp-content\/uploads\/2025\/01\/Ralf_Marohn_089-Kopie_klein-683x1024.jpg 683w, https:\/\/www.schepers-photography.de\/wp-content\/uploads\/2025\/01\/Ralf_Marohn_089-Kopie_klein-768x1152.jpg 768w, https:\/\/www.schepers-photography.de\/wp-content\/uploads\/2025\/01\/Ralf_Marohn_089-Kopie_klein-60x90.jpg 60w, https:\/\/www.schepers-photography.de\/wp-content\/uploads\/2025\/01\/Ralf_Marohn_089-Kopie_klein-480x720.jpg 480w, https:\/\/www.schepers-photography.de\/wp-content\/uploads\/2025\/01\/Ralf_Marohn_089-Kopie_klein-560x840.jpg 560w, https:\/\/www.schepers-photography.de\/wp-content\/uploads\/2025\/01\/Ralf_Marohn_089-Kopie_klein-1024x1536.jpg 1024w, https:\/\/www.schepers-photography.de\/wp-content\/uploads\/2025\/01\/Ralf_Marohn_089-Kopie_klein-1365x2048.jpg 1365w, https:\/\/www.schepers-photography.de\/wp-content\/uploads\/2025\/01\/Ralf_Marohn_089-Kopie_klein-8x12.jpg 8w\" sizes=\"(max-width: 1600px) 100vw, 1600px\" \/>\n                            <div class=\"wp-block-photofolio-gallery-image-overlay\">\n                                <p class=\"wp-block-photofolio-gallery-image-overlay-title\">Ralf Marohn - Candidate for District Administrator Rhein-Pfalz-Kreis | Photographer Michael Schepers<\/p>\n                            <\/div>\n                        <\/a><a href=\"https:\/\/cdn.schepers-photography.de\/uploads\/2025\/01\/Ralf_Marohn_096_klein.jpg\" ><\/a><a href=\"https:\/\/cdn.schepers-photography.de\/uploads\/2025\/01\/Ralf_Marohn_005_klein.jpg\" ><\/a><a href=\"https:\/\/cdn.schepers-photography.de\/uploads\/2025\/01\/Ralf_Marohn_011_klein.jpg\" ><\/a><a href=\"https:\/\/cdn.schepers-photography.de\/uploads\/2025\/01\/Ralf_Marohn_015_klein.jpg\" ><\/a><a href=\"https:\/\/cdn.schepers-photography.de\/uploads\/2025\/01\/Ralf_Marohn_019_klein.jpg\" ><\/a><a href=\"https:\/\/cdn.schepers-photography.de\/uploads\/2025\/01\/Ralf_Marohn_023_klein.jpg\" ><\/a><a href=\"https:\/\/cdn.schepers-photography.de\/uploads\/2025\/01\/Ralf_Marohn_024_klein.jpg\" ><\/a><a href=\"https:\/\/cdn.schepers-photography.de\/uploads\/2025\/01\/Ralf_Marohn_013_klein.jpg\" ><\/a><a href=\"https:\/\/cdn.schepers-photography.de\/uploads\/2025\/01\/Ralf_Marohn_026_klein.jpg\" ><\/a><a href=\"https:\/\/cdn.schepers-photography.de\/uploads\/2025\/01\/Ralf_Marohn_041_klein.jpg\" ><\/a><a href=\"https:\/\/cdn.schepers-photography.de\/uploads\/2025\/01\/Ralf_Marohn_055_klein.jpg\" ><\/a><a href=\"https:\/\/cdn.schepers-photography.de\/uploads\/2025\/01\/Ralf_Marohn_063_klein.jpg\" ><\/a><a href=\"https:\/\/cdn.schepers-photography.de\/uploads\/2025\/01\/Ralf_Marohn_072_klein.jpg\" ><\/a><a href=\"https:\/\/cdn.schepers-photography.de\/uploads\/2025\/01\/Ralf_Marohn_078_klein.jpg\" ><\/a><a href=\"https:\/\/cdn.schepers-photography.de\/uploads\/2025\/01\/Ralf_Marohn_082_klein.jpg\" ><\/a><a href=\"https:\/\/cdn.schepers-photography.de\/uploads\/2025\/01\/Ralf_Marohn_087-Kopie_klein.jpg\" ><\/a><a href=\"https:\/\/cdn.schepers-photography.de\/uploads\/2025\/01\/Ralf_Marohn_090_klein.jpg\" ><\/a><a href=\"https:\/\/cdn.schepers-photography.de\/uploads\/2025\/01\/Ralf_Marohn_097_klein.jpg\" ><\/a><a href=\"https:\/\/cdn.schepers-photography.de\/uploads\/2025\/01\/Ralf_Marohn_093_klein.jpg\" ><\/a><\/div><div class=\"wp-block-photofolio-gallery-image-container\"><a href=\"https:\/\/cdn.schepers-photography.de\/uploads\/2024\/12\/bianca_hofmann_nackenheim2024_030-scaled.jpg\" >\n                            <img decoding=\"async\" width=\"2560\" height=\"1706\" src=\"https:\/\/cdn.schepers-photography.de\/uploads\/2024\/12\/bianca_hofmann_nackenheim2024_030-scaled.jpg\" class=\"wp-block-photofolio-gallery-image\" alt=\"Speaker at the FDP lectern at an event\" srcset=\"https:\/\/www.schepers-photography.de\/wp-content\/uploads\/2024\/12\/bianca_hofmann_nackenheim2024_030-scaled.jpg 2560w, https:\/\/www.schepers-photography.de\/wp-content\/uploads\/2024\/12\/bianca_hofmann_nackenheim2024_030-scaled-300x200.jpg 300w, https:\/\/www.schepers-photography.de\/wp-content\/uploads\/2024\/12\/bianca_hofmann_nackenheim2024_030-scaled-1024x682.jpg 1024w, https:\/\/www.schepers-photography.de\/wp-content\/uploads\/2024\/12\/bianca_hofmann_nackenheim2024_030-scaled-768x512.jpg 768w, https:\/\/www.schepers-photography.de\/wp-content\/uploads\/2024\/12\/bianca_hofmann_nackenheim2024_030-scaled-60x40.jpg 60w, https:\/\/www.schepers-photography.de\/wp-content\/uploads\/2024\/12\/bianca_hofmann_nackenheim2024_030-scaled-480x320.jpg 480w, https:\/\/www.schepers-photography.de\/wp-content\/uploads\/2024\/12\/bianca_hofmann_nackenheim2024_030-scaled-560x373.jpg 560w, https:\/\/www.schepers-photography.de\/wp-content\/uploads\/2024\/12\/bianca_hofmann_nackenheim2024_030-scaled-1920x1280.jpg 1920w, https:\/\/www.schepers-photography.de\/wp-content\/uploads\/2024\/12\/bianca_hofmann_nackenheim2024_030-scaled-1536x1024.jpg 1536w, https:\/\/www.schepers-photography.de\/wp-content\/uploads\/2024\/12\/bianca_hofmann_nackenheim2024_030-scaled-2048x1365.jpg 2048w, https:\/\/www.schepers-photography.de\/wp-content\/uploads\/2024\/12\/bianca_hofmann_nackenheim2024_030-scaled-18x12.jpg 18w\" sizes=\"(max-width: 2560px) 100vw, 2560px\" \/>\n                            <div class=\"wp-block-photofolio-gallery-image-overlay\">\n                                <p class=\"wp-block-photofolio-gallery-image-overlay-title\">Bianca Hofmann FDP | 2024<\/p>\n                            <\/div>\n                        <\/a><a href=\"https:\/\/cdn.schepers-photography.de\/uploads\/2024\/12\/bianca_hofmann_nackenheim2024_003-scaled.jpg\" ><\/a><a href=\"https:\/\/cdn.schepers-photography.de\/uploads\/2024\/12\/bianca_hofmann_nackenheim2024_001-scaled.jpg\" ><\/a><a href=\"https:\/\/cdn.schepers-photography.de\/uploads\/2024\/12\/bianca_hofmann_nackenheim2024_004-scaled.jpg\" ><\/a><a href=\"https:\/\/cdn.schepers-photography.de\/uploads\/2024\/12\/bianca_hofmann_nackenheim2024_009-scaled.jpg\" ><\/a><a href=\"https:\/\/cdn.schepers-photography.de\/uploads\/2024\/12\/bianca_hofmann_nackenheim2024_029-scaled.jpg\" ><\/a><a href=\"https:\/\/cdn.schepers-photography.de\/uploads\/2024\/12\/bianca_hofmann_nackenheim2024_024-scaled.jpg\" ><\/a><a href=\"https:\/\/cdn.schepers-photography.de\/uploads\/2024\/12\/bianca_hofmann_nackenheim2024_018-scaled.jpg\" ><\/a><a href=\"https:\/\/cdn.schepers-photography.de\/uploads\/2024\/12\/bianca_hofmann_nackenheim2024_016-scaled.jpg\" ><\/a><a href=\"https:\/\/cdn.schepers-photography.de\/uploads\/2024\/12\/bianca_hofmann_nackenheim2024_015-scaled.jpg\" ><\/a><a href=\"https:\/\/cdn.schepers-photography.de\/uploads\/2024\/12\/bianca_hofmann_nackenheim2024_008-scaled.jpg\" ><\/a><a href=\"https:\/\/cdn.schepers-photography.de\/uploads\/2024\/12\/bianca_hofmann_nackenheim2024_007-scaled.jpg\" ><\/a><a href=\"https:\/\/cdn.schepers-photography.de\/uploads\/2024\/12\/bianca_hofmann_nackenheim2024_005-scaled.jpg\" ><\/a><a href=\"https:\/\/cdn.schepers-photography.de\/uploads\/2024\/12\/bianca_hofmann_nackenheim2024_002-scaled.jpg\" ><\/a><a href=\"https:\/\/cdn.schepers-photography.de\/uploads\/2024\/12\/Biancahofmann-scaled.jpg\" ><\/a><\/div><div class=\"wp-block-photofolio-gallery-image-container\"><a href=\"https:\/\/cdn.schepers-photography.de\/uploads\/2023\/02\/MarioBrandenburg-scaled-1.jpg\" title=\"Mario Brandenburg | Berlin | FDP\"data-lcl-txt=\"Mario Brandenburg ein super freundlicher und \u00fcberzeugter \u201ePf\u00e4lzer\u201c Politiker, der sich f\u00fcr die Zukunft Deutschlands einsetzt. Seine Arbeit als Mitglied der FDP zeigt deutlich, dass er an seinen \u00dcberzeugungen und Zielen festh\u00e4lt und bereit ist, daf\u00fcr zu k\u00e4mpfen. \">\n                            <img decoding=\"async\" width=\"2560\" height=\"2133\" src=\"https:\/\/cdn.schepers-photography.de\/uploads\/2023\/02\/MarioBrandenburg-scaled-1.jpg\" class=\"wp-block-photofolio-gallery-image\" alt=\"Mario Brandenburg is a super friendly and convinced &quot;Palatinate&quot; politician who is committed to the future of Germany. His work as a member of the FDP clearly shows that he sticks to his convictions and goals and is prepared to fight for them.\" srcset=\"https:\/\/www.schepers-photography.de\/wp-content\/uploads\/2023\/02\/MarioBrandenburg-scaled-1.jpg 2560w, https:\/\/www.schepers-photography.de\/wp-content\/uploads\/2023\/02\/MarioBrandenburg-scaled-1-300x250.jpg 300w, https:\/\/www.schepers-photography.de\/wp-content\/uploads\/2023\/02\/MarioBrandenburg-scaled-1-1024x853.jpg 1024w, https:\/\/www.schepers-photography.de\/wp-content\/uploads\/2023\/02\/MarioBrandenburg-scaled-1-768x640.jpg 768w, https:\/\/www.schepers-photography.de\/wp-content\/uploads\/2023\/02\/MarioBrandenburg-scaled-1-60x50.jpg 60w, https:\/\/www.schepers-photography.de\/wp-content\/uploads\/2023\/02\/MarioBrandenburg-scaled-1-480x400.jpg 480w, https:\/\/www.schepers-photography.de\/wp-content\/uploads\/2023\/02\/MarioBrandenburg-scaled-1-560x467.jpg 560w, https:\/\/www.schepers-photography.de\/wp-content\/uploads\/2023\/02\/MarioBrandenburg-scaled-1-1920x1600.jpg 1920w, https:\/\/www.schepers-photography.de\/wp-content\/uploads\/2023\/02\/MarioBrandenburg-scaled-1-1536x1280.jpg 1536w, https:\/\/www.schepers-photography.de\/wp-content\/uploads\/2023\/02\/MarioBrandenburg-scaled-1-2048x1706.jpg 2048w, https:\/\/www.schepers-photography.de\/wp-content\/uploads\/2023\/02\/MarioBrandenburg-scaled-1-14x12.jpg 14w\" sizes=\"(max-width: 2560px) 100vw, 2560px\" \/>\n                            <div class=\"wp-block-photofolio-gallery-image-overlay\">\n                                <p class=\"wp-block-photofolio-gallery-image-overlay-title\">Mario Brandenburg | Berlin<\/p>\n                            <\/div>\n                        <\/a><a href=\"https:\/\/cdn.schepers-photography.de\/uploads\/2023\/02\/Bildschirm\u00adfoto-2023-02-07-um-14.08.42-scaled-1.jpg\" title=\"Mario Brandenburg | Berlin | FDP\"data-lcl-txt=\"Mario Brandenburg ein super freundlicher und \u00fcberzeugter \u201ePf\u00e4lzer\u201c Politiker, der sich f\u00fcr die Zukunft Deutschlands einsetzt. Seine Arbeit als Mitglied der FDP zeigt deutlich, dass er an seinen \u00dcberzeugungen und Zielen festh\u00e4lt und bereit ist, daf\u00fcr zu k\u00e4mpfen. \"><\/a><a href=\"https:\/\/cdn.schepers-photography.de\/uploads\/2023\/08\/Mario-Brandenburg3.jpg\" title=\"Mario Brandenburg | Berlin | FDP\"data-lcl-txt=\"Mario Brandenburg ein super freundlicher und \u00fcberzeugter \u201ePf\u00e4lzer\u201c Politiker, der sich f\u00fcr die Zukunft Deutschlands einsetzt. Seine Arbeit als Mitglied der FDP zeigt deutlich, dass er an seinen \u00dcberzeugungen und Zielen festh\u00e4lt und bereit ist, daf\u00fcr zu k\u00e4mpfen. \"><\/a><a href=\"https:\/\/cdn.schepers-photography.de\/uploads\/2023\/08\/Mario-Brandenburg1.jpg\" title=\"Mario Brandenburg | Berlin | FDP\"data-lcl-txt=\"Mario Brandenburg ein super freundlicher und \u00fcberzeugter \u201ePf\u00e4lzer\u201c Politiker, der sich f\u00fcr die Zukunft Deutschlands einsetzt. Seine Arbeit als Mitglied der FDP zeigt deutlich, dass er an seinen \u00dcberzeugungen und Zielen festh\u00e4lt und bereit ist, daf\u00fcr zu k\u00e4mpfen. \"><\/a><a href=\"https:\/\/cdn.schepers-photography.de\/uploads\/2023\/08\/Mario-Brandenburg2.jpg\" title=\"Mario Brandenburg | Berlin | FDP\"data-lcl-txt=\"Mario Brandenburg ein super freundlicher und \u00fcberzeugter \u201ePf\u00e4lzer\u201c Politiker, der sich f\u00fcr die Zukunft Deutschlands einsetzt. Seine Arbeit als Mitglied der FDP zeigt deutlich, dass er an seinen \u00dcberzeugungen und Zielen festh\u00e4lt und bereit ist, daf\u00fcr zu k\u00e4mpfen. \"><\/a><a href=\"https:\/\/cdn.schepers-photography.de\/uploads\/2023\/09\/mariobrandenburg_1_klein.jpg\" title=\"Mario Brandenburg | Berlin | FDP\"data-lcl-txt=\"Mario Brandenburg ein super freundlicher und \u00fcberzeugter \u201ePf\u00e4lzer\u201c Politiker, der sich f\u00fcr die Zukunft Deutschlands einsetzt. Seine Arbeit als Mitglied der FDP zeigt deutlich, dass er an seinen \u00dcberzeugungen und Zielen festh\u00e4lt und bereit ist, daf\u00fcr zu k\u00e4mpfen. \"><\/a><a href=\"https:\/\/cdn.schepers-photography.de\/uploads\/2023\/09\/p0012527_klein.jpg\" title=\"Mario Brandenburg | Berlin | FDP\"data-lcl-txt=\"Mario Brandenburg ein super freundlicher und \u00fcberzeugter \u201ePf\u00e4lzer\u201c Politiker, der sich f\u00fcr die Zukunft Deutschlands einsetzt. Seine Arbeit als Mitglied der FDP zeigt deutlich, dass er an seinen \u00dcberzeugungen und Zielen festh\u00e4lt und bereit ist, daf\u00fcr zu k\u00e4mpfen. \"><\/a><a href=\"https:\/\/cdn.schepers-photography.de\/uploads\/2023\/09\/p0012509_klein.jpg\" title=\"Mario Brandenburg | Berlin | FDP\"data-lcl-txt=\"Mario Brandenburg ein super freundlicher und \u00fcberzeugter \u201ePf\u00e4lzer\u201c Politiker, der sich f\u00fcr die Zukunft Deutschlands einsetzt. Seine Arbeit als Mitglied der FDP zeigt deutlich, dass er an seinen \u00dcberzeugungen und Zielen festh\u00e4lt und bereit ist, daf\u00fcr zu k\u00e4mpfen. \"><\/a><a href=\"https:\/\/cdn.schepers-photography.de\/uploads\/2023\/09\/p0012500_klein.jpg\" title=\"Mario Brandenburg | Berlin | FDP\"data-lcl-txt=\"Mario Brandenburg ein super freundlicher und \u00fcberzeugter \u201ePf\u00e4lzer\u201c Politiker, der sich f\u00fcr die Zukunft Deutschlands einsetzt. Seine Arbeit als Mitglied der FDP zeigt deutlich, dass er an seinen \u00dcberzeugungen und Zielen festh\u00e4lt und bereit ist, daf\u00fcr zu k\u00e4mpfen. \"><\/a><a href=\"https:\/\/cdn.schepers-photography.de\/uploads\/2023\/09\/p0012496_klein.jpg\" title=\"Mario Brandenburg | Berlin | FDP\"data-lcl-txt=\"Mario Brandenburg ein super freundlicher und \u00fcberzeugter \u201ePf\u00e4lzer\u201c Politiker, der sich f\u00fcr die Zukunft Deutschlands einsetzt. Seine Arbeit als Mitglied der FDP zeigt deutlich, dass er an seinen \u00dcberzeugungen und Zielen festh\u00e4lt und bereit ist, daf\u00fcr zu k\u00e4mpfen. \"><\/a><a href=\"https:\/\/cdn.schepers-photography.de\/uploads\/2023\/09\/p0012494_klein.jpg\" title=\"Mario Brandenburg | Berlin | FDP\"data-lcl-txt=\"Mario Brandenburg ein super freundlicher und \u00fcberzeugter \u201ePf\u00e4lzer\u201c Politiker, der sich f\u00fcr die Zukunft Deutschlands einsetzt. Seine Arbeit als Mitglied der FDP zeigt deutlich, dass er an seinen \u00dcberzeugungen und Zielen festh\u00e4lt und bereit ist, daf\u00fcr zu k\u00e4mpfen. \"><\/a><a href=\"https:\/\/cdn.schepers-photography.de\/uploads\/2023\/09\/p0012476_klein.jpg\" title=\"Mario Brandenburg | Berlin | FDP\"data-lcl-txt=\"Mario Brandenburg ein super freundlicher und \u00fcberzeugter \u201ePf\u00e4lzer\u201c Politiker, der sich f\u00fcr die Zukunft Deutschlands einsetzt. Seine Arbeit als Mitglied der FDP zeigt deutlich, dass er an seinen \u00dcberzeugungen und Zielen festh\u00e4lt und bereit ist, daf\u00fcr zu k\u00e4mpfen. \"><\/a><a href=\"https:\/\/cdn.schepers-photography.de\/uploads\/2023\/09\/p0012436_klein.jpg\" title=\"Mario Brandenburg | Berlin | FDP\"data-lcl-txt=\"Mario Brandenburg ein super freundlicher und \u00fcberzeugter \u201ePf\u00e4lzer\u201c Politiker, der sich f\u00fcr die Zukunft Deutschlands einsetzt. Seine Arbeit als Mitglied der FDP zeigt deutlich, dass er an seinen \u00dcberzeugungen und Zielen festh\u00e4lt und bereit ist, daf\u00fcr zu k\u00e4mpfen. \"><\/a><a href=\"https:\/\/cdn.schepers-photography.de\/uploads\/2023\/09\/p0012431_klein.jpg\" title=\"Mario Brandenburg | Berlin | FDP\"data-lcl-txt=\"Mario Brandenburg ein super freundlicher und \u00fcberzeugter \u201ePf\u00e4lzer\u201c Politiker, der sich f\u00fcr die Zukunft Deutschlands einsetzt. Seine Arbeit als Mitglied der FDP zeigt deutlich, dass er an seinen \u00dcberzeugungen und Zielen festh\u00e4lt und bereit ist, daf\u00fcr zu k\u00e4mpfen. \"><\/a><a href=\"https:\/\/cdn.schepers-photography.de\/uploads\/2023\/09\/p0012427_klein.jpg\" title=\"Mario Brandenburg | Berlin | FDP\"data-lcl-txt=\"Mario Brandenburg ein super freundlicher und \u00fcberzeugter \u201ePf\u00e4lzer\u201c Politiker, der sich f\u00fcr die Zukunft Deutschlands einsetzt. Seine Arbeit als Mitglied der FDP zeigt deutlich, dass er an seinen \u00dcberzeugungen und Zielen festh\u00e4lt und bereit ist, daf\u00fcr zu k\u00e4mpfen. \"><\/a><a href=\"https:\/\/cdn.schepers-photography.de\/uploads\/2023\/09\/p0012424_klein.jpg\" title=\"Mario Brandenburg | Berlin | FDP\"data-lcl-txt=\"Mario Brandenburg ein super freundlicher und \u00fcberzeugter \u201ePf\u00e4lzer\u201c Politiker, der sich f\u00fcr die Zukunft Deutschlands einsetzt. Seine Arbeit als Mitglied der FDP zeigt deutlich, dass er an seinen \u00dcberzeugungen und Zielen festh\u00e4lt und bereit ist, daf\u00fcr zu k\u00e4mpfen. \"><\/a><a href=\"https:\/\/cdn.schepers-photography.de\/uploads\/2023\/09\/p0012417_klein.jpg\" title=\"Mario Brandenburg | Berlin | FDP\"data-lcl-txt=\"Mario Brandenburg ein super freundlicher und \u00fcberzeugter \u201ePf\u00e4lzer\u201c Politiker, der sich f\u00fcr die Zukunft Deutschlands einsetzt. Seine Arbeit als Mitglied der FDP zeigt deutlich, dass er an seinen \u00dcberzeugungen und Zielen festh\u00e4lt und bereit ist, daf\u00fcr zu k\u00e4mpfen. \"><\/a><a href=\"https:\/\/cdn.schepers-photography.de\/uploads\/2023\/09\/p0012396_klein.jpg\" title=\"Mario Brandenburg | Berlin | FDP\"data-lcl-txt=\"Mario Brandenburg ein super freundlicher und \u00fcberzeugter \u201ePf\u00e4lzer\u201c Politiker, der sich f\u00fcr die Zukunft Deutschlands einsetzt. Seine Arbeit als Mitglied der FDP zeigt deutlich, dass er an seinen \u00dcberzeugungen und Zielen festh\u00e4lt und bereit ist, daf\u00fcr zu k\u00e4mpfen. \"><\/a><\/div><div class=\"wp-block-photofolio-gallery-image-container\"><a href=\"https:\/\/cdn.schepers-photography.de\/uploads\/2023\/04\/loescher2_0003_mittel.jpg\" >\n                            <img decoding=\"async\" width=\"1875\" height=\"2500\" src=\"https:\/\/cdn.schepers-photography.de\/uploads\/2023\/04\/loescher2_0003_mittel.jpg\" class=\"wp-block-photofolio-gallery-image\" alt=\"Fire extinguishers | Amazon | Markert Brandschutz\" srcset=\"https:\/\/www.schepers-photography.de\/wp-content\/uploads\/2023\/04\/loescher2_0003_mittel.jpg 1875w, https:\/\/www.schepers-photography.de\/wp-content\/uploads\/2023\/04\/loescher2_0003_mittel-225x300.jpg 225w, https:\/\/www.schepers-photography.de\/wp-content\/uploads\/2023\/04\/loescher2_0003_mittel-768x1024.jpg 768w, https:\/\/www.schepers-photography.de\/wp-content\/uploads\/2023\/04\/loescher2_0003_mittel-60x80.jpg 60w, https:\/\/www.schepers-photography.de\/wp-content\/uploads\/2023\/04\/loescher2_0003_mittel-480x640.jpg 480w, https:\/\/www.schepers-photography.de\/wp-content\/uploads\/2023\/04\/loescher2_0003_mittel-560x747.jpg 560w, https:\/\/www.schepers-photography.de\/wp-content\/uploads\/2023\/04\/loescher2_0003_mittel-1152x1536.jpg 1152w, https:\/\/www.schepers-photography.de\/wp-content\/uploads\/2023\/04\/loescher2_0003_mittel-1536x2048.jpg 1536w, https:\/\/www.schepers-photography.de\/wp-content\/uploads\/2023\/04\/loescher2_0003_mittel-9x12.jpg 9w\" sizes=\"(max-width: 1875px) 100vw, 1875px\" \/>\n                            <div class=\"wp-block-photofolio-gallery-image-overlay\">\n                                <p class=\"wp-block-photofolio-gallery-image-overlay-title\">Fire extinguisher | Amazon<\/p>\n                            <\/div>\n                        <\/a><a href=\"https:\/\/cdn.schepers-photography.de\/uploads\/2023\/04\/loescher3_0000_1_mittel-1.jpg\" ><\/a><a href=\"https:\/\/cdn.schepers-photography.de\/uploads\/2023\/04\/loescher2_0000_1_mittel.jpg\" ><\/a><a href=\"https:\/\/cdn.schepers-photography.de\/uploads\/2023\/04\/loescher10001_mittel.jpg\" ><\/a><a href=\"https:\/\/cdn.schepers-photography.de\/uploads\/2023\/04\/loescher10015_mittel.jpg\" ><\/a><a href=\"https:\/\/cdn.schepers-photography.de\/uploads\/2023\/04\/loescher10007_mittel.jpg\" ><\/a><a href=\"https:\/\/cdn.schepers-photography.de\/uploads\/2023\/04\/loescher2_0002_mittel.jpg\" ><\/a><a href=\"https:\/\/cdn.schepers-photography.de\/uploads\/2023\/04\/loescher3_0004_mittel-1.jpg\" ><\/a><a href=\"https:\/\/cdn.schepers-photography.de\/uploads\/2023\/04\/loescher3_0005_mittel-1.jpg\" ><\/a><a href=\"https:\/\/cdn.schepers-photography.de\/uploads\/2023\/04\/loescher10003_mittel.jpg\" ><\/a><a href=\"https:\/\/cdn.schepers-photography.de\/uploads\/2023\/04\/loescher10013_mittel.jpg\" ><\/a><\/div><div class=\"wp-block-photofolio-gallery-image-container\"><a href=\"https:\/\/cdn.schepers-photography.de\/uploads\/2024\/12\/res-projekt_001.jpg\" >\n                            <img decoding=\"async\" width=\"2500\" height=\"1875\" src=\"https:\/\/cdn.schepers-photography.de\/uploads\/2024\/12\/res-projekt_001.jpg\" class=\"wp-block-photofolio-gallery-image\" alt=\"RES program | K\u00dcBLER hall heating systems\" srcset=\"https:\/\/www.schepers-photography.de\/wp-content\/uploads\/2024\/12\/res-projekt_001.jpg 2500w, https:\/\/www.schepers-photography.de\/wp-content\/uploads\/2024\/12\/res-projekt_001-300x225.jpg 300w, https:\/\/www.schepers-photography.de\/wp-content\/uploads\/2024\/12\/res-projekt_001-1024x768.jpg 1024w, https:\/\/www.schepers-photography.de\/wp-content\/uploads\/2024\/12\/res-projekt_001-768x576.jpg 768w, https:\/\/www.schepers-photography.de\/wp-content\/uploads\/2024\/12\/res-projekt_001-60x45.jpg 60w, https:\/\/www.schepers-photography.de\/wp-content\/uploads\/2024\/12\/res-projekt_001-480x360.jpg 480w, https:\/\/www.schepers-photography.de\/wp-content\/uploads\/2024\/12\/res-projekt_001-560x420.jpg 560w, https:\/\/www.schepers-photography.de\/wp-content\/uploads\/2024\/12\/res-projekt_001-1920x1440.jpg 1920w, https:\/\/www.schepers-photography.de\/wp-content\/uploads\/2024\/12\/res-projekt_001-1536x1152.jpg 1536w, https:\/\/www.schepers-photography.de\/wp-content\/uploads\/2024\/12\/res-projekt_001-2048x1536.jpg 2048w, https:\/\/www.schepers-photography.de\/wp-content\/uploads\/2024\/12\/res-projekt_001-16x12.jpg 16w\" sizes=\"(max-width: 2500px) 100vw, 2500px\" \/>\n                            <div class=\"wp-block-photofolio-gallery-image-overlay\">\n                                <p class=\"wp-block-photofolio-gallery-image-overlay-title\">RES program | K\u00dcBLER hall heating systems<\/p>\n                            <\/div>\n                        <\/a><a href=\"https:\/\/cdn.schepers-photography.de\/uploads\/2024\/12\/res-projekt_002.jpg\" ><\/a><a href=\"https:\/\/cdn.schepers-photography.de\/uploads\/2024\/12\/res-projekt_027.jpg\" ><\/a><a href=\"https:\/\/cdn.schepers-photography.de\/uploads\/2024\/12\/res-projekt_026.jpg\" ><\/a><a href=\"https:\/\/cdn.schepers-photography.de\/uploads\/2024\/12\/res-projekt_005.jpg\" ><\/a><a href=\"https:\/\/cdn.schepers-photography.de\/uploads\/2024\/12\/res-projekt_025.jpg\" ><\/a><a href=\"https:\/\/cdn.schepers-photography.de\/uploads\/2024\/12\/res-projekt_024.jpg\" ><\/a><a href=\"https:\/\/cdn.schepers-photography.de\/uploads\/2024\/12\/res-projekt_023.jpg\" ><\/a><a href=\"https:\/\/cdn.schepers-photography.de\/uploads\/2024\/12\/res-projekt_022.jpg\" ><\/a><a href=\"https:\/\/cdn.schepers-photography.de\/uploads\/2024\/12\/res-projekt_021.jpg\" ><\/a><a href=\"https:\/\/cdn.schepers-photography.de\/uploads\/2024\/12\/res-projekt_020.jpg\" ><\/a><a href=\"https:\/\/cdn.schepers-photography.de\/uploads\/2024\/12\/res-projekt_019.jpg\" ><\/a><a href=\"https:\/\/cdn.schepers-photography.de\/uploads\/2024\/12\/res-projekt_018.jpg\" ><\/a><a href=\"https:\/\/cdn.schepers-photography.de\/uploads\/2024\/12\/res-projekt_017.jpg\" ><\/a><a href=\"https:\/\/cdn.schepers-photography.de\/uploads\/2024\/12\/res-projekt_016.jpg\" ><\/a><a href=\"https:\/\/cdn.schepers-photography.de\/uploads\/2024\/12\/res-projekt_015.jpg\" ><\/a><a href=\"https:\/\/cdn.schepers-photography.de\/uploads\/2024\/12\/res-projekt_014.jpg\" ><\/a><a href=\"https:\/\/cdn.schepers-photography.de\/uploads\/2024\/12\/res-projekt_013.jpg\" ><\/a><a href=\"https:\/\/cdn.schepers-photography.de\/uploads\/2024\/12\/res-projekt_012.jpg\" ><\/a><a href=\"https:\/\/cdn.schepers-photography.de\/uploads\/2024\/12\/res-projekt_011.jpg\" ><\/a><a href=\"https:\/\/cdn.schepers-photography.de\/uploads\/2024\/12\/res-projekt_010.jpg\" ><\/a><a href=\"https:\/\/cdn.schepers-photography.de\/uploads\/2024\/12\/res-projekt_009.jpg\" ><\/a><a href=\"https:\/\/cdn.schepers-photography.de\/uploads\/2024\/12\/res-projekt_008.jpg\" ><\/a><a href=\"https:\/\/cdn.schepers-photography.de\/uploads\/2024\/12\/res-projekt_007.jpg\" ><\/a><a href=\"https:\/\/cdn.schepers-photography.de\/uploads\/2024\/12\/res-projekt_006.jpg\" ><\/a><a href=\"https:\/\/cdn.schepers-photography.de\/uploads\/2024\/12\/res-projekt_004.jpg\" ><\/a><a href=\"https:\/\/cdn.schepers-photography.de\/uploads\/2024\/12\/res-projekt_003.jpg\" ><\/a><a href=\"https:\/\/cdn.schepers-photography.de\/uploads\/2024\/12\/res-projekt_028.jpg\" ><\/a><\/div><div class=\"wp-block-photofolio-gallery-image-container\"><a href=\"https:\/\/cdn.schepers-photography.de\/uploads\/2023\/05\/basf_impfen__14.jpg\" >\n                            <img decoding=\"async\" width=\"1500\" height=\"2000\" src=\"https:\/\/cdn.schepers-photography.de\/uploads\/2023\/05\/basf_impfen__14.jpg\" class=\"wp-block-photofolio-gallery-image\" alt=\"Industrial site with factory bus in the foreground\" srcset=\"https:\/\/www.schepers-photography.de\/wp-content\/uploads\/2023\/05\/basf_impfen__14.jpg 1500w, https:\/\/www.schepers-photography.de\/wp-content\/uploads\/2023\/05\/basf_impfen__14-225x300.jpg 225w, https:\/\/www.schepers-photography.de\/wp-content\/uploads\/2023\/05\/basf_impfen__14-768x1024.jpg 768w, https:\/\/www.schepers-photography.de\/wp-content\/uploads\/2023\/05\/basf_impfen__14-60x80.jpg 60w, https:\/\/www.schepers-photography.de\/wp-content\/uploads\/2023\/05\/basf_impfen__14-480x640.jpg 480w, https:\/\/www.schepers-photography.de\/wp-content\/uploads\/2023\/05\/basf_impfen__14-560x747.jpg 560w, https:\/\/www.schepers-photography.de\/wp-content\/uploads\/2023\/05\/basf_impfen__14-1152x1536.jpg 1152w, https:\/\/www.schepers-photography.de\/wp-content\/uploads\/2023\/05\/basf_impfen__14-9x12.jpg 9w\" sizes=\"(max-width: 1500px) 100vw, 1500px\" \/>\n                            <div class=\"wp-block-photofolio-gallery-image-overlay\">\n                                <p class=\"wp-block-photofolio-gallery-image-overlay-title\">Vaccination bus | BASF<\/p>\n                            <\/div>\n                        <\/a><a href=\"https:\/\/cdn.schepers-photography.de\/uploads\/2023\/05\/basf_impfen__15.jpg\" ><\/a><a href=\"https:\/\/cdn.schepers-photography.de\/uploads\/2023\/05\/basf_impfen__3.jpg\" ><\/a><a href=\"https:\/\/cdn.schepers-photography.de\/uploads\/2023\/05\/basf_impfen_.jpg\" ><\/a><a href=\"https:\/\/cdn.schepers-photography.de\/uploads\/2023\/05\/basf_impfen__4.jpg\" ><\/a><a href=\"https:\/\/cdn.schepers-photography.de\/uploads\/2023\/05\/basf_impfen__2.jpg\" ><\/a><a href=\"https:\/\/cdn.schepers-photography.de\/uploads\/2023\/05\/basf_impfen__5.jpg\" ><\/a><a href=\"https:\/\/cdn.schepers-photography.de\/uploads\/2023\/05\/basf_impfen__1.jpg\" ><\/a><a href=\"https:\/\/cdn.schepers-photography.de\/uploads\/2023\/05\/basf_impfen__6.jpg\" ><\/a><a href=\"https:\/\/cdn.schepers-photography.de\/uploads\/2023\/05\/basf_impfen__7.jpg\" ><\/a><a href=\"https:\/\/cdn.schepers-photography.de\/uploads\/2023\/05\/basf_impfen__8.jpg\" ><\/a><a href=\"https:\/\/cdn.schepers-photography.de\/uploads\/2023\/05\/basf_impfen__9.jpg\" ><\/a><a href=\"https:\/\/cdn.schepers-photography.de\/uploads\/2023\/05\/basf_impfen__10.jpg\" ><\/a><a href=\"https:\/\/cdn.schepers-photography.de\/uploads\/2023\/05\/basf_impfen__11.jpg\" ><\/a><a href=\"https:\/\/cdn.schepers-photography.de\/uploads\/2023\/05\/basf_impfen__12.jpg\" ><\/a><a href=\"https:\/\/cdn.schepers-photography.de\/uploads\/2023\/05\/basf_impfen__17.jpg\" ><\/a><a href=\"https:\/\/cdn.schepers-photography.de\/uploads\/2023\/05\/basf_impfen__13.jpg\" ><\/a><a href=\"https:\/\/cdn.schepers-photography.de\/uploads\/2023\/05\/basf_impfen__16.jpg\" ><\/a><\/div><div class=\"wp-block-photofolio-gallery-image-container\"><a href=\"https:\/\/cdn.schepers-photography.de\/uploads\/2023\/02\/Dokumentname_bw_1.jpg\" >\n                            <img decoding=\"async\" width=\"1850\" height=\"1235\" src=\"https:\/\/cdn.schepers-photography.de\/uploads\/2023\/02\/Dokumentname_bw_1.jpg\" class=\"wp-block-photofolio-gallery-image\" alt=\"Laughing child in the garden, black and white photo\" srcset=\"https:\/\/www.schepers-photography.de\/wp-content\/uploads\/2023\/02\/Dokumentname_bw_1.jpg 1850w, https:\/\/www.schepers-photography.de\/wp-content\/uploads\/2023\/02\/Dokumentname_bw_1-300x200.jpg 300w, https:\/\/www.schepers-photography.de\/wp-content\/uploads\/2023\/02\/Dokumentname_bw_1-1024x684.jpg 1024w, https:\/\/www.schepers-photography.de\/wp-content\/uploads\/2023\/02\/Dokumentname_bw_1-768x513.jpg 768w, https:\/\/www.schepers-photography.de\/wp-content\/uploads\/2023\/02\/Dokumentname_bw_1-60x40.jpg 60w, https:\/\/www.schepers-photography.de\/wp-content\/uploads\/2023\/02\/Dokumentname_bw_1-480x320.jpg 480w, https:\/\/www.schepers-photography.de\/wp-content\/uploads\/2023\/02\/Dokumentname_bw_1-560x374.jpg 560w, https:\/\/www.schepers-photography.de\/wp-content\/uploads\/2023\/02\/Dokumentname_bw_1-1536x1025.jpg 1536w, https:\/\/www.schepers-photography.de\/wp-content\/uploads\/2023\/02\/Dokumentname_bw_1-18x12.jpg 18w\" sizes=\"(max-width: 1850px) 100vw, 1850px\" \/>\n                            <div class=\"wp-block-photofolio-gallery-image-overlay\">\n                                <p class=\"wp-block-photofolio-gallery-image-overlay-title\">Happy family - Black and White<\/p>\n                            <\/div>\n                        <\/a><a href=\"https:\/\/cdn.schepers-photography.de\/uploads\/2023\/02\/Dokumentname_bw_2.jpg\" ><\/a><a href=\"https:\/\/cdn.schepers-photography.de\/uploads\/2023\/02\/Dokumentname_bw_3.jpg\" ><\/a><a href=\"https:\/\/cdn.schepers-photography.de\/uploads\/2023\/02\/Dokumentname_bw_4.jpg\" ><\/a><a href=\"https:\/\/cdn.schepers-photography.de\/uploads\/2023\/02\/Dokumentname_bw_5.jpg\" ><\/a><a href=\"https:\/\/cdn.schepers-photography.de\/uploads\/2023\/02\/Dokumentname_bw_6.jpg\" ><\/a><a href=\"https:\/\/cdn.schepers-photography.de\/uploads\/2023\/02\/Dokumentname_bw_7.jpg\" ><\/a><a href=\"https:\/\/cdn.schepers-photography.de\/uploads\/2023\/02\/Dokumentname_bw.jpg\" ><\/a><\/div><div class=\"wp-block-photofolio-gallery-image-container\"><a href=\"https:\/\/cdn.schepers-photography.de\/uploads\/2024\/03\/fwg_teambild_003-scaled-1.jpg\" title=\"Professional portrait photography | Schepers Photography | FWG\"data-lcl-txt=\"Professionelle Portr\u00e4tfotografie | Schepers Photography | FWG\">\n                            <img decoding=\"async\" width=\"2560\" height=\"1128\" src=\"https:\/\/cdn.schepers-photography.de\/uploads\/2024\/03\/fwg_teambild_003-scaled-1.jpg\" class=\"wp-block-photofolio-gallery-image\" alt=\"Large team photo with over 40 people in two rows in front of an orange background, friendly and professional\" srcset=\"https:\/\/www.schepers-photography.de\/wp-content\/uploads\/2024\/03\/fwg_teambild_003-scaled-1.jpg 2560w, https:\/\/www.schepers-photography.de\/wp-content\/uploads\/2024\/03\/fwg_teambild_003-scaled-1-300x132.jpg 300w, https:\/\/www.schepers-photography.de\/wp-content\/uploads\/2024\/03\/fwg_teambild_003-scaled-1-1024x451.jpg 1024w, https:\/\/www.schepers-photography.de\/wp-content\/uploads\/2024\/03\/fwg_teambild_003-scaled-1-768x338.jpg 768w, https:\/\/www.schepers-photography.de\/wp-content\/uploads\/2024\/03\/fwg_teambild_003-scaled-1-60x26.jpg 60w, https:\/\/www.schepers-photography.de\/wp-content\/uploads\/2024\/03\/fwg_teambild_003-scaled-1-480x212.jpg 480w, https:\/\/www.schepers-photography.de\/wp-content\/uploads\/2024\/03\/fwg_teambild_003-scaled-1-560x247.jpg 560w, https:\/\/www.schepers-photography.de\/wp-content\/uploads\/2024\/03\/fwg_teambild_003-scaled-1-1920x846.jpg 1920w, https:\/\/www.schepers-photography.de\/wp-content\/uploads\/2024\/03\/fwg_teambild_003-scaled-1-1536x677.jpg 1536w, https:\/\/www.schepers-photography.de\/wp-content\/uploads\/2024\/03\/fwg_teambild_003-scaled-1-2048x902.jpg 2048w, https:\/\/www.schepers-photography.de\/wp-content\/uploads\/2024\/03\/fwg_teambild_003-scaled-1-18x8.jpg 18w\" sizes=\"(max-width: 2560px) 100vw, 2560px\" \/>\n                            <div class=\"wp-block-photofolio-gallery-image-overlay\">\n                                <p class=\"wp-block-photofolio-gallery-image-overlay-title\">FWG portrait pictures<\/p>\n                            <\/div>\n                        <\/a><a href=\"https:\/\/cdn.schepers-photography.de\/uploads\/2024\/03\/fwg2-scaled-1.jpg\" title=\"Professional portrait photography | Schepers Photography | FWG\"data-lcl-txt=\"Professionelle Portr\u00e4tfotografie | Schepers Photography | FWG\"><\/a><a href=\"https:\/\/cdn.schepers-photography.de\/uploads\/2024\/03\/fwg_teambild_002-scaled-1.jpg\" title=\"Professional portrait photography | Schepers Photography | FWG\"data-lcl-txt=\"Professionelle Portr\u00e4tfotografie | Schepers Photography | FWG\"><\/a><a href=\"https:\/\/cdn.schepers-photography.de\/uploads\/2024\/03\/fwg-scaled-1.jpg\" title=\"Professional portrait photography | Schepers Photography | FWG\"data-lcl-txt=\"Professionelle Portr\u00e4tfotografie | Schepers Photography | FWG\"><\/a><a href=\"https:\/\/cdn.schepers-photography.de\/uploads\/2024\/03\/fwg_teambild_001-scaled-1.jpg\" title=\"Professional portrait photography | Schepers Photography | FWG\"data-lcl-txt=\"Professionelle Portr\u00e4tfotografie | Schepers Photography | FWG\"><\/a><\/div><div class=\"wp-block-photofolio-gallery-image-container\"><a href=\"https:\/\/cdn.schepers-photography.de\/uploads\/2024\/03\/zukunftspreis2_.jpg\" title=\"future price2 \">\n                            <img decoding=\"async\" width=\"1500\" height=\"1500\" src=\"https:\/\/cdn.schepers-photography.de\/uploads\/2024\/03\/zukunftspreis2_.jpg\" class=\"wp-block-photofolio-gallery-image\" alt=\"future price2\" srcset=\"https:\/\/www.schepers-photography.de\/wp-content\/uploads\/2024\/03\/zukunftspreis2_.jpg 1500w, https:\/\/www.schepers-photography.de\/wp-content\/uploads\/2024\/03\/zukunftspreis2_-300x300.jpg 300w, https:\/\/www.schepers-photography.de\/wp-content\/uploads\/2024\/03\/zukunftspreis2_-1024x1024.jpg 1024w, https:\/\/www.schepers-photography.de\/wp-content\/uploads\/2024\/03\/zukunftspreis2_-150x150.jpg 150w, https:\/\/www.schepers-photography.de\/wp-content\/uploads\/2024\/03\/zukunftspreis2_-768x768.jpg 768w, https:\/\/www.schepers-photography.de\/wp-content\/uploads\/2024\/03\/zukunftspreis2_-60x60.jpg 60w, https:\/\/www.schepers-photography.de\/wp-content\/uploads\/2024\/03\/zukunftspreis2_-480x480.jpg 480w, https:\/\/www.schepers-photography.de\/wp-content\/uploads\/2024\/03\/zukunftspreis2_-560x560.jpg 560w, https:\/\/www.schepers-photography.de\/wp-content\/uploads\/2024\/03\/zukunftspreis2_-12x12.jpg 12w\" sizes=\"(max-width: 1500px) 100vw, 1500px\" \/>\n                            <div class=\"wp-block-photofolio-gallery-image-overlay\">\n                                <p class=\"wp-block-photofolio-gallery-image-overlay-title\">K\u00dcBLER is the winner of the Future Prize 2024<\/p>\n                            <\/div>\n                        <\/a><a href=\"https:\/\/cdn.schepers-photography.de\/uploads\/2024\/03\/zukunftspreis1_.jpg\" title=\"future price1 \"><\/a><a href=\"https:\/\/cdn.schepers-photography.de\/uploads\/2024\/03\/zukunftspreis4_.jpg\" title=\"future price4 \"><\/a><a href=\"https:\/\/cdn.schepers-photography.de\/uploads\/2024\/03\/zukunftspreis3_.jpg\" title=\"future price3 \"><\/a><a href=\"https:\/\/cdn.schepers-photography.de\/uploads\/2024\/03\/zukunftspreis5_.jpg\" title=\"future price5 \"><\/a><a href=\"https:\/\/cdn.schepers-photography.de\/uploads\/2024\/03\/zukunftspreis6_.jpg\" title=\"future price6 \"><\/a><\/div><div class=\"wp-block-photofolio-gallery-image-container\"><a href=\"https:\/\/cdn.schepers-photography.de\/uploads\/2024\/03\/innovationspreis_kuebler_14.jpg\" title=\"K\u00fcbler 2023 Innovation Award\"data-lcl-txt=\"Innovationspreis K\u00fcbler 2023\">\n                            <img decoding=\"async\" width=\"1500\" height=\"1000\" src=\"https:\/\/cdn.schepers-photography.de\/uploads\/2024\/03\/innovationspreis_kuebler_14.jpg\" class=\"wp-block-photofolio-gallery-image\" alt=\"K\u00fcbler 2023 Innovation Award\" srcset=\"https:\/\/www.schepers-photography.de\/wp-content\/uploads\/2024\/03\/innovationspreis_kuebler_14.jpg 1500w, https:\/\/www.schepers-photography.de\/wp-content\/uploads\/2024\/03\/innovationspreis_kuebler_14-300x200.jpg 300w, https:\/\/www.schepers-photography.de\/wp-content\/uploads\/2024\/03\/innovationspreis_kuebler_14-1024x683.jpg 1024w, https:\/\/www.schepers-photography.de\/wp-content\/uploads\/2024\/03\/innovationspreis_kuebler_14-768x512.jpg 768w, https:\/\/www.schepers-photography.de\/wp-content\/uploads\/2024\/03\/innovationspreis_kuebler_14-60x40.jpg 60w, https:\/\/www.schepers-photography.de\/wp-content\/uploads\/2024\/03\/innovationspreis_kuebler_14-480x320.jpg 480w, https:\/\/www.schepers-photography.de\/wp-content\/uploads\/2024\/03\/innovationspreis_kuebler_14-560x373.jpg 560w, https:\/\/www.schepers-photography.de\/wp-content\/uploads\/2024\/03\/innovationspreis_kuebler_14-18x12.jpg 18w\" sizes=\"(max-width: 1500px) 100vw, 1500px\" \/>\n                            <div class=\"wp-block-photofolio-gallery-image-overlay\">\n                                <p class=\"wp-block-photofolio-gallery-image-overlay-title\">Rhineland-Palatinate Innovation Award 2023 - K\u00dcBLER hall heating systems<\/p>\n                            <\/div>\n                        <\/a><a href=\"https:\/\/cdn.schepers-photography.de\/uploads\/2024\/03\/innovationspreis_kuebler_1.jpg\" title=\"K\u00fcbler 2023 Innovation Award\"data-lcl-txt=\"Innovationspreis K\u00fcbler 2023\"><\/a><a href=\"https:\/\/cdn.schepers-photography.de\/uploads\/2024\/03\/innovationspreis_kuebler_2.jpg\" title=\"K\u00fcbler 2023 Innovation Award\"data-lcl-txt=\"Innovationspreis K\u00fcbler 2023\"><\/a><a href=\"https:\/\/cdn.schepers-photography.de\/uploads\/2024\/03\/innovationspreis_kuebler_3.jpg\" title=\"K\u00fcbler 2023 Innovation Award\"data-lcl-txt=\"Innovationspreis K\u00fcbler 2023\"><\/a><a href=\"https:\/\/cdn.schepers-photography.de\/uploads\/2024\/03\/innovationspreis_kuebler_4.jpg\" title=\"K\u00fcbler 2023 Innovation Award\"data-lcl-txt=\"Innovationspreis K\u00fcbler 2023\"><\/a><a href=\"https:\/\/cdn.schepers-photography.de\/uploads\/2024\/03\/innovationspreis_kuebler_5.jpg\" title=\"K\u00fcbler 2023 Innovation Award\"data-lcl-txt=\"Innovationspreis K\u00fcbler 2023\"><\/a><a href=\"https:\/\/cdn.schepers-photography.de\/uploads\/2024\/03\/innovationspreis_kuebler_6.jpg\" title=\"K\u00fcbler 2023 Innovation Award\"data-lcl-txt=\"Innovationspreis K\u00fcbler 2023\"><\/a><a href=\"https:\/\/cdn.schepers-photography.de\/uploads\/2024\/03\/innovationspreis_kuebler_7.jpg\" title=\"K\u00fcbler 2023 Innovation Award\"data-lcl-txt=\"Innovationspreis K\u00fcbler 2023\"><\/a><a href=\"https:\/\/cdn.schepers-photography.de\/uploads\/2024\/03\/innovationspreis_kuebler_8.jpg\" title=\"K\u00fcbler 2023 Innovation Award\"data-lcl-txt=\"Innovationspreis K\u00fcbler 2023\"><\/a><a href=\"https:\/\/cdn.schepers-photography.de\/uploads\/2024\/03\/innovationspreis_kuebler_9.jpg\" title=\"K\u00fcbler 2023 Innovation Award\"data-lcl-txt=\"Innovationspreis K\u00fcbler 2023\"><\/a><a href=\"https:\/\/cdn.schepers-photography.de\/uploads\/2024\/03\/innovationspreis_kuebler_10.jpg\" title=\"K\u00fcbler 2023 Innovation Award\"data-lcl-txt=\"Innovationspreis K\u00fcbler 2023\"><\/a><a href=\"https:\/\/cdn.schepers-photography.de\/uploads\/2024\/03\/innovationspreis_kuebler_11.jpg\" title=\"K\u00fcbler 2023 Innovation Award\"data-lcl-txt=\"Innovationspreis K\u00fcbler 2023\"><\/a><a href=\"https:\/\/cdn.schepers-photography.de\/uploads\/2024\/03\/innovationspreis_kuebler_13.jpg\" title=\"K\u00fcbler 2023 Innovation Award\"data-lcl-txt=\"Innovationspreis K\u00fcbler 2023\"><\/a><a href=\"https:\/\/cdn.schepers-photography.de\/uploads\/2024\/03\/innovationspreis_kuebler_12.jpg\" title=\"K\u00fcbler 2023 Innovation Award\"data-lcl-txt=\"Innovationspreis K\u00fcbler 2023\"><\/a><a href=\"https:\/\/cdn.schepers-photography.de\/uploads\/2024\/03\/innovationspreis_kuebler_15.jpg\" title=\"K\u00fcbler 2023 Innovation Award\"data-lcl-txt=\"Innovationspreis K\u00fcbler 2023\"><\/a><a href=\"https:\/\/cdn.schepers-photography.de\/uploads\/2024\/03\/innovationspreis_kuebler_16.jpg\" title=\"K\u00fcbler 2023 Innovation Award\"data-lcl-txt=\"Innovationspreis K\u00fcbler 2023\"><\/a><a href=\"https:\/\/cdn.schepers-photography.de\/uploads\/2024\/03\/innovationspreis_kuebler_17.jpg\" title=\"K\u00fcbler 2023 Innovation Award\"data-lcl-txt=\"Innovationspreis K\u00fcbler 2023\"><\/a><a href=\"https:\/\/cdn.schepers-photography.de\/uploads\/2024\/03\/innovationspreis_kuebler_18.jpg\" title=\"K\u00fcbler 2023 Innovation Award\"data-lcl-txt=\"Innovationspreis K\u00fcbler 2023\"><\/a><a href=\"https:\/\/cdn.schepers-photography.de\/uploads\/2024\/03\/innovationspreis_kuebler_19.jpg\" title=\"K\u00fcbler 2023 Innovation Award\"data-lcl-txt=\"Innovationspreis K\u00fcbler 2023\"><\/a><a href=\"https:\/\/cdn.schepers-photography.de\/uploads\/2024\/03\/innovationspreis_kuebler_20.jpg\" title=\"K\u00fcbler 2023 Innovation Award\"data-lcl-txt=\"Innovationspreis K\u00fcbler 2023\"><\/a><a href=\"https:\/\/cdn.schepers-photography.de\/uploads\/2024\/03\/innovationspreis_kuebler_21.jpg\" title=\"K\u00fcbler 2023 Innovation Award\"data-lcl-txt=\"Innovationspreis K\u00fcbler 2023\"><\/a><a href=\"https:\/\/cdn.schepers-photography.de\/uploads\/2024\/03\/innovationspreis_kuebler_22.jpg\" title=\"K\u00fcbler 2023 Innovation Award\"data-lcl-txt=\"Innovationspreis K\u00fcbler 2023\"><\/a><a href=\"https:\/\/cdn.schepers-photography.de\/uploads\/2024\/03\/innovationspreis_kuebler_23.jpg\" title=\"K\u00fcbler 2023 Innovation Award\"data-lcl-txt=\"Innovationspreis K\u00fcbler 2023\"><\/a><a href=\"https:\/\/cdn.schepers-photography.de\/uploads\/2024\/03\/innovationspreis_kuebler_24.jpg\" title=\"K\u00fcbler 2023 Innovation Award\"data-lcl-txt=\"Innovationspreis K\u00fcbler 2023\"><\/a><a href=\"https:\/\/cdn.schepers-photography.de\/uploads\/2024\/03\/innovationspreis_kuebler_25.jpg\" title=\"K\u00fcbler 2023 Innovation Award\"data-lcl-txt=\"Innovationspreis K\u00fcbler 2023\"><\/a><a href=\"https:\/\/cdn.schepers-photography.de\/uploads\/2024\/03\/innovationspreis_kuebler_26.jpg\" title=\"K\u00fcbler 2023 Innovation Award\"data-lcl-txt=\"Innovationspreis K\u00fcbler 2023\"><\/a><a href=\"https:\/\/cdn.schepers-photography.de\/uploads\/2024\/03\/innovationspreis_kuebler_27.jpg\" title=\"K\u00fcbler 2023 Innovation Award\"data-lcl-txt=\"Innovationspreis K\u00fcbler 2023\"><\/a><a href=\"https:\/\/cdn.schepers-photography.de\/uploads\/2024\/03\/innovationspreis_kuebler_28.jpg\" title=\"K\u00fcbler 2023 Innovation Award\"data-lcl-txt=\"Innovationspreis K\u00fcbler 2023\"><\/a><a href=\"https:\/\/cdn.schepers-photography.de\/uploads\/2024\/03\/innovationspreis_kuebler_29.jpg\" title=\"K\u00fcbler 2023 Innovation Award\"data-lcl-txt=\"Innovationspreis K\u00fcbler 2023\"><\/a><a href=\"https:\/\/cdn.schepers-photography.de\/uploads\/2024\/03\/innovationspreis_kuebler_30.jpg\" title=\"K\u00fcbler 2023 Innovation Award\"data-lcl-txt=\"Innovationspreis K\u00fcbler 2023\"><\/a><a href=\"https:\/\/cdn.schepers-photography.de\/uploads\/2024\/03\/innovationspreis_kuebler_31.jpg\" title=\"K\u00fcbler 2023 Innovation Award\"data-lcl-txt=\"Innovationspreis K\u00fcbler 2023\"><\/a><a href=\"https:\/\/cdn.schepers-photography.de\/uploads\/2024\/03\/innovationspreis_kuebler_32.jpg\" title=\"K\u00fcbler 2023 Innovation Award\"data-lcl-txt=\"Innovationspreis K\u00fcbler 2023\"><\/a><a href=\"https:\/\/cdn.schepers-photography.de\/uploads\/2024\/03\/innovationspreis_kuebler_33.jpg\" title=\"K\u00fcbler 2023 Innovation Award\"data-lcl-txt=\"Innovationspreis K\u00fcbler 2023\"><\/a><a href=\"https:\/\/cdn.schepers-photography.de\/uploads\/2024\/03\/innovationspreis_kuebler_34.jpg\" title=\"K\u00fcbler 2023 Innovation Award\"data-lcl-txt=\"Innovationspreis K\u00fcbler 2023\"><\/a><a href=\"https:\/\/cdn.schepers-photography.de\/uploads\/2024\/03\/innovationspreis_kuebler_35.jpg\" title=\"K\u00fcbler 2023 Innovation Award\"data-lcl-txt=\"Innovationspreis K\u00fcbler 2023\"><\/a><a href=\"https:\/\/cdn.schepers-photography.de\/uploads\/2024\/03\/innovationspreis_kuebler_36.jpg\" title=\"K\u00fcbler 2023 Innovation Award\"data-lcl-txt=\"Innovationspreis K\u00fcbler 2023\"><\/a><a href=\"https:\/\/cdn.schepers-photography.de\/uploads\/2024\/03\/innovationspreis_kuebler_37.jpg\" title=\"K\u00fcbler 2023 Innovation Award\"data-lcl-txt=\"Innovationspreis K\u00fcbler 2023\"><\/a><a href=\"https:\/\/cdn.schepers-photography.de\/uploads\/2024\/03\/innovationspreis_kuebler_38.jpg\" title=\"K\u00fcbler 2023 Innovation Award\"data-lcl-txt=\"Innovationspreis K\u00fcbler 2023\"><\/a><a href=\"https:\/\/cdn.schepers-photography.de\/uploads\/2024\/03\/innovationspreis_kuebler_39.jpg\" title=\"K\u00fcbler 2023 Innovation Award\"data-lcl-txt=\"Innovationspreis K\u00fcbler 2023\"><\/a><\/div><div class=\"wp-block-photofolio-gallery-image-container\"><a href=\"https:\/\/cdn.schepers-photography.de\/uploads\/2024\/03\/003_klein.jpg\" title=\"St. Laurentiushof - Schockes K\u00fcche | Guide Michelin\"data-lcl-txt=\"St. Laurentiushof - Schockes K\u00fcche | Guide Michelin\">\n                            <img decoding=\"async\" width=\"1125\" height=\"1500\" src=\"https:\/\/cdn.schepers-photography.de\/uploads\/2024\/03\/003_klein.jpg\" class=\"wp-block-photofolio-gallery-image\" alt=\"Gourmet piece of salmon on a creamy sauce\" srcset=\"https:\/\/www.schepers-photography.de\/wp-content\/uploads\/2024\/03\/003_klein.jpg 1125w, https:\/\/www.schepers-photography.de\/wp-content\/uploads\/2024\/03\/003_klein-225x300.jpg 225w, https:\/\/www.schepers-photography.de\/wp-content\/uploads\/2024\/03\/003_klein-768x1024.jpg 768w, https:\/\/www.schepers-photography.de\/wp-content\/uploads\/2024\/03\/003_klein-60x80.jpg 60w, https:\/\/www.schepers-photography.de\/wp-content\/uploads\/2024\/03\/003_klein-480x640.jpg 480w, https:\/\/www.schepers-photography.de\/wp-content\/uploads\/2024\/03\/003_klein-560x747.jpg 560w, https:\/\/www.schepers-photography.de\/wp-content\/uploads\/2024\/03\/003_klein-9x12.jpg 9w\" sizes=\"(max-width: 1125px) 100vw, 1125px\" \/>\n                            <div class=\"wp-block-photofolio-gallery-image-overlay\">\n                                <p class=\"wp-block-photofolio-gallery-image-overlay-title\">St. Laurentiushof - Schockes K\u00fcche | Guide Michelin<\/p>\n                            <\/div>\n                        <\/a><a href=\"https:\/\/cdn.schepers-photography.de\/uploads\/2024\/03\/004_klein.jpg\" title=\"St. Laurentiushof - Schockes K\u00fcche | Guide Michelin\"data-lcl-txt=\"St. Laurentiushof - Schockes K\u00fcche | Guide Michelin\"><\/a><a href=\"https:\/\/cdn.schepers-photography.de\/uploads\/2024\/03\/005_klein.jpg\" title=\"St. Laurentiushof - Schockes K\u00fcche | Guide Michelin\"data-lcl-txt=\"St. Laurentiushof - Schockes K\u00fcche | Guide Michelin\"><\/a><a href=\"https:\/\/cdn.schepers-photography.de\/uploads\/2024\/03\/001_klein.jpg\" title=\"St. Laurentiushof - Schockes K\u00fcche | Guide Michelin\"data-lcl-txt=\"St. Laurentiushof - Schockes K\u00fcche | Guide Michelin\"><\/a><a href=\"https:\/\/cdn.schepers-photography.de\/uploads\/2024\/03\/001.jpg\" title=\"St. Laurentiushof - Schockes K\u00fcche | Guide Michelin\"data-lcl-txt=\"St. Laurentiushof - Schockes K\u00fcche | Guide Michelin\"><\/a><a href=\"https:\/\/cdn.schepers-photography.de\/uploads\/2024\/03\/002.jpg\" title=\"St. Laurentiushof - Schockes K\u00fcche | Guide Michelin\"data-lcl-txt=\"St. Laurentiushof - Schockes K\u00fcche | Guide Michelin\"><\/a><a href=\"https:\/\/cdn.schepers-photography.de\/uploads\/2024\/03\/003.jpg\" title=\"St. Laurentiushof - Schockes K\u00fcche | Guide Michelin\"data-lcl-txt=\"St. Laurentiushof - Schockes K\u00fcche | Guide Michelin\"><\/a><a href=\"https:\/\/cdn.schepers-photography.de\/uploads\/2024\/03\/004.jpg\" title=\"St. Laurentiushof - Schockes K\u00fcche | Guide Michelin\"data-lcl-txt=\"St. Laurentiushof - Schockes K\u00fcche | Guide Michelin\"><\/a><a href=\"https:\/\/cdn.schepers-photography.de\/uploads\/2024\/03\/005.jpg\" title=\"St. Laurentiushof - Schockes K\u00fcche | Guide Michelin\"data-lcl-txt=\"St. Laurentiushof - Schockes K\u00fcche | Guide Michelin\"><\/a><a href=\"https:\/\/cdn.schepers-photography.de\/uploads\/2024\/03\/sonstigebilder_0005_klein_klein.jpg\" title=\"St. Laurentiushof - Schockes K\u00fcche | Guide Michelin\"data-lcl-txt=\"St. Laurentiushof - Schockes K\u00fcche | Guide Michelin\"><\/a><a href=\"\" ><\/a><a href=\"https:\/\/cdn.schepers-photography.de\/uploads\/2024\/03\/sonstigebilder_0018_klein_klein.jpg\" title=\"St. Laurentiushof - Schockes K\u00fcche | Guide Michelin\"data-lcl-txt=\"St. Laurentiushof - Schockes K\u00fcche | Guide Michelin\"><\/a><a href=\"https:\/\/cdn.schepers-photography.de\/uploads\/2024\/03\/sonstigebilder_0021_klein_klein.jpg\" title=\"St. Laurentiushof - Schockes K\u00fcche | Guide Michelin\"data-lcl-txt=\"St. Laurentiushof - Schockes K\u00fcche | Guide Michelin\"><\/a><a href=\"https:\/\/cdn.schepers-photography.de\/uploads\/2024\/03\/sonstigebilder_0023_klein_klein.jpg\" title=\"St. Laurentiushof - Schockes K\u00fcche | Guide Michelin\"data-lcl-txt=\"St. Laurentiushof - Schockes K\u00fcche | Guide Michelin\"><\/a><a href=\"https:\/\/cdn.schepers-photography.de\/uploads\/2024\/03\/sonstigebilder_0024_klein_klein.jpg\" title=\"St. Laurentiushof - Schockes K\u00fcche | Guide Michelin\"data-lcl-txt=\"St. Laurentiushof - Schockes K\u00fcche | Guide Michelin\"><\/a><a href=\"https:\/\/cdn.schepers-photography.de\/uploads\/2024\/03\/sonstigebilder_0026_klein_klein.jpg\" title=\"St. Laurentiushof - Schockes K\u00fcche | Guide Michelin\"data-lcl-txt=\"St. Laurentiushof - Schockes K\u00fcche | Guide Michelin\"><\/a><a href=\"https:\/\/cdn.schepers-photography.de\/uploads\/2024\/03\/sonstigebilder_0027_klein_klein.jpg\" title=\"St. Laurentiushof - Schockes K\u00fcche | Guide Michelin\"data-lcl-txt=\"St. Laurentiushof - Schockes K\u00fcche | Guide Michelin\"><\/a><a href=\"https:\/\/cdn.schepers-photography.de\/uploads\/2024\/03\/stlaurentiushof.jpg\" title=\"St. Laurentiushof - Schockes K\u00fcche | Guide Michelin\"data-lcl-txt=\"St. Laurentiushof - Schockes K\u00fcche | Guide Michelin\"><\/a><\/div><div class=\"wp-block-photofolio-gallery-image-container\"><a href=\"https:\/\/cdn.schepers-photography.de\/uploads\/2023\/08\/niklasdee-maedchen-auf-dem-pferd-2023.jpg\" title=\"Discover the summer hit 2023 by DJ Niklas Dee. Let yourself be enchanted by the pulsating melody of this Berlin DJ and dance into the summer\"data-lcl-txt=\"Entdecken Sie den Sommerhit 2023 von DJ Niklas Dee. Lassen Sie sich von der pulsierenden Melodie dieses Berliner DJs verzaubern und tanzen Sie in den Sommer\">\n                            <img decoding=\"async\" width=\"1131\" height=\"1708\" src=\"https:\/\/cdn.schepers-photography.de\/uploads\/2023\/08\/niklasdee-maedchen-auf-dem-pferd-2023.jpg\" class=\"wp-block-photofolio-gallery-image\" alt=\"Niklas Dee | DJ | Sommerhit 2023 | Berlin\" srcset=\"https:\/\/www.schepers-photography.de\/wp-content\/uploads\/2023\/08\/niklasdee-maedchen-auf-dem-pferd-2023.jpg 1131w, https:\/\/www.schepers-photography.de\/wp-content\/uploads\/2023\/08\/niklasdee-maedchen-auf-dem-pferd-2023-199x300.jpg 199w, https:\/\/www.schepers-photography.de\/wp-content\/uploads\/2023\/08\/niklasdee-maedchen-auf-dem-pferd-2023-678x1024.jpg 678w, https:\/\/www.schepers-photography.de\/wp-content\/uploads\/2023\/08\/niklasdee-maedchen-auf-dem-pferd-2023-768x1160.jpg 768w, https:\/\/www.schepers-photography.de\/wp-content\/uploads\/2023\/08\/niklasdee-maedchen-auf-dem-pferd-2023-60x91.jpg 60w, https:\/\/www.schepers-photography.de\/wp-content\/uploads\/2023\/08\/niklasdee-maedchen-auf-dem-pferd-2023-480x725.jpg 480w, https:\/\/www.schepers-photography.de\/wp-content\/uploads\/2023\/08\/niklasdee-maedchen-auf-dem-pferd-2023-560x846.jpg 560w, https:\/\/www.schepers-photography.de\/wp-content\/uploads\/2023\/08\/niklasdee-maedchen-auf-dem-pferd-2023-1017x1536.jpg 1017w, https:\/\/www.schepers-photography.de\/wp-content\/uploads\/2023\/08\/niklasdee-maedchen-auf-dem-pferd-2023-8x12.jpg 8w\" sizes=\"(max-width: 1131px) 100vw, 1131px\" \/>\n                            <div class=\"wp-block-photofolio-gallery-image-overlay\">\n                                <p class=\"wp-block-photofolio-gallery-image-overlay-title\">Niklas Dee | DJ | Sommerhit 2023 | Berlin<\/p>\n                            <\/div>\n                        <\/a><a href=\"https:\/\/cdn.schepers-photography.de\/uploads\/2023\/08\/niklas_dee-maedchen-auf-dem-pferd-dj-berlin.jpg\" title=\"Discover the summer hit 2023 by DJ Niklas Dee. Let yourself be enchanted by the pulsating melody of this Berlin DJ and dance into the summer\"data-lcl-txt=\"Entdecken Sie den Sommerhit 2023 von DJ Niklas Dee. Lassen Sie sich von der pulsierenden Melodie dieses Berliner DJs verzaubern und tanzen Sie in den Sommer\"><\/a><\/div><div class=\"wp-block-photofolio-gallery-image-container\"><a href=\"https:\/\/cdn.schepers-photography.de\/uploads\/2023\/08\/gartenmarkt_maikammer_2023_0120__-scaled-1.jpg\" title=\"One lemonade please ;) | Maikammer celebrates Palatinate Garden Market 2023\"data-lcl-txt=\"Unter blauen Himmel und bei hohen Temperaturen schlendern Menschen mit pr\u00e4chtigen Blumen und stattlichen T\u00f6pfen durchs Dorf. Der Gartenmarkt in Maikammer, 2023.\">\n                            <img decoding=\"async\" width=\"2560\" height=\"1424\" src=\"https:\/\/cdn.schepers-photography.de\/uploads\/2023\/08\/gartenmarkt_maikammer_2023_0120__-scaled-1.jpg\" class=\"wp-block-photofolio-gallery-image\" alt=\"One lemonade please ;) | Maikammer celebrates Palatinate Garden Market 2023 | Advertising and reportage photographer Schepers\" srcset=\"https:\/\/www.schepers-photography.de\/wp-content\/uploads\/2023\/08\/gartenmarkt_maikammer_2023_0120__-scaled-1.jpg 2560w, https:\/\/www.schepers-photography.de\/wp-content\/uploads\/2023\/08\/gartenmarkt_maikammer_2023_0120__-scaled-1-300x167.jpg 300w, https:\/\/www.schepers-photography.de\/wp-content\/uploads\/2023\/08\/gartenmarkt_maikammer_2023_0120__-scaled-1-1024x570.jpg 1024w, https:\/\/www.schepers-photography.de\/wp-content\/uploads\/2023\/08\/gartenmarkt_maikammer_2023_0120__-scaled-1-768x427.jpg 768w, https:\/\/www.schepers-photography.de\/wp-content\/uploads\/2023\/08\/gartenmarkt_maikammer_2023_0120__-scaled-1-60x33.jpg 60w, https:\/\/www.schepers-photography.de\/wp-content\/uploads\/2023\/08\/gartenmarkt_maikammer_2023_0120__-scaled-1-480x267.jpg 480w, https:\/\/www.schepers-photography.de\/wp-content\/uploads\/2023\/08\/gartenmarkt_maikammer_2023_0120__-scaled-1-560x312.jpg 560w, https:\/\/www.schepers-photography.de\/wp-content\/uploads\/2023\/08\/gartenmarkt_maikammer_2023_0120__-scaled-1-1920x1068.jpg 1920w, https:\/\/www.schepers-photography.de\/wp-content\/uploads\/2023\/08\/gartenmarkt_maikammer_2023_0120__-scaled-1-1536x854.jpg 1536w, https:\/\/www.schepers-photography.de\/wp-content\/uploads\/2023\/08\/gartenmarkt_maikammer_2023_0120__-scaled-1-2048x1139.jpg 2048w, https:\/\/www.schepers-photography.de\/wp-content\/uploads\/2023\/08\/gartenmarkt_maikammer_2023_0120__-scaled-1-18x10.jpg 18w\" sizes=\"(max-width: 2560px) 100vw, 2560px\" \/>\n                            <div class=\"wp-block-photofolio-gallery-image-overlay\">\n                                <p class=\"wp-block-photofolio-gallery-image-overlay-title\">Garden market Maikammer | Advertising and reportage photographer Schepers<\/p>\n                            <\/div>\n                        <\/a><a href=\"https:\/\/cdn.schepers-photography.de\/uploads\/2023\/08\/gartenmarkt_maikammer_2023_0002_klein.jpg\" title=\"One lemonade please ;) | Maikammer celebrates Palatinate Garden Market 2023\"data-lcl-txt=\"Unter blauen Himmel und bei hohen Temperaturen schlendern Menschen mit pr\u00e4chtigen Blumen und stattlichen T\u00f6pfen durchs Dorf. Der Gartenmarkt in Maikammer, 2023.\"><\/a><a href=\"https:\/\/cdn.schepers-photography.de\/uploads\/2023\/08\/gartenmarkt_maikammer_2023_0004_klein.jpg\" title=\"One lemonade please ;) | Maikammer celebrates Palatinate Garden Market 2023\"data-lcl-txt=\"Unter blauen Himmel und bei hohen Temperaturen schlendern Menschen mit pr\u00e4chtigen Blumen und stattlichen T\u00f6pfen durchs Dorf. Der Gartenmarkt in Maikammer, 2023.\"><\/a><a href=\"https:\/\/cdn.schepers-photography.de\/uploads\/2023\/08\/gartenmarkt_maikammer_2023_0045_klein.jpg\" title=\"One lemonade please ;) | Maikammer celebrates Palatinate Garden Market 2023\"data-lcl-txt=\"Unter blauen Himmel und bei hohen Temperaturen schlendern Menschen mit pr\u00e4chtigen Blumen und stattlichen T\u00f6pfen durchs Dorf. Der Gartenmarkt in Maikammer, 2023.\"><\/a><a href=\"https:\/\/cdn.schepers-photography.de\/uploads\/2023\/08\/gartenmarkt_maikammer_2023_0087_klein.jpg\" title=\"One lemonade please ;) | Maikammer celebrates Palatinate Garden Market 2023\"data-lcl-txt=\"Unter blauen Himmel und bei hohen Temperaturen schlendern Menschen mit pr\u00e4chtigen Blumen und stattlichen T\u00f6pfen durchs Dorf. Der Gartenmarkt in Maikammer, 2023.\"><\/a><a href=\"https:\/\/cdn.schepers-photography.de\/uploads\/2023\/08\/gartenmarkt_maikammer_2023_0114_klein.jpg\" title=\"One lemonade please ;) | Maikammer celebrates Palatinate Garden Market 2023\"data-lcl-txt=\"Unter blauen Himmel und bei hohen Temperaturen schlendern Menschen mit pr\u00e4chtigen Blumen und stattlichen T\u00f6pfen durchs Dorf. Der Gartenmarkt in Maikammer, 2023.\"><\/a><a href=\"https:\/\/cdn.schepers-photography.de\/uploads\/2023\/08\/gartenmarkt_maikammer_2023_0105_klein.jpg\" title=\"One lemonade please ;) | Maikammer celebrates Palatinate Garden Market 2023\"data-lcl-txt=\"Unter blauen Himmel und bei hohen Temperaturen schlendern Menschen mit pr\u00e4chtigen Blumen und stattlichen T\u00f6pfen durchs Dorf. Der Gartenmarkt in Maikammer, 2023.\"><\/a><a href=\"https:\/\/cdn.schepers-photography.de\/uploads\/2023\/08\/gartenmarkt_maikammer_2023_0139_klein.jpg\" title=\"One lemonade please ;) | Maikammer celebrates Palatinate Garden Market 2023\"data-lcl-txt=\"Unter blauen Himmel und bei hohen Temperaturen schlendern Menschen mit pr\u00e4chtigen Blumen und stattlichen T\u00f6pfen durchs Dorf. Der Gartenmarkt in Maikammer, 2023.\"><\/a><a href=\"https:\/\/cdn.schepers-photography.de\/uploads\/2023\/08\/gartenmarkt_maikammer_2023_0137_klein.jpg\" title=\"One lemonade please ;) | Maikammer celebrates Palatinate Garden Market 2023\"data-lcl-txt=\"Unter blauen Himmel und bei hohen Temperaturen schlendern Menschen mit pr\u00e4chtigen Blumen und stattlichen T\u00f6pfen durchs Dorf. Der Gartenmarkt in Maikammer, 2023.\"><\/a><a href=\"https:\/\/cdn.schepers-photography.de\/uploads\/2023\/08\/gartenmarkt_maikammer_2023_0196_klein.jpg\" title=\"One lemonade please ;) | Maikammer celebrates Palatinate Garden Market 2023\"data-lcl-txt=\"Unter blauen Himmel und bei hohen Temperaturen schlendern Menschen mit pr\u00e4chtigen Blumen und stattlichen T\u00f6pfen durchs Dorf. Der Gartenmarkt in Maikammer, 2023.\"><\/a><a href=\"https:\/\/cdn.schepers-photography.de\/uploads\/2023\/08\/gartenmarkt_maikammer_2023_0222_klein.jpg\" title=\"One lemonade please ;) | Maikammer celebrates Palatinate Garden Market 2023\"data-lcl-txt=\"Unter blauen Himmel und bei hohen Temperaturen schlendern Menschen mit pr\u00e4chtigen Blumen und stattlichen T\u00f6pfen durchs Dorf. Der Gartenmarkt in Maikammer, 2023.\"><\/a><a href=\"https:\/\/cdn.schepers-photography.de\/uploads\/2023\/08\/gartenmarkt_maikammer_2023_0224_klein.jpg\" title=\"One lemonade please ;) | Maikammer celebrates Palatinate Garden Market 2023\"data-lcl-txt=\"Unter blauen Himmel und bei hohen Temperaturen schlendern Menschen mit pr\u00e4chtigen Blumen und stattlichen T\u00f6pfen durchs Dorf. Der Gartenmarkt in Maikammer, 2023.\"><\/a><a href=\"https:\/\/cdn.schepers-photography.de\/uploads\/2023\/08\/gartenmarkt_maikammer_2023_0226_klein.jpg\" title=\"One lemonade please ;) | Maikammer celebrates Palatinate Garden Market 2023\"data-lcl-txt=\"Unter blauen Himmel und bei hohen Temperaturen schlendern Menschen mit pr\u00e4chtigen Blumen und stattlichen T\u00f6pfen durchs Dorf. Der Gartenmarkt in Maikammer, 2023.\"><\/a><a href=\"https:\/\/cdn.schepers-photography.de\/uploads\/2023\/08\/gartenmarkt_maikammer_2023_0266_klein.jpg\" title=\"One lemonade please ;) | Maikammer celebrates Palatinate Garden Market 2023\"data-lcl-txt=\"Unter blauen Himmel und bei hohen Temperaturen schlendern Menschen mit pr\u00e4chtigen Blumen und stattlichen T\u00f6pfen durchs Dorf. Der Gartenmarkt in Maikammer, 2023.\"><\/a><a href=\"https:\/\/cdn.schepers-photography.de\/uploads\/2023\/08\/gartenmarkt_maikammer_2023_0297_klein.jpg\" title=\"One lemonade please ;) | Maikammer celebrates Palatinate Garden Market 2023\"data-lcl-txt=\"Unter blauen Himmel und bei hohen Temperaturen schlendern Menschen mit pr\u00e4chtigen Blumen und stattlichen T\u00f6pfen durchs Dorf. Der Gartenmarkt in Maikammer, 2023.\"><\/a><a href=\"https:\/\/cdn.schepers-photography.de\/uploads\/2023\/08\/gartenmarkt_maikammer_2023_0257.jpg\" title=\"Common sand wasp (Ammophila sabulosa) \"data-lcl-txt=\"Unter blauen Himmel und bei hohen Temperaturen schlendern Menschen mit pr\u00e4chtigen Blumen und stattlichen T\u00f6pfen durchs Dorf. Der Gartenmarkt in Maikammer, 2023.\"><\/a><a href=\"https:\/\/cdn.schepers-photography.de\/uploads\/2023\/08\/gartenmarkt_maikammer_2023_0258.jpg\" title=\"Steel blue cricket hunters (Sphecidae (digger wasps)\"data-lcl-txt=\"Unter blauen Himmel und bei hohen Temperaturen schlendern Menschen mit pr\u00e4chtigen Blumen und stattlichen T\u00f6pfen durchs Dorf. Der Gartenmarkt in Maikammer, 2023.\"><\/a><a href=\"https:\/\/cdn.schepers-photography.de\/uploads\/2023\/08\/gartenmarkt_maikammer_2023_0167_klein.jpg\" title=\"One lemonade please ;) | Maikammer celebrates Palatinate Garden Market 2023\"data-lcl-txt=\"Unter blauen Himmel und bei hohen Temperaturen schlendern Menschen mit pr\u00e4chtigen Blumen und stattlichen T\u00f6pfen durchs Dorf. Der Gartenmarkt in Maikammer, 2023.\"><\/a><a href=\"https:\/\/cdn.schepers-photography.de\/uploads\/2023\/08\/gartenmarkt_maikammer_2023_0161_klein.jpg\" title=\"One lemonade please ;) | Maikammer celebrates Palatinate Garden Market 2023\"data-lcl-txt=\"Unter blauen Himmel und bei hohen Temperaturen schlendern Menschen mit pr\u00e4chtigen Blumen und stattlichen T\u00f6pfen durchs Dorf. Der Gartenmarkt in Maikammer, 2023.\"><\/a><a href=\"https:\/\/cdn.schepers-photography.de\/uploads\/2023\/08\/gartenmarkt_maikammer_2023_0165_klein.jpg\" title=\"One lemonade please ;) | Maikammer celebrates Palatinate Garden Market 2023\"data-lcl-txt=\"Unter blauen Himmel und bei hohen Temperaturen schlendern Menschen mit pr\u00e4chtigen Blumen und stattlichen T\u00f6pfen durchs Dorf. Der Gartenmarkt in Maikammer, 2023.\"><\/a><a href=\"https:\/\/cdn.schepers-photography.de\/uploads\/2023\/08\/gartenmarkt_maikammer_2023_0148_klein.jpg\" title=\"One lemonade please ;) | Maikammer celebrates Palatinate Garden Market 2023\"data-lcl-txt=\"Unter blauen Himmel und bei hohen Temperaturen schlendern Menschen mit pr\u00e4chtigen Blumen und stattlichen T\u00f6pfen durchs Dorf. Der Gartenmarkt in Maikammer, 2023.\"><\/a><a href=\"https:\/\/cdn.schepers-photography.de\/uploads\/2023\/08\/gartenmarkt_maikammer_2023_0156_klein.jpg\" title=\"One lemonade please ;) | Maikammer celebrates Palatinate Garden Market 2023\"data-lcl-txt=\"Unter blauen Himmel und bei hohen Temperaturen schlendern Menschen mit pr\u00e4chtigen Blumen und stattlichen T\u00f6pfen durchs Dorf. Der Gartenmarkt in Maikammer, 2023.\"><\/a><a href=\"https:\/\/cdn.schepers-photography.de\/uploads\/2023\/08\/gartenmarkt_maikammer_2023_0171_klein.jpg\" title=\"One lemonade please ;) | Maikammer celebrates Palatinate Garden Market 2023\"data-lcl-txt=\"Unter blauen Himmel und bei hohen Temperaturen schlendern Menschen mit pr\u00e4chtigen Blumen und stattlichen T\u00f6pfen durchs Dorf. Der Gartenmarkt in Maikammer, 2023.\"><\/a><a href=\"https:\/\/cdn.schepers-photography.de\/uploads\/2023\/08\/gartenmarkt_maikammer_2023_0173_klein.jpg\" title=\"One lemonade please ;) | Maikammer celebrates Palatinate Garden Market 2023\"data-lcl-txt=\"Unter blauen Himmel und bei hohen Temperaturen schlendern Menschen mit pr\u00e4chtigen Blumen und stattlichen T\u00f6pfen durchs Dorf. Der Gartenmarkt in Maikammer, 2023.\"><\/a><\/div><div class=\"wp-block-photofolio-gallery-image-container\"><a href=\"https:\/\/cdn.schepers-photography.de\/uploads\/2023\/08\/kuebler_produktion_dresden_0025.jpg\" title=\"K\u00dcBLER Production Dresden | Europe-wide publications\"data-lcl-txt=\"Tauchen Sie ein in die fesselnde Fotowelt von K\u00dcBLER Produktion Dresden. Hochwertige Fotografien mit europaweiten Ver\u00f6ffentlichungen, die jeden Blick fangen.\">\n                            <img decoding=\"async\" width=\"2200\" height=\"1650\" src=\"https:\/\/cdn.schepers-photography.de\/uploads\/2023\/08\/kuebler_produktion_dresden_0025.jpg\" class=\"wp-block-photofolio-gallery-image\" alt=\"Manual welding work with flying sparks in a workshop with machines and tools\" srcset=\"https:\/\/www.schepers-photography.de\/wp-content\/uploads\/2023\/08\/kuebler_produktion_dresden_0025.jpg 2200w, https:\/\/www.schepers-photography.de\/wp-content\/uploads\/2023\/08\/kuebler_produktion_dresden_0025-300x225.jpg 300w, https:\/\/www.schepers-photography.de\/wp-content\/uploads\/2023\/08\/kuebler_produktion_dresden_0025-1024x768.jpg 1024w, https:\/\/www.schepers-photography.de\/wp-content\/uploads\/2023\/08\/kuebler_produktion_dresden_0025-768x576.jpg 768w, https:\/\/www.schepers-photography.de\/wp-content\/uploads\/2023\/08\/kuebler_produktion_dresden_0025-60x45.jpg 60w, https:\/\/www.schepers-photography.de\/wp-content\/uploads\/2023\/08\/kuebler_produktion_dresden_0025-480x360.jpg 480w, https:\/\/www.schepers-photography.de\/wp-content\/uploads\/2023\/08\/kuebler_produktion_dresden_0025-560x420.jpg 560w, https:\/\/www.schepers-photography.de\/wp-content\/uploads\/2023\/08\/kuebler_produktion_dresden_0025-1920x1440.jpg 1920w, https:\/\/www.schepers-photography.de\/wp-content\/uploads\/2023\/08\/kuebler_produktion_dresden_0025-1536x1152.jpg 1536w, https:\/\/www.schepers-photography.de\/wp-content\/uploads\/2023\/08\/kuebler_produktion_dresden_0025-2048x1536.jpg 2048w, https:\/\/www.schepers-photography.de\/wp-content\/uploads\/2023\/08\/kuebler_produktion_dresden_0025-16x12.jpg 16w\" sizes=\"(max-width: 2200px) 100vw, 2200px\" \/>\n                            <div class=\"wp-block-photofolio-gallery-image-overlay\">\n                                <p class=\"wp-block-photofolio-gallery-image-overlay-title\">K\u00dcBLER Production Dresden | Europe-wide publications<\/p>\n                            <\/div>\n                        <\/a><a href=\"https:\/\/cdn.schepers-photography.de\/uploads\/2023\/08\/kuebler_produktion_dresden_0019.jpg\" title=\"K\u00dcBLER Production Dresden | Europe-wide publications\"data-lcl-txt=\"Tauchen Sie ein in die fesselnde Fotowelt von K\u00dcBLER Produktion Dresden. Hochwertige Fotografien mit europaweiten Ver\u00f6ffentlichungen, die jeden Blick fangen.\"><\/a><a href=\"https:\/\/cdn.schepers-photography.de\/uploads\/2023\/08\/kuebler_produktion_dresden_0097.jpg\" title=\"K\u00dcBLER Production Dresden | Europe-wide publications\"data-lcl-txt=\"Tauchen Sie ein in die fesselnde Fotowelt von K\u00dcBLER Produktion Dresden. Hochwertige Fotografien mit europaweiten Ver\u00f6ffentlichungen, die jeden Blick fangen.\"><\/a><a href=\"https:\/\/cdn.schepers-photography.de\/uploads\/2023\/08\/kuebler_produktion_dresden_0192.jpg\" title=\"K\u00dcBLER Production Dresden | Europe-wide publications\"data-lcl-txt=\"Tauchen Sie ein in die fesselnde Fotowelt von K\u00dcBLER Produktion Dresden. Hochwertige Fotografien mit europaweiten Ver\u00f6ffentlichungen, die jeden Blick fangen.\"><\/a><a href=\"https:\/\/cdn.schepers-photography.de\/uploads\/2023\/08\/kuebler_produktion_dresden_0213.jpg\" title=\"K\u00dcBLER Production Dresden | Europe-wide publications\"data-lcl-txt=\"Tauchen Sie ein in die fesselnde Fotowelt von K\u00dcBLER Produktion Dresden. Hochwertige Fotografien mit europaweiten Ver\u00f6ffentlichungen, die jeden Blick fangen.\"><\/a><a href=\"https:\/\/cdn.schepers-photography.de\/uploads\/2023\/08\/kuebler_produktion_dresden_0028.jpg\" title=\"K\u00dcBLER Production Dresden | Europe-wide publications\"data-lcl-txt=\"Tauchen Sie ein in die fesselnde Fotowelt von K\u00dcBLER Produktion Dresden. Hochwertige Fotografien mit europaweiten Ver\u00f6ffentlichungen, die jeden Blick fangen.\"><\/a><a href=\"https:\/\/cdn.schepers-photography.de\/uploads\/2023\/08\/kuebler_produktion_dresden_0032.jpg\" title=\"K\u00dcBLER Production Dresden | Europe-wide publications\"data-lcl-txt=\"Tauchen Sie ein in die fesselnde Fotowelt von K\u00dcBLER Produktion Dresden. Hochwertige Fotografien mit europaweiten Ver\u00f6ffentlichungen, die jeden Blick fangen.\"><\/a><a href=\"https:\/\/cdn.schepers-photography.de\/uploads\/2023\/08\/kuebler_produktion_dresden_0016.jpg\" title=\"K\u00dcBLER Production Dresden | Europe-wide publications\"data-lcl-txt=\"Tauchen Sie ein in die fesselnde Fotowelt von K\u00dcBLER Produktion Dresden. Hochwertige Fotografien mit europaweiten Ver\u00f6ffentlichungen, die jeden Blick fangen.\"><\/a><a href=\"https:\/\/cdn.schepers-photography.de\/uploads\/2023\/08\/kuebler_produktion_dresden_0022.jpg\" title=\"K\u00dcBLER Production Dresden | Europe-wide publications\"data-lcl-txt=\"Tauchen Sie ein in die fesselnde Fotowelt von K\u00dcBLER Produktion Dresden. Hochwertige Fotografien mit europaweiten Ver\u00f6ffentlichungen, die jeden Blick fangen.\"><\/a><a href=\"https:\/\/cdn.schepers-photography.de\/uploads\/2023\/08\/kuebler_produktion_dresden_0062.jpg\" title=\"K\u00dcBLER Production Dresden | Europe-wide publications\"data-lcl-txt=\"Tauchen Sie ein in die fesselnde Fotowelt von K\u00dcBLER Produktion Dresden. Hochwertige Fotografien mit europaweiten Ver\u00f6ffentlichungen, die jeden Blick fangen.\"><\/a><a href=\"https:\/\/cdn.schepers-photography.de\/uploads\/2023\/08\/kuebler_produktion_dresden_0102.jpg\" title=\"K\u00dcBLER Production Dresden | Europe-wide publications\"data-lcl-txt=\"Tauchen Sie ein in die fesselnde Fotowelt von K\u00dcBLER Produktion Dresden. Hochwertige Fotografien mit europaweiten Ver\u00f6ffentlichungen, die jeden Blick fangen.\"><\/a><a href=\"https:\/\/cdn.schepers-photography.de\/uploads\/2023\/08\/kuebler_produktion_dresden_0112.jpg\" title=\"K\u00dcBLER Production Dresden | Europe-wide publications\"data-lcl-txt=\"Tauchen Sie ein in die fesselnde Fotowelt von K\u00dcBLER Produktion Dresden. Hochwertige Fotografien mit europaweiten Ver\u00f6ffentlichungen, die jeden Blick fangen.\"><\/a><a href=\"https:\/\/cdn.schepers-photography.de\/uploads\/2023\/08\/kuebler_produktion_dresden_0146.jpg\" title=\"K\u00dcBLER Production Dresden | Europe-wide publications\"data-lcl-txt=\"Tauchen Sie ein in die fesselnde Fotowelt von K\u00dcBLER Produktion Dresden. Hochwertige Fotografien mit europaweiten Ver\u00f6ffentlichungen, die jeden Blick fangen.\"><\/a><a href=\"https:\/\/cdn.schepers-photography.de\/uploads\/2023\/08\/kuebler_produktion_dresden_0168.jpg\" title=\"K\u00dcBLER Production Dresden | Europe-wide publications\"data-lcl-txt=\"Tauchen Sie ein in die fesselnde Fotowelt von K\u00dcBLER Produktion Dresden. Hochwertige Fotografien mit europaweiten Ver\u00f6ffentlichungen, die jeden Blick fangen.\"><\/a><a href=\"https:\/\/cdn.schepers-photography.de\/uploads\/2023\/08\/kuebler_produktion_dresden_0228.jpg\" title=\"K\u00dcBLER Production Dresden | Europe-wide publications\"data-lcl-txt=\"Tauchen Sie ein in die fesselnde Fotowelt von K\u00dcBLER Produktion Dresden. Hochwertige Fotografien mit europaweiten Ver\u00f6ffentlichungen, die jeden Blick fangen.\"><\/a><a href=\"https:\/\/cdn.schepers-photography.de\/uploads\/2023\/08\/kuebler_produktion_dresden_0001.jpg\" title=\"K\u00dcBLER Production Dresden | Europe-wide publications\"data-lcl-txt=\"Tauchen Sie ein in die fesselnde Fotowelt von K\u00dcBLER Produktion Dresden. Hochwertige Fotografien mit europaweiten Ver\u00f6ffentlichungen, die jeden Blick fangen.\"><\/a><\/div><div class=\"wp-block-photofolio-gallery-image-container\"><a href=\"https:\/\/cdn.schepers-photography.de\/uploads\/2023\/08\/cockpit-1-scaled-1.jpg\" title=\"In the cockpit | ADAC | Ludwigshafen\"data-lcl-txt=\"Im Cockpit | ADAC | Ludwigshafen\">\n                            <img decoding=\"async\" width=\"2560\" height=\"1280\" src=\"https:\/\/cdn.schepers-photography.de\/uploads\/2023\/08\/cockpit-1-scaled-1.jpg\" class=\"wp-block-photofolio-gallery-image\" alt=\"In the cockpit | ADAC | Ludwigshafen\" srcset=\"https:\/\/www.schepers-photography.de\/wp-content\/uploads\/2023\/08\/cockpit-1-scaled-1.jpg 2560w, https:\/\/www.schepers-photography.de\/wp-content\/uploads\/2023\/08\/cockpit-1-scaled-1-300x150.jpg 300w, https:\/\/www.schepers-photography.de\/wp-content\/uploads\/2023\/08\/cockpit-1-scaled-1-1024x512.jpg 1024w, https:\/\/www.schepers-photography.de\/wp-content\/uploads\/2023\/08\/cockpit-1-scaled-1-768x384.jpg 768w, https:\/\/www.schepers-photography.de\/wp-content\/uploads\/2023\/08\/cockpit-1-scaled-1-60x30.jpg 60w, https:\/\/www.schepers-photography.de\/wp-content\/uploads\/2023\/08\/cockpit-1-scaled-1-480x240.jpg 480w, https:\/\/www.schepers-photography.de\/wp-content\/uploads\/2023\/08\/cockpit-1-scaled-1-560x280.jpg 560w, https:\/\/www.schepers-photography.de\/wp-content\/uploads\/2023\/08\/cockpit-1-scaled-1-1920x960.jpg 1920w, https:\/\/www.schepers-photography.de\/wp-content\/uploads\/2023\/08\/cockpit-1-scaled-1-1536x768.jpg 1536w, https:\/\/www.schepers-photography.de\/wp-content\/uploads\/2023\/08\/cockpit-1-scaled-1-2048x1024.jpg 2048w, https:\/\/www.schepers-photography.de\/wp-content\/uploads\/2023\/08\/cockpit-1-scaled-1-18x9.jpg 18w\" sizes=\"(max-width: 2560px) 100vw, 2560px\" \/>\n                            <div class=\"wp-block-photofolio-gallery-image-overlay\">\n                                <p class=\"wp-block-photofolio-gallery-image-overlay-title\">In the cockpit | ADAC | Ludwigshafen<\/p>\n                            <\/div>\n                        <\/a><\/div><div class=\"wp-block-photofolio-gallery-image-container\"><a href=\"https:\/\/cdn.schepers-photography.de\/uploads\/2023\/08\/Char_Steiger_Zusatz007.jpg\" title=\"Char Steiger | Mannheim\"data-lcl-txt=\"Char Steiger | Mannheim\">\n                            <img decoding=\"async\" width=\"1850\" height=\"1233\" src=\"https:\/\/cdn.schepers-photography.de\/uploads\/2023\/08\/Char_Steiger_Zusatz007.jpg\" class=\"wp-block-photofolio-gallery-image\" alt=\"Char Steiger | Mannheim\" srcset=\"https:\/\/www.schepers-photography.de\/wp-content\/uploads\/2023\/08\/Char_Steiger_Zusatz007.jpg 1850w, https:\/\/www.schepers-photography.de\/wp-content\/uploads\/2023\/08\/Char_Steiger_Zusatz007-300x200.jpg 300w, https:\/\/www.schepers-photography.de\/wp-content\/uploads\/2023\/08\/Char_Steiger_Zusatz007-1024x682.jpg 1024w, https:\/\/www.schepers-photography.de\/wp-content\/uploads\/2023\/08\/Char_Steiger_Zusatz007-768x512.jpg 768w, https:\/\/www.schepers-photography.de\/wp-content\/uploads\/2023\/08\/Char_Steiger_Zusatz007-60x40.jpg 60w, https:\/\/www.schepers-photography.de\/wp-content\/uploads\/2023\/08\/Char_Steiger_Zusatz007-480x320.jpg 480w, https:\/\/www.schepers-photography.de\/wp-content\/uploads\/2023\/08\/Char_Steiger_Zusatz007-560x373.jpg 560w, https:\/\/www.schepers-photography.de\/wp-content\/uploads\/2023\/08\/Char_Steiger_Zusatz007-1536x1024.jpg 1536w, https:\/\/www.schepers-photography.de\/wp-content\/uploads\/2023\/08\/Char_Steiger_Zusatz007-18x12.jpg 18w\" sizes=\"(max-width: 1850px) 100vw, 1850px\" \/>\n                            <div class=\"wp-block-photofolio-gallery-image-overlay\">\n                                <p class=\"wp-block-photofolio-gallery-image-overlay-title\">Char Steiger | Mannheim<\/p>\n                            <\/div>\n                        <\/a><a href=\"https:\/\/cdn.schepers-photography.de\/uploads\/2023\/08\/Char_Steiger_026.jpg\" title=\"Char Steiger | Mannheim\"data-lcl-txt=\"Char Steiger | Mannheim\"><\/a><a href=\"https:\/\/cdn.schepers-photography.de\/uploads\/2023\/08\/Char_Steiger_039.jpg\" title=\"Char Steiger | Mannheim\"data-lcl-txt=\"Char Steiger | Mannheim\"><\/a><a href=\"https:\/\/cdn.schepers-photography.de\/uploads\/2023\/08\/Char_Steiger_059.jpg\" title=\"Char Steiger | Mannheim\"data-lcl-txt=\"Char Steiger | Mannheim\"><\/a><a href=\"https:\/\/cdn.schepers-photography.de\/uploads\/2023\/08\/Char_Steiger_080.jpg\" title=\"Char Steiger | Mannheim\"data-lcl-txt=\"Char Steiger | Mannheim\"><\/a><a href=\"https:\/\/cdn.schepers-photography.de\/uploads\/2023\/08\/Char_Steiger_Zusatz008.jpg\" title=\"Char Steiger | Mannheim\"data-lcl-txt=\"Char Steiger | Mannheim\"><\/a><a href=\"https:\/\/cdn.schepers-photography.de\/uploads\/2023\/08\/Char_Steiger_Zusatz006.jpg\" title=\"Char Steiger | Mannheim\"data-lcl-txt=\"Char Steiger | Mannheim\"><\/a><a href=\"https:\/\/cdn.schepers-photography.de\/uploads\/2023\/08\/Char_Steiger_Zusatz004.jpg\" title=\"Char Steiger | Mannheim\"data-lcl-txt=\"Char Steiger | Mannheim\"><\/a><a href=\"https:\/\/cdn.schepers-photography.de\/uploads\/2023\/08\/Char_Steiger_Zusatz005.jpg\" title=\"Char Steiger | Mannheim\"data-lcl-txt=\"Char Steiger | Mannheim\"><\/a><a href=\"https:\/\/cdn.schepers-photography.de\/uploads\/2023\/08\/Char_Steiger_Zusatz009.jpg\" title=\"Char Steiger | Mannheim\"data-lcl-txt=\"Char Steiger | Mannheim\"><\/a><\/div><div class=\"wp-block-photofolio-gallery-image-container\"><a href=\"https:\/\/cdn.schepers-photography.de\/uploads\/2023\/08\/ADAC017-1.jpg\" title=\"\tADAC | Ludwigshafen\"data-lcl-txt=\"\tADAC | Ludwigshafen\">\n                            <img decoding=\"async\" width=\"1850\" height=\"1387\" src=\"https:\/\/cdn.schepers-photography.de\/uploads\/2023\/08\/ADAC017-1.jpg\" class=\"wp-block-photofolio-gallery-image\" alt=\"Yellow helicopter from above on landing site\" srcset=\"https:\/\/www.schepers-photography.de\/wp-content\/uploads\/2023\/08\/ADAC017-1.jpg 1850w, https:\/\/www.schepers-photography.de\/wp-content\/uploads\/2023\/08\/ADAC017-1-300x225.jpg 300w, https:\/\/www.schepers-photography.de\/wp-content\/uploads\/2023\/08\/ADAC017-1-1024x768.jpg 1024w, https:\/\/www.schepers-photography.de\/wp-content\/uploads\/2023\/08\/ADAC017-1-768x576.jpg 768w, https:\/\/www.schepers-photography.de\/wp-content\/uploads\/2023\/08\/ADAC017-1-60x45.jpg 60w, https:\/\/www.schepers-photography.de\/wp-content\/uploads\/2023\/08\/ADAC017-1-480x360.jpg 480w, https:\/\/www.schepers-photography.de\/wp-content\/uploads\/2023\/08\/ADAC017-1-560x420.jpg 560w, https:\/\/www.schepers-photography.de\/wp-content\/uploads\/2023\/08\/ADAC017-1-1536x1152.jpg 1536w, https:\/\/www.schepers-photography.de\/wp-content\/uploads\/2023\/08\/ADAC017-1-16x12.jpg 16w\" sizes=\"(max-width: 1850px) 100vw, 1850px\" \/>\n                            <div class=\"wp-block-photofolio-gallery-image-overlay\">\n                                <p class=\"wp-block-photofolio-gallery-image-overlay-title\">ADAC | Ludwigshafen<\/p>\n                            <\/div>\n                        <\/a><a href=\"https:\/\/cdn.schepers-photography.de\/uploads\/2023\/08\/ADAC056-1.jpg\" title=\"\tADAC | Ludwigshafen\"data-lcl-txt=\"\tADAC | Ludwigshafen\"><\/a><a href=\"https:\/\/cdn.schepers-photography.de\/uploads\/2023\/08\/ADAC052.jpg\" title=\"\tADAC | Ludwigshafen\"data-lcl-txt=\"\tADAC | Ludwigshafen\"><\/a><a href=\"https:\/\/cdn.schepers-photography.de\/uploads\/2023\/08\/ADAC093-1.jpg\" title=\"ADAC | Ludwigshafen\"data-lcl-txt=\"ADAC | Ludwigshafen\"><\/a><a href=\"https:\/\/cdn.schepers-photography.de\/uploads\/2023\/08\/ADAC042.jpg\" title=\"\tADAC | Ludwigshafen\"data-lcl-txt=\"\tADAC | Ludwigshafen\"><\/a><a href=\"https:\/\/cdn.schepers-photography.de\/uploads\/2023\/08\/ADAC002.jpg\" title=\"\tADAC | Ludwigshafen\"data-lcl-txt=\"\tADAC | Ludwigshafen\"><\/a><a href=\"https:\/\/cdn.schepers-photography.de\/uploads\/2023\/08\/ADAC011.jpg\" title=\"\tADAC | Ludwigshafen\"data-lcl-txt=\"\tADAC | Ludwigshafen\"><\/a><a href=\"https:\/\/cdn.schepers-photography.de\/uploads\/2023\/08\/ADAC029.jpg\" title=\"\tADAC | Ludwigshafen\"data-lcl-txt=\"\tADAC | Ludwigshafen\"><\/a><a href=\"https:\/\/cdn.schepers-photography.de\/uploads\/2023\/08\/ADAC037.jpg\" title=\"\tADAC | Ludwigshafen\"data-lcl-txt=\"\tADAC | Ludwigshafen\"><\/a><a href=\"https:\/\/cdn.schepers-photography.de\/uploads\/2023\/08\/ADAC065.jpg\" title=\"\tADAC | Ludwigshafen\"data-lcl-txt=\"\tADAC | Ludwigshafen\"><\/a><\/div><div class=\"wp-block-photofolio-gallery-image-container\"><a href=\"https:\/\/cdn.schepers-photography.de\/uploads\/2023\/06\/Hanhofen_0083_klein.jpg\" >\n                            <img decoding=\"async\" width=\"2500\" height=\"1667\" src=\"https:\/\/cdn.schepers-photography.de\/uploads\/2023\/06\/Hanhofen_0083_klein.jpg\" class=\"wp-block-photofolio-gallery-image\" alt=\"Bright living room with leather sofas and large windows\" srcset=\"https:\/\/www.schepers-photography.de\/wp-content\/uploads\/2023\/06\/Hanhofen_0083_klein.jpg 2500w, https:\/\/www.schepers-photography.de\/wp-content\/uploads\/2023\/06\/Hanhofen_0083_klein-300x200.jpg 300w, https:\/\/www.schepers-photography.de\/wp-content\/uploads\/2023\/06\/Hanhofen_0083_klein-1024x683.jpg 1024w, https:\/\/www.schepers-photography.de\/wp-content\/uploads\/2023\/06\/Hanhofen_0083_klein-768x512.jpg 768w, https:\/\/www.schepers-photography.de\/wp-content\/uploads\/2023\/06\/Hanhofen_0083_klein-60x40.jpg 60w, https:\/\/www.schepers-photography.de\/wp-content\/uploads\/2023\/06\/Hanhofen_0083_klein-480x320.jpg 480w, https:\/\/www.schepers-photography.de\/wp-content\/uploads\/2023\/06\/Hanhofen_0083_klein-560x373.jpg 560w, https:\/\/www.schepers-photography.de\/wp-content\/uploads\/2023\/06\/Hanhofen_0083_klein-1920x1280.jpg 1920w, https:\/\/www.schepers-photography.de\/wp-content\/uploads\/2023\/06\/Hanhofen_0083_klein-1536x1024.jpg 1536w, https:\/\/www.schepers-photography.de\/wp-content\/uploads\/2023\/06\/Hanhofen_0083_klein-2048x1366.jpg 2048w, https:\/\/www.schepers-photography.de\/wp-content\/uploads\/2023\/06\/Hanhofen_0083_klein-18x12.jpg 18w\" sizes=\"(max-width: 2500px) 100vw, 2500px\" \/>\n                            <div class=\"wp-block-photofolio-gallery-image-overlay\">\n                                <p class=\"wp-block-photofolio-gallery-image-overlay-title\">Riegel Real Estate | Hanhofen<\/p>\n                            <\/div>\n                        <\/a><a href=\"https:\/\/cdn.schepers-photography.de\/uploads\/2023\/06\/Hanhofen_0021_klein.jpg\" ><\/a><a href=\"https:\/\/cdn.schepers-photography.de\/uploads\/2023\/06\/Hanhofen_0026_klein.jpg\" ><\/a><a href=\"https:\/\/cdn.schepers-photography.de\/uploads\/2023\/06\/Hanhofen_0035_klein.jpg\" ><\/a><a href=\"https:\/\/cdn.schepers-photography.de\/uploads\/2023\/06\/Hanhofen_0055_klein.jpg\" ><\/a><a href=\"https:\/\/cdn.schepers-photography.de\/uploads\/2023\/06\/Hanhofen_0060_klein.jpg\" ><\/a><a href=\"https:\/\/cdn.schepers-photography.de\/uploads\/2023\/06\/Hanhofen_0062_klein.jpg\" ><\/a><a href=\"https:\/\/cdn.schepers-photography.de\/uploads\/2023\/06\/Hanhofen_0079_klein.jpg\" ><\/a><a href=\"https:\/\/cdn.schepers-photography.de\/uploads\/2023\/06\/Hanhofen_0091_klein.jpg\" ><\/a><a href=\"https:\/\/cdn.schepers-photography.de\/uploads\/2023\/06\/Hanhofen_0098_klein.jpg\" ><\/a><a href=\"https:\/\/cdn.schepers-photography.de\/uploads\/2023\/06\/Hanhofen_0101_klein.jpg\" ><\/a><a href=\"https:\/\/cdn.schepers-photography.de\/uploads\/2023\/06\/Hanhofen_Luftbilder_0001___klein.jpg\" ><\/a><a href=\"https:\/\/cdn.schepers-photography.de\/uploads\/2023\/06\/Hanhofen_0005_klein.jpg\" ><\/a><a href=\"https:\/\/cdn.schepers-photography.de\/uploads\/2023\/06\/Hanhofen_0015_klein.jpg\" ><\/a><a href=\"https:\/\/cdn.schepers-photography.de\/uploads\/2023\/06\/Hanhofen_Luftbilder_0001_klein.jpg\" ><\/a><a href=\"https:\/\/cdn.schepers-photography.de\/uploads\/2023\/06\/Hanhofen_Luftbilder_0005_klein.jpg\" ><\/a><a href=\"https:\/\/cdn.schepers-photography.de\/uploads\/2023\/06\/Hanhofen_Luftbilder_0007_klein.jpg\" ><\/a><a href=\"https:\/\/cdn.schepers-photography.de\/uploads\/2023\/06\/Hanhofen_Luftbilder_0011_klein.jpg\" ><\/a><\/div><div class=\"wp-block-photofolio-gallery-image-container\"><a href=\"https:\/\/cdn.schepers-photography.de\/uploads\/2023\/06\/Ludwigshafen_4.jpg\" >\n                            <img decoding=\"async\" width=\"2500\" height=\"1667\" src=\"https:\/\/cdn.schepers-photography.de\/uploads\/2023\/06\/Ludwigshafen_4.jpg\" class=\"wp-block-photofolio-gallery-image\" alt=\"Concert with colorful lighting and crowds\" srcset=\"https:\/\/www.schepers-photography.de\/wp-content\/uploads\/2023\/06\/Ludwigshafen_4.jpg 2500w, https:\/\/www.schepers-photography.de\/wp-content\/uploads\/2023\/06\/Ludwigshafen_4-300x200.jpg 300w, https:\/\/www.schepers-photography.de\/wp-content\/uploads\/2023\/06\/Ludwigshafen_4-1024x683.jpg 1024w, https:\/\/www.schepers-photography.de\/wp-content\/uploads\/2023\/06\/Ludwigshafen_4-768x512.jpg 768w, https:\/\/www.schepers-photography.de\/wp-content\/uploads\/2023\/06\/Ludwigshafen_4-60x40.jpg 60w, https:\/\/www.schepers-photography.de\/wp-content\/uploads\/2023\/06\/Ludwigshafen_4-480x320.jpg 480w, https:\/\/www.schepers-photography.de\/wp-content\/uploads\/2023\/06\/Ludwigshafen_4-560x373.jpg 560w, https:\/\/www.schepers-photography.de\/wp-content\/uploads\/2023\/06\/Ludwigshafen_4-1920x1280.jpg 1920w, https:\/\/www.schepers-photography.de\/wp-content\/uploads\/2023\/06\/Ludwigshafen_4-1536x1024.jpg 1536w, https:\/\/www.schepers-photography.de\/wp-content\/uploads\/2023\/06\/Ludwigshafen_4-2048x1366.jpg 2048w, https:\/\/www.schepers-photography.de\/wp-content\/uploads\/2023\/06\/Ludwigshafen_4-18x12.jpg 18w\" sizes=\"(max-width: 2500px) 100vw, 2500px\" \/>\n                            <div class=\"wp-block-photofolio-gallery-image-overlay\">\n                                <p class=\"wp-block-photofolio-gallery-image-overlay-title\">Ludwigshafen City Festival 2018 | Felix Jaehn | Tim Bendzko | LUKOM<\/p>\n                            <\/div>\n                        <\/a><a href=\"https:\/\/cdn.schepers-photography.de\/uploads\/2023\/06\/Ludwigshafen_3.jpg\" ><\/a><a href=\"https:\/\/cdn.schepers-photography.de\/uploads\/2023\/06\/Ludwigshafen_2.jpg\" ><\/a><a href=\"https:\/\/cdn.schepers-photography.de\/uploads\/2023\/06\/Ludwigshafen.jpg\" ><\/a><a href=\"https:\/\/cdn.schepers-photography.de\/uploads\/2023\/06\/Ludwigshafen_1.jpg\" ><\/a><\/div><div class=\"wp-block-photofolio-gallery-image-container\"><a href=\"https:\/\/cdn.schepers-photography.de\/uploads\/2023\/04\/Portfolio_Schepers6-scaled-1.jpg\" >\n                            <img decoding=\"async\" width=\"1920\" height=\"2560\" src=\"https:\/\/cdn.schepers-photography.de\/uploads\/2023\/04\/Portfolio_Schepers6-scaled-1.jpg\" class=\"wp-block-photofolio-gallery-image\" alt=\"Person running on a treadmill\" srcset=\"https:\/\/www.schepers-photography.de\/wp-content\/uploads\/2023\/04\/Portfolio_Schepers6-scaled-1.jpg 1920w, https:\/\/www.schepers-photography.de\/wp-content\/uploads\/2023\/04\/Portfolio_Schepers6-scaled-1-225x300.jpg 225w, https:\/\/www.schepers-photography.de\/wp-content\/uploads\/2023\/04\/Portfolio_Schepers6-scaled-1-768x1024.jpg 768w, https:\/\/www.schepers-photography.de\/wp-content\/uploads\/2023\/04\/Portfolio_Schepers6-scaled-1-60x80.jpg 60w, https:\/\/www.schepers-photography.de\/wp-content\/uploads\/2023\/04\/Portfolio_Schepers6-scaled-1-480x640.jpg 480w, https:\/\/www.schepers-photography.de\/wp-content\/uploads\/2023\/04\/Portfolio_Schepers6-scaled-1-560x747.jpg 560w, https:\/\/www.schepers-photography.de\/wp-content\/uploads\/2023\/04\/Portfolio_Schepers6-scaled-1-1152x1536.jpg 1152w, https:\/\/www.schepers-photography.de\/wp-content\/uploads\/2023\/04\/Portfolio_Schepers6-scaled-1-1536x2048.jpg 1536w, https:\/\/www.schepers-photography.de\/wp-content\/uploads\/2023\/04\/Portfolio_Schepers6-scaled-1-9x12.jpg 9w\" sizes=\"(max-width: 1920px) 100vw, 1920px\" \/>\n                            <div class=\"wp-block-photofolio-gallery-image-overlay\">\n                                <p class=\"wp-block-photofolio-gallery-image-overlay-title\">BASF<\/p>\n                            <\/div>\n                        <\/a><a href=\"https:\/\/cdn.schepers-photography.de\/uploads\/2023\/04\/BASF-scaled-1.jpg\" ><\/a><\/div><div class=\"wp-block-photofolio-gallery-image-container\"><a href=\"https:\/\/cdn.schepers-photography.de\/uploads\/2023\/06\/Teambild_2023_Mai2-scaled-1.jpg\" >\n                            <img decoding=\"async\" width=\"2560\" height=\"1280\" src=\"https:\/\/cdn.schepers-photography.de\/uploads\/2023\/06\/Teambild_2023_Mai2-scaled-1.jpg\" class=\"wp-block-photofolio-gallery-image\" alt=\"Team picture | Riegel Immobilien\" srcset=\"https:\/\/www.schepers-photography.de\/wp-content\/uploads\/2023\/06\/Teambild_2023_Mai2-scaled-1.jpg 2560w, https:\/\/www.schepers-photography.de\/wp-content\/uploads\/2023\/06\/Teambild_2023_Mai2-scaled-1-300x150.jpg 300w, https:\/\/www.schepers-photography.de\/wp-content\/uploads\/2023\/06\/Teambild_2023_Mai2-scaled-1-1024x512.jpg 1024w, https:\/\/www.schepers-photography.de\/wp-content\/uploads\/2023\/06\/Teambild_2023_Mai2-scaled-1-768x384.jpg 768w, https:\/\/www.schepers-photography.de\/wp-content\/uploads\/2023\/06\/Teambild_2023_Mai2-scaled-1-60x30.jpg 60w, https:\/\/www.schepers-photography.de\/wp-content\/uploads\/2023\/06\/Teambild_2023_Mai2-scaled-1-480x240.jpg 480w, https:\/\/www.schepers-photography.de\/wp-content\/uploads\/2023\/06\/Teambild_2023_Mai2-scaled-1-560x280.jpg 560w, https:\/\/www.schepers-photography.de\/wp-content\/uploads\/2023\/06\/Teambild_2023_Mai2-scaled-1-1920x960.jpg 1920w, https:\/\/www.schepers-photography.de\/wp-content\/uploads\/2023\/06\/Teambild_2023_Mai2-scaled-1-1536x768.jpg 1536w, https:\/\/www.schepers-photography.de\/wp-content\/uploads\/2023\/06\/Teambild_2023_Mai2-scaled-1-2048x1024.jpg 2048w, https:\/\/www.schepers-photography.de\/wp-content\/uploads\/2023\/06\/Teambild_2023_Mai2-scaled-1-18x9.jpg 18w\" sizes=\"(max-width: 2560px) 100vw, 2560px\" \/>\n                            <div class=\"wp-block-photofolio-gallery-image-overlay\">\n                                <p class=\"wp-block-photofolio-gallery-image-overlay-title\">Team picture | Riegel Immobilien<\/p>\n                            <\/div>\n                        <\/a><\/div><div class=\"wp-block-photofolio-gallery-image-container\"><a href=\"https:\/\/cdn.schepers-photography.de\/uploads\/2023\/06\/Lingenfeld.jpg\" >\n                            <img decoding=\"async\" width=\"2200\" height=\"1467\" src=\"https:\/\/cdn.schepers-photography.de\/uploads\/2023\/06\/Lingenfeld.jpg\" class=\"wp-block-photofolio-gallery-image\" alt=\"Riegel Real Estate | Lingenfeld\" srcset=\"https:\/\/www.schepers-photography.de\/wp-content\/uploads\/2023\/06\/Lingenfeld.jpg 2200w, https:\/\/www.schepers-photography.de\/wp-content\/uploads\/2023\/06\/Lingenfeld-300x200.jpg 300w, https:\/\/www.schepers-photography.de\/wp-content\/uploads\/2023\/06\/Lingenfeld-1024x683.jpg 1024w, https:\/\/www.schepers-photography.de\/wp-content\/uploads\/2023\/06\/Lingenfeld-768x512.jpg 768w, https:\/\/www.schepers-photography.de\/wp-content\/uploads\/2023\/06\/Lingenfeld-60x40.jpg 60w, https:\/\/www.schepers-photography.de\/wp-content\/uploads\/2023\/06\/Lingenfeld-480x320.jpg 480w, https:\/\/www.schepers-photography.de\/wp-content\/uploads\/2023\/06\/Lingenfeld-560x373.jpg 560w, https:\/\/www.schepers-photography.de\/wp-content\/uploads\/2023\/06\/Lingenfeld-1920x1280.jpg 1920w, https:\/\/www.schepers-photography.de\/wp-content\/uploads\/2023\/06\/Lingenfeld-1536x1024.jpg 1536w, https:\/\/www.schepers-photography.de\/wp-content\/uploads\/2023\/06\/Lingenfeld-2048x1366.jpg 2048w, https:\/\/www.schepers-photography.de\/wp-content\/uploads\/2023\/06\/Lingenfeld-18x12.jpg 18w\" sizes=\"(max-width: 2200px) 100vw, 2200px\" \/>\n                            <div class=\"wp-block-photofolio-gallery-image-overlay\">\n                                <p class=\"wp-block-photofolio-gallery-image-overlay-title\">Riegel Real Estate | Lingenfeld<\/p>\n                            <\/div>\n                        <\/a><a href=\"https:\/\/cdn.schepers-photography.de\/uploads\/2023\/06\/Lingenfeld_5.jpg\" ><\/a><a href=\"https:\/\/cdn.schepers-photography.de\/uploads\/2023\/06\/Lingenfeld_2.jpg\" ><\/a><a href=\"https:\/\/cdn.schepers-photography.de\/uploads\/2023\/06\/Lingenfeld_3.jpg\" ><\/a><a href=\"https:\/\/cdn.schepers-photography.de\/uploads\/2023\/06\/Lingenfeld_1.jpg\" ><\/a><a href=\"https:\/\/cdn.schepers-photography.de\/uploads\/2023\/06\/Lingenfeld_4.jpg\" ><\/a><a href=\"https:\/\/cdn.schepers-photography.de\/uploads\/2023\/06\/Lingenfeld_6.jpg\" ><\/a><a href=\"https:\/\/cdn.schepers-photography.de\/uploads\/2023\/06\/Lingenfeld_7.jpg\" ><\/a><a href=\"https:\/\/cdn.schepers-photography.de\/uploads\/2023\/06\/Lingenfeld_8.jpg\" ><\/a><a href=\"https:\/\/cdn.schepers-photography.de\/uploads\/2023\/06\/Lingenfeld_9.jpg\" ><\/a><a href=\"https:\/\/cdn.schepers-photography.de\/uploads\/2023\/06\/Lingenfeld_10.jpg\" ><\/a><a href=\"https:\/\/cdn.schepers-photography.de\/uploads\/2023\/06\/Lingenfeld_11.jpg\" ><\/a><a href=\"https:\/\/cdn.schepers-photography.de\/uploads\/2023\/06\/Lingenfeld_12.jpg\" ><\/a><a href=\"https:\/\/cdn.schepers-photography.de\/uploads\/2023\/06\/Lingenfeld_13.jpg\" ><\/a><a href=\"https:\/\/cdn.schepers-photography.de\/uploads\/2023\/06\/Lingenfeld_14.jpg\" ><\/a><a href=\"https:\/\/cdn.schepers-photography.de\/uploads\/2023\/06\/Lingenfeld_15.jpg\" ><\/a><a href=\"https:\/\/cdn.schepers-photography.de\/uploads\/2023\/06\/Lingenfeld_16.jpg\" ><\/a><\/div><div class=\"wp-block-photofolio-gallery-image-container\"><a href=\"https:\/\/cdn.schepers-photography.de\/uploads\/2023\/06\/hotel_restaurant_Wilgartswiesen0012.jpg\" >\n                            <img decoding=\"async\" width=\"1650\" height=\"1100\" src=\"https:\/\/cdn.schepers-photography.de\/uploads\/2023\/06\/hotel_restaurant_Wilgartswiesen0012.jpg\" class=\"wp-block-photofolio-gallery-image\" alt=\"Buffet area in modern dining room\" srcset=\"https:\/\/www.schepers-photography.de\/wp-content\/uploads\/2023\/06\/hotel_restaurant_Wilgartswiesen0012.jpg 1650w, https:\/\/www.schepers-photography.de\/wp-content\/uploads\/2023\/06\/hotel_restaurant_Wilgartswiesen0012-300x200.jpg 300w, https:\/\/www.schepers-photography.de\/wp-content\/uploads\/2023\/06\/hotel_restaurant_Wilgartswiesen0012-1024x683.jpg 1024w, https:\/\/www.schepers-photography.de\/wp-content\/uploads\/2023\/06\/hotel_restaurant_Wilgartswiesen0012-768x512.jpg 768w, https:\/\/www.schepers-photography.de\/wp-content\/uploads\/2023\/06\/hotel_restaurant_Wilgartswiesen0012-60x40.jpg 60w, https:\/\/www.schepers-photography.de\/wp-content\/uploads\/2023\/06\/hotel_restaurant_Wilgartswiesen0012-480x320.jpg 480w, https:\/\/www.schepers-photography.de\/wp-content\/uploads\/2023\/06\/hotel_restaurant_Wilgartswiesen0012-560x373.jpg 560w, https:\/\/www.schepers-photography.de\/wp-content\/uploads\/2023\/06\/hotel_restaurant_Wilgartswiesen0012-1536x1024.jpg 1536w, https:\/\/www.schepers-photography.de\/wp-content\/uploads\/2023\/06\/hotel_restaurant_Wilgartswiesen0012-18x12.jpg 18w\" sizes=\"(max-width: 1650px) 100vw, 1650px\" \/>\n                            <div class=\"wp-block-photofolio-gallery-image-overlay\">\n                                <p class=\"wp-block-photofolio-gallery-image-overlay-title\">Riegel Immobilien | Hotel&amp;Restaurant | Wilgartswiesen<\/p>\n                            <\/div>\n                        <\/a><a href=\"https:\/\/cdn.schepers-photography.de\/uploads\/2023\/06\/hotel_restaurant_Wilgartswiesen0007.jpg\" ><\/a><a href=\"https:\/\/cdn.schepers-photography.de\/uploads\/2023\/06\/hotel_restaurant_Wilgartswiesen0010.jpg\" ><\/a><a href=\"https:\/\/cdn.schepers-photography.de\/uploads\/2023\/06\/hotel_restaurant_Wilgartswiesen0009.jpg\" ><\/a><a href=\"https:\/\/cdn.schepers-photography.de\/uploads\/2023\/06\/hotel_restaurant_Wilgartswiesen0008.jpg\" ><\/a><a href=\"https:\/\/cdn.schepers-photography.de\/uploads\/2023\/06\/hotel_restaurant_Wilgartswiesen0011.jpg\" ><\/a><a href=\"https:\/\/cdn.schepers-photography.de\/uploads\/2023\/06\/hotel_restaurant_Wilgartswiesen0013.jpg\" ><\/a><a href=\"https:\/\/cdn.schepers-photography.de\/uploads\/2023\/06\/hotel_restaurant_Wilgartswiesen0014.jpg\" ><\/a><a href=\"https:\/\/cdn.schepers-photography.de\/uploads\/2023\/06\/hotel_restaurant_Wilgartswiesen0015.jpg\" ><\/a><a href=\"https:\/\/cdn.schepers-photography.de\/uploads\/2023\/06\/hotel_restaurant_Wilgartswiesen0016.jpg\" ><\/a><a href=\"https:\/\/cdn.schepers-photography.de\/uploads\/2023\/06\/hotel_restaurant_Wilgartswiesen0017.jpg\" ><\/a><a href=\"https:\/\/cdn.schepers-photography.de\/uploads\/2023\/06\/hotel_restaurant_Wilgartswiesen0019.jpg\" ><\/a><a href=\"https:\/\/cdn.schepers-photography.de\/uploads\/2023\/06\/hotel_restaurant_Wilgartswiesen0020.jpg\" ><\/a><a href=\"https:\/\/cdn.schepers-photography.de\/uploads\/2023\/06\/hotel_restaurant_Wilgartswiesen0018.jpg\" ><\/a><a href=\"https:\/\/cdn.schepers-photography.de\/uploads\/2023\/06\/hotel_restaurant_Wilgartswiesen0022.jpg\" ><\/a><a href=\"https:\/\/cdn.schepers-photography.de\/uploads\/2023\/06\/hotel_restaurant_Wilgartswiesen0023.jpg\" ><\/a><a href=\"https:\/\/cdn.schepers-photography.de\/uploads\/2023\/06\/hotel_restaurant_Wilgartswiesen0024.jpg\" ><\/a><a href=\"https:\/\/cdn.schepers-photography.de\/uploads\/2023\/06\/hotel_restaurant_Wilgartswiesen0025.jpg\" ><\/a><a href=\"https:\/\/cdn.schepers-photography.de\/uploads\/2023\/06\/hotel_restaurant_Wilgartswiesen0026.jpg\" ><\/a><a href=\"https:\/\/cdn.schepers-photography.de\/uploads\/2023\/06\/hotel_restaurant_Wilgartswiesen0027.jpg\" ><\/a><a href=\"https:\/\/cdn.schepers-photography.de\/uploads\/2023\/06\/hotel_restaurant_Wilgartswiesen0028.jpg\" ><\/a><a href=\"https:\/\/cdn.schepers-photography.de\/uploads\/2023\/06\/hotel_restaurant_Wilgartswiesen0029.jpg\" ><\/a><a href=\"https:\/\/cdn.schepers-photography.de\/uploads\/2023\/06\/hotel_restaurant_Wilgartswiesen0030.jpg\" ><\/a><a href=\"https:\/\/cdn.schepers-photography.de\/uploads\/2023\/06\/hotel_restaurant_Wilgartswiesen0037.jpg\" ><\/a><a href=\"https:\/\/cdn.schepers-photography.de\/uploads\/2023\/06\/hotel_restaurant_Wilgartswiesen0005.jpg\" ><\/a><a href=\"https:\/\/cdn.schepers-photography.de\/uploads\/2023\/06\/hotel_restaurant_Wilgartswiesen0031.jpg\" ><\/a><a href=\"https:\/\/cdn.schepers-photography.de\/uploads\/2023\/06\/hotel_restaurant_Wilgartswiesen0032.jpg\" ><\/a><a href=\"https:\/\/cdn.schepers-photography.de\/uploads\/2023\/06\/hotel_restaurant_Wilgartswiesen0033.jpg\" ><\/a><a href=\"https:\/\/cdn.schepers-photography.de\/uploads\/2023\/06\/hotel_restaurant_Wilgartswiesen0034.jpg\" ><\/a><a href=\"https:\/\/cdn.schepers-photography.de\/uploads\/2023\/06\/hotel_restaurant_Wilgartswiesen0035.jpg\" ><\/a><a href=\"https:\/\/cdn.schepers-photography.de\/uploads\/2023\/06\/hotel_restaurant_Wilgartswiesen0036.jpg\" ><\/a><a href=\"https:\/\/cdn.schepers-photography.de\/uploads\/2023\/06\/hotel_restaurant_Wilgartswiesen0038.jpg\" ><\/a><a href=\"https:\/\/cdn.schepers-photography.de\/uploads\/2023\/06\/hotel_restaurant_Wilgartswiesen0001.jpg\" ><\/a><a href=\"https:\/\/cdn.schepers-photography.de\/uploads\/2023\/06\/hotel_restaurant_Wilgartswiesen0004.jpg\" ><\/a><a href=\"https:\/\/cdn.schepers-photography.de\/uploads\/2023\/06\/hotel_restaurant_Wilgartswiesen0002.jpg\" ><\/a><a href=\"https:\/\/cdn.schepers-photography.de\/uploads\/2023\/06\/hotel_restaurant_Wilgartswiesen0003.jpg\" ><\/a><\/div><div class=\"wp-block-photofolio-gallery-image-container\"><a href=\"https:\/\/cdn.schepers-photography.de\/uploads\/2023\/06\/Nemo_Schifferstadt_21.jpg\" >\n                            <img decoding=\"async\" width=\"1650\" height=\"825\" src=\"https:\/\/cdn.schepers-photography.de\/uploads\/2023\/06\/Nemo_Schifferstadt_21.jpg\" class=\"wp-block-photofolio-gallery-image\" alt=\"Aerial view of a town with fields and forest.\" srcset=\"https:\/\/www.schepers-photography.de\/wp-content\/uploads\/2023\/06\/Nemo_Schifferstadt_21.jpg 1650w, https:\/\/www.schepers-photography.de\/wp-content\/uploads\/2023\/06\/Nemo_Schifferstadt_21-300x150.jpg 300w, https:\/\/www.schepers-photography.de\/wp-content\/uploads\/2023\/06\/Nemo_Schifferstadt_21-1024x512.jpg 1024w, https:\/\/www.schepers-photography.de\/wp-content\/uploads\/2023\/06\/Nemo_Schifferstadt_21-768x384.jpg 768w, https:\/\/www.schepers-photography.de\/wp-content\/uploads\/2023\/06\/Nemo_Schifferstadt_21-60x30.jpg 60w, https:\/\/www.schepers-photography.de\/wp-content\/uploads\/2023\/06\/Nemo_Schifferstadt_21-480x240.jpg 480w, https:\/\/www.schepers-photography.de\/wp-content\/uploads\/2023\/06\/Nemo_Schifferstadt_21-560x280.jpg 560w, https:\/\/www.schepers-photography.de\/wp-content\/uploads\/2023\/06\/Nemo_Schifferstadt_21-1536x768.jpg 1536w, https:\/\/www.schepers-photography.de\/wp-content\/uploads\/2023\/06\/Nemo_Schifferstadt_21-18x9.jpg 18w\" sizes=\"(max-width: 1650px) 100vw, 1650px\" \/>\n                            <div class=\"wp-block-photofolio-gallery-image-overlay\">\n                                <p class=\"wp-block-photofolio-gallery-image-overlay-title\">Riegel Immobilien | Nemo | Schifferstadt<\/p>\n                            <\/div>\n                        <\/a><a href=\"https:\/\/cdn.schepers-photography.de\/uploads\/2023\/06\/Nemo_Schifferstadt_20.jpg\" ><\/a><a href=\"https:\/\/cdn.schepers-photography.de\/uploads\/2023\/06\/Nemo_Schifferstadt_19.jpg\" ><\/a><a href=\"https:\/\/cdn.schepers-photography.de\/uploads\/2023\/06\/Nemo_Schifferstadt_18.jpg\" ><\/a><a href=\"https:\/\/cdn.schepers-photography.de\/uploads\/2023\/06\/Nemo_Schifferstadt_17.jpg\" ><\/a><a href=\"https:\/\/cdn.schepers-photography.de\/uploads\/2023\/06\/Nemo_Schifferstadt_15.jpg\" ><\/a><a href=\"https:\/\/cdn.schepers-photography.de\/uploads\/2023\/06\/Nemo_Schifferstadt_14.jpg\" ><\/a><a href=\"https:\/\/cdn.schepers-photography.de\/uploads\/2023\/06\/Nemo_Schifferstadt_13.jpg\" ><\/a><a href=\"https:\/\/cdn.schepers-photography.de\/uploads\/2023\/06\/Nemo_Schifferstadt_12.jpg\" ><\/a><a href=\"https:\/\/cdn.schepers-photography.de\/uploads\/2023\/06\/Nemo_Schifferstadt_11.jpg\" ><\/a><a href=\"https:\/\/cdn.schepers-photography.de\/uploads\/2023\/06\/Nemo_Schifferstadt_9.jpg\" ><\/a><a href=\"https:\/\/cdn.schepers-photography.de\/uploads\/2023\/06\/Nemo_Schifferstadt_10.jpg\" ><\/a><a href=\"https:\/\/cdn.schepers-photography.de\/uploads\/2023\/06\/Nemo_Schifferstadt_8.jpg\" ><\/a><a href=\"https:\/\/cdn.schepers-photography.de\/uploads\/2023\/06\/Nemo_Schifferstadt_7.jpg\" ><\/a><a href=\"https:\/\/cdn.schepers-photography.de\/uploads\/2023\/06\/Nemo_Schifferstadt_6.jpg\" ><\/a><a href=\"https:\/\/cdn.schepers-photography.de\/uploads\/2023\/06\/Nemo_Schifferstadt_4.jpg\" ><\/a><a href=\"https:\/\/cdn.schepers-photography.de\/uploads\/2023\/06\/Nemo_Schifferstadt_5.jpg\" ><\/a><a href=\"https:\/\/cdn.schepers-photography.de\/uploads\/2023\/06\/Nemo_Schifferstadt_3.jpg\" ><\/a><a href=\"https:\/\/cdn.schepers-photography.de\/uploads\/2023\/06\/Nemo_Schifferstadt_2.jpg\" ><\/a><a href=\"https:\/\/cdn.schepers-photography.de\/uploads\/2023\/06\/Nemo_Schifferstadt_1.jpg\" ><\/a><a href=\"https:\/\/cdn.schepers-photography.de\/uploads\/2023\/06\/Nemo_Schifferstadt.jpg\" ><\/a><\/div><div class=\"wp-block-photofolio-gallery-image-container\"><a href=\"https:\/\/cdn.schepers-photography.de\/uploads\/2023\/06\/Grossfischlingen.jpg\" title=\"Riegel Real Estate | Gro\u00dffischlingen\"data-lcl-txt=\"Gro\u00dffischlingen ist eine kleine Gemeinde in Rheinland-Pfalz, Deutschland. Wie viele kleine Gemeinden in Deutschland ist es von einer ruhigen, l\u00e4ndlichen Atmosph\u00e4re gepr\u00e4gt, die sich in einer Kombination aus historischen und modernen Bauten widerspiegelt. \">\n                            <img decoding=\"async\" width=\"1650\" height=\"1100\" src=\"https:\/\/cdn.schepers-photography.de\/uploads\/2023\/06\/Grossfischlingen.jpg\" class=\"wp-block-photofolio-gallery-image\" alt=\"Gro\u00dffischlingen is a small municipality in Rhineland-Palatinate, Germany. Like many small communities in Germany, it is characterized by a quiet, rural atmosphere, which is reflected in a combination of historic and modern buildings.\" srcset=\"https:\/\/www.schepers-photography.de\/wp-content\/uploads\/2023\/06\/Grossfischlingen.jpg 1650w, https:\/\/www.schepers-photography.de\/wp-content\/uploads\/2023\/06\/Grossfischlingen-300x200.jpg 300w, https:\/\/www.schepers-photography.de\/wp-content\/uploads\/2023\/06\/Grossfischlingen-1024x683.jpg 1024w, https:\/\/www.schepers-photography.de\/wp-content\/uploads\/2023\/06\/Grossfischlingen-768x512.jpg 768w, https:\/\/www.schepers-photography.de\/wp-content\/uploads\/2023\/06\/Grossfischlingen-60x40.jpg 60w, https:\/\/www.schepers-photography.de\/wp-content\/uploads\/2023\/06\/Grossfischlingen-480x320.jpg 480w, https:\/\/www.schepers-photography.de\/wp-content\/uploads\/2023\/06\/Grossfischlingen-560x373.jpg 560w, https:\/\/www.schepers-photography.de\/wp-content\/uploads\/2023\/06\/Grossfischlingen-1536x1024.jpg 1536w, https:\/\/www.schepers-photography.de\/wp-content\/uploads\/2023\/06\/Grossfischlingen-18x12.jpg 18w\" sizes=\"(max-width: 1650px) 100vw, 1650px\" \/>\n                            <div class=\"wp-block-photofolio-gallery-image-overlay\">\n                                <p class=\"wp-block-photofolio-gallery-image-overlay-title\">Riegel Real Estate | Gro\u00dffischlingen<\/p>\n                            <\/div>\n                        <\/a><a href=\"https:\/\/cdn.schepers-photography.de\/uploads\/2023\/06\/Grossfischlingen_11.jpg\" title=\"Riegel Real Estate | Gro\u00dffischlingen\"data-lcl-txt=\"Gro\u00dffischlingen ist eine kleine Gemeinde in Rheinland-Pfalz, Deutschland. Wie viele kleine Gemeinden in Deutschland ist es von einer ruhigen, l\u00e4ndlichen Atmosph\u00e4re gepr\u00e4gt, die sich in einer Kombination aus historischen und modernen Bauten widerspiegelt. \"><\/a><a href=\"https:\/\/cdn.schepers-photography.de\/uploads\/2023\/06\/Grossfischlingen_13.jpg\" title=\"Riegel Real Estate | Gro\u00dffischlingen\"data-lcl-txt=\"Gro\u00dffischlingen ist eine kleine Gemeinde in Rheinland-Pfalz, Deutschland. Wie viele kleine Gemeinden in Deutschland ist es von einer ruhigen, l\u00e4ndlichen Atmosph\u00e4re gepr\u00e4gt, die sich in einer Kombination aus historischen und modernen Bauten widerspiegelt. \"><\/a><a href=\"https:\/\/cdn.schepers-photography.de\/uploads\/2023\/06\/Grossfischlingen_2.jpg\" title=\"Riegel Real Estate | Gro\u00dffischlingen\"data-lcl-txt=\"Gro\u00dffischlingen ist eine kleine Gemeinde in Rheinland-Pfalz, Deutschland. Wie viele kleine Gemeinden in Deutschland ist es von einer ruhigen, l\u00e4ndlichen Atmosph\u00e4re gepr\u00e4gt, die sich in einer Kombination aus historischen und modernen Bauten widerspiegelt. \"><\/a><a href=\"https:\/\/cdn.schepers-photography.de\/uploads\/2023\/06\/Grossfischlingen_3.jpg\" title=\"Riegel Real Estate | Gro\u00dffischlingen\"data-lcl-txt=\"Gro\u00dffischlingen ist eine kleine Gemeinde in Rheinland-Pfalz, Deutschland. Wie viele kleine Gemeinden in Deutschland ist es von einer ruhigen, l\u00e4ndlichen Atmosph\u00e4re gepr\u00e4gt, die sich in einer Kombination aus historischen und modernen Bauten widerspiegelt. \"><\/a><a href=\"https:\/\/cdn.schepers-photography.de\/uploads\/2023\/06\/Grossfischlingen_17.jpg\" title=\"Riegel Real Estate | Gro\u00dffischlingen\"data-lcl-txt=\"Gro\u00dffischlingen ist eine kleine Gemeinde in Rheinland-Pfalz, Deutschland. Wie viele kleine Gemeinden in Deutschland ist es von einer ruhigen, l\u00e4ndlichen Atmosph\u00e4re gepr\u00e4gt, die sich in einer Kombination aus historischen und modernen Bauten widerspiegelt. \"><\/a><a href=\"https:\/\/cdn.schepers-photography.de\/uploads\/2023\/06\/Grossfischlingen_1.jpg\" title=\"Riegel Real Estate | Gro\u00dffischlingen\"data-lcl-txt=\"Gro\u00dffischlingen ist eine kleine Gemeinde in Rheinland-Pfalz, Deutschland. Wie viele kleine Gemeinden in Deutschland ist es von einer ruhigen, l\u00e4ndlichen Atmosph\u00e4re gepr\u00e4gt, die sich in einer Kombination aus historischen und modernen Bauten widerspiegelt. \"><\/a><a href=\"https:\/\/cdn.schepers-photography.de\/uploads\/2023\/06\/Grossfischlingen_18.jpg\" title=\"Riegel Real Estate | Gro\u00dffischlingen\"data-lcl-txt=\"Gro\u00dffischlingen ist eine kleine Gemeinde in Rheinland-Pfalz, Deutschland. Wie viele kleine Gemeinden in Deutschland ist es von einer ruhigen, l\u00e4ndlichen Atmosph\u00e4re gepr\u00e4gt, die sich in einer Kombination aus historischen und modernen Bauten widerspiegelt. \"><\/a><a href=\"https:\/\/cdn.schepers-photography.de\/uploads\/2023\/06\/Grossfischlingen_16.jpg\" title=\"Riegel Real Estate | Gro\u00dffischlingen\"data-lcl-txt=\"Gro\u00dffischlingen ist eine kleine Gemeinde in Rheinland-Pfalz, Deutschland. Wie viele kleine Gemeinden in Deutschland ist es von einer ruhigen, l\u00e4ndlichen Atmosph\u00e4re gepr\u00e4gt, die sich in einer Kombination aus historischen und modernen Bauten widerspiegelt. \"><\/a><a href=\"https:\/\/cdn.schepers-photography.de\/uploads\/2023\/06\/Grossfischlingen_7.jpg\" title=\"Riegel Real Estate | Gro\u00dffischlingen\"data-lcl-txt=\"Gro\u00dffischlingen ist eine kleine Gemeinde in Rheinland-Pfalz, Deutschland. Wie viele kleine Gemeinden in Deutschland ist es von einer ruhigen, l\u00e4ndlichen Atmosph\u00e4re gepr\u00e4gt, die sich in einer Kombination aus historischen und modernen Bauten widerspiegelt. \"><\/a><a href=\"https:\/\/cdn.schepers-photography.de\/uploads\/2023\/06\/Grossfischlingen_15.jpg\" title=\"Riegel Real Estate | Gro\u00dffischlingen\"data-lcl-txt=\"Gro\u00dffischlingen ist eine kleine Gemeinde in Rheinland-Pfalz, Deutschland. Wie viele kleine Gemeinden in Deutschland ist es von einer ruhigen, l\u00e4ndlichen Atmosph\u00e4re gepr\u00e4gt, die sich in einer Kombination aus historischen und modernen Bauten widerspiegelt. \"><\/a><a href=\"https:\/\/cdn.schepers-photography.de\/uploads\/2023\/06\/Grossfischlingen_12.jpg\" title=\"Riegel Real Estate | Gro\u00dffischlingen\"data-lcl-txt=\"Gro\u00dffischlingen ist eine kleine Gemeinde in Rheinland-Pfalz, Deutschland. Wie viele kleine Gemeinden in Deutschland ist es von einer ruhigen, l\u00e4ndlichen Atmosph\u00e4re gepr\u00e4gt, die sich in einer Kombination aus historischen und modernen Bauten widerspiegelt. \"><\/a><a href=\"https:\/\/cdn.schepers-photography.de\/uploads\/2023\/06\/Grossfischlingen_10.jpg\" title=\"Riegel Real Estate | Gro\u00dffischlingen\"data-lcl-txt=\"Gro\u00dffischlingen ist eine kleine Gemeinde in Rheinland-Pfalz, Deutschland. Wie viele kleine Gemeinden in Deutschland ist es von einer ruhigen, l\u00e4ndlichen Atmosph\u00e4re gepr\u00e4gt, die sich in einer Kombination aus historischen und modernen Bauten widerspiegelt. \"><\/a><a href=\"https:\/\/cdn.schepers-photography.de\/uploads\/2023\/06\/Grossfischlingen_14.jpg\" title=\"Riegel Real Estate | Gro\u00dffischlingen\"data-lcl-txt=\"Gro\u00dffischlingen ist eine kleine Gemeinde in Rheinland-Pfalz, Deutschland. Wie viele kleine Gemeinden in Deutschland ist es von einer ruhigen, l\u00e4ndlichen Atmosph\u00e4re gepr\u00e4gt, die sich in einer Kombination aus historischen und modernen Bauten widerspiegelt. \"><\/a><a href=\"https:\/\/cdn.schepers-photography.de\/uploads\/2023\/06\/Grossfischlingen_8.jpg\" title=\"Riegel Real Estate | Gro\u00dffischlingen\"data-lcl-txt=\"Gro\u00dffischlingen ist eine kleine Gemeinde in Rheinland-Pfalz, Deutschland. Wie viele kleine Gemeinden in Deutschland ist es von einer ruhigen, l\u00e4ndlichen Atmosph\u00e4re gepr\u00e4gt, die sich in einer Kombination aus historischen und modernen Bauten widerspiegelt. \"><\/a><a href=\"https:\/\/cdn.schepers-photography.de\/uploads\/2023\/06\/Grossfischlingen_19.jpg\" title=\"Riegel Real Estate | Gro\u00dffischlingen\"data-lcl-txt=\"Gro\u00dffischlingen ist eine kleine Gemeinde in Rheinland-Pfalz, Deutschland. Wie viele kleine Gemeinden in Deutschland ist es von einer ruhigen, l\u00e4ndlichen Atmosph\u00e4re gepr\u00e4gt, die sich in einer Kombination aus historischen und modernen Bauten widerspiegelt. \"><\/a><a href=\"https:\/\/cdn.schepers-photography.de\/uploads\/2023\/06\/Grossfischlingen_6.jpg\" title=\"Riegel Real Estate | Gro\u00dffischlingen\"data-lcl-txt=\"Gro\u00dffischlingen ist eine kleine Gemeinde in Rheinland-Pfalz, Deutschland. Wie viele kleine Gemeinden in Deutschland ist es von einer ruhigen, l\u00e4ndlichen Atmosph\u00e4re gepr\u00e4gt, die sich in einer Kombination aus historischen und modernen Bauten widerspiegelt. \"><\/a><a href=\"https:\/\/cdn.schepers-photography.de\/uploads\/2023\/06\/Grossfischlingen_4.jpg\" title=\"Riegel Real Estate | Gro\u00dffischlingen\"data-lcl-txt=\"Gro\u00dffischlingen ist eine kleine Gemeinde in Rheinland-Pfalz, Deutschland. Wie viele kleine Gemeinden in Deutschland ist es von einer ruhigen, l\u00e4ndlichen Atmosph\u00e4re gepr\u00e4gt, die sich in einer Kombination aus historischen und modernen Bauten widerspiegelt. \"><\/a><a href=\"https:\/\/cdn.schepers-photography.de\/uploads\/2023\/06\/Grossfischlingen_9.jpg\" title=\"Riegel Real Estate | Gro\u00dffischlingen\"data-lcl-txt=\"Gro\u00dffischlingen ist eine kleine Gemeinde in Rheinland-Pfalz, Deutschland. Wie viele kleine Gemeinden in Deutschland ist es von einer ruhigen, l\u00e4ndlichen Atmosph\u00e4re gepr\u00e4gt, die sich in einer Kombination aus historischen und modernen Bauten widerspiegelt. \"><\/a><a href=\"https:\/\/cdn.schepers-photography.de\/uploads\/2023\/06\/Grossfischlingen_5.jpg\" title=\"Riegel Real Estate | Gro\u00dffischlingen\"data-lcl-txt=\"Gro\u00dffischlingen ist eine kleine Gemeinde in Rheinland-Pfalz, Deutschland. Wie viele kleine Gemeinden in Deutschland ist es von einer ruhigen, l\u00e4ndlichen Atmosph\u00e4re gepr\u00e4gt, die sich in einer Kombination aus historischen und modernen Bauten widerspiegelt. \"><\/a><\/div><div class=\"wp-block-photofolio-gallery-image-container\"><a href=\"https:\/\/cdn.schepers-photography.de\/uploads\/2023\/06\/maifest_maikammer_71.jpg\" title=\"May Festival Maikammer | Verein S\u00fcdliche Weinstrasse Maikammer e.V.\"data-lcl-txt=\"Das 49. Maifest in Maikammer fand vom 18. bis 21. Mai statt. Die Er\u00f6ffnung am Marktplatz, begleitet von SWR-Moderator Martin Seidler, beinhaltete einen Festweinanstich. 14 Weing\u00fcter und lokale Vereine sorgten f\u00fcr Weingenuss und Essen. Neben einem Musikprogramm gab es auch Angebote f\u00fcr Kinder, Kunsthandwerker und diverse F\u00fchrungen. H\u00f6hepunkte waren die \"sellemols-parade\" am samstag und ein verkaufsoffener sonntag mit flohmarkt. den abschluss bildete musik weinverkostung.\">\n                            <img decoding=\"async\" width=\"2000\" height=\"1333\" src=\"https:\/\/cdn.schepers-photography.de\/uploads\/2023\/06\/maifest_maikammer_71.jpg\" class=\"wp-block-photofolio-gallery-image\" alt=\"May Festival Maikammer | Verein S\u00fcdliche Weinstrasse Maikammer e.V.\" srcset=\"https:\/\/www.schepers-photography.de\/wp-content\/uploads\/2023\/06\/maifest_maikammer_71.jpg 2000w, https:\/\/www.schepers-photography.de\/wp-content\/uploads\/2023\/06\/maifest_maikammer_71-300x200.jpg 300w, https:\/\/www.schepers-photography.de\/wp-content\/uploads\/2023\/06\/maifest_maikammer_71-1024x682.jpg 1024w, https:\/\/www.schepers-photography.de\/wp-content\/uploads\/2023\/06\/maifest_maikammer_71-768x512.jpg 768w, https:\/\/www.schepers-photography.de\/wp-content\/uploads\/2023\/06\/maifest_maikammer_71-60x40.jpg 60w, https:\/\/www.schepers-photography.de\/wp-content\/uploads\/2023\/06\/maifest_maikammer_71-480x320.jpg 480w, https:\/\/www.schepers-photography.de\/wp-content\/uploads\/2023\/06\/maifest_maikammer_71-560x373.jpg 560w, https:\/\/www.schepers-photography.de\/wp-content\/uploads\/2023\/06\/maifest_maikammer_71-1920x1280.jpg 1920w, https:\/\/www.schepers-photography.de\/wp-content\/uploads\/2023\/06\/maifest_maikammer_71-1536x1024.jpg 1536w, https:\/\/www.schepers-photography.de\/wp-content\/uploads\/2023\/06\/maifest_maikammer_71-18x12.jpg 18w\" sizes=\"(max-width: 2000px) 100vw, 2000px\" \/>\n                            <div class=\"wp-block-photofolio-gallery-image-overlay\">\n                                <p class=\"wp-block-photofolio-gallery-image-overlay-title\">May Festival Maikammer | Verein S\u00fcdliche Weinstrasse Maikammer e.V.<\/p>\n                            <\/div>\n                        <\/a><a href=\"https:\/\/cdn.schepers-photography.de\/uploads\/2023\/06\/maifest_maikammer_70.jpg\" title=\"May Festival Maikammer | Verein S\u00fcdliche Weinstrasse Maikammer e.V.\"data-lcl-txt=\"Das 49. Maifest in Maikammer fand vom 18. bis 21. Mai statt. Die Er\u00f6ffnung am Marktplatz, begleitet von SWR-Moderator Martin Seidler, beinhaltete einen Festweinanstich. 14 Weing\u00fcter und lokale Vereine sorgten f\u00fcr Weingenuss und Essen. Neben einem Musikprogramm gab es auch Angebote f\u00fcr Kinder, Kunsthandwerker und diverse F\u00fchrungen. H\u00f6hepunkte waren die \"sellemols-parade\" am samstag und ein verkaufsoffener sonntag mit flohmarkt. den abschluss bildete musik weinverkostung.\"><\/a><a href=\"https:\/\/cdn.schepers-photography.de\/uploads\/2023\/06\/maifest_maikammer_72.jpg\" title=\"May Festival Maikammer | Verein S\u00fcdliche Weinstrasse Maikammer e.V.\"data-lcl-txt=\"Das 49. Maifest in Maikammer fand vom 18. bis 21. Mai statt. Die Er\u00f6ffnung am Marktplatz, begleitet von SWR-Moderator Martin Seidler, beinhaltete einen Festweinanstich. 14 Weing\u00fcter und lokale Vereine sorgten f\u00fcr Weingenuss und Essen. Neben einem Musikprogramm gab es auch Angebote f\u00fcr Kinder, Kunsthandwerker und diverse F\u00fchrungen. H\u00f6hepunkte waren die \"sellemols-parade\" am samstag und ein verkaufsoffener sonntag mit flohmarkt. den abschluss bildete musik weinverkostung.\"><\/a><a href=\"https:\/\/cdn.schepers-photography.de\/uploads\/2023\/06\/maifest_maikammer_79.jpg\" title=\"May Festival Maikammer | Verein S\u00fcdliche Weinstrasse Maikammer e.V.\"data-lcl-txt=\"Das 49. Maifest in Maikammer fand vom 18. bis 21. Mai statt. Die Er\u00f6ffnung am Marktplatz, begleitet von SWR-Moderator Martin Seidler, beinhaltete einen Festweinanstich. 14 Weing\u00fcter und lokale Vereine sorgten f\u00fcr Weingenuss und Essen. Neben einem Musikprogramm gab es auch Angebote f\u00fcr Kinder, Kunsthandwerker und diverse F\u00fchrungen. H\u00f6hepunkte waren die \"sellemols-parade\" am samstag und ein verkaufsoffener sonntag mit flohmarkt. den abschluss bildete musik weinverkostung.\"><\/a><a href=\"https:\/\/cdn.schepers-photography.de\/uploads\/2023\/06\/maifest_maikammer_74.jpg\" title=\"May Festival Maikammer | Verein S\u00fcdliche Weinstrasse Maikammer e.V.\"data-lcl-txt=\"Das 49. Maifest in Maikammer fand vom 18. bis 21. Mai statt. Die Er\u00f6ffnung am Marktplatz, begleitet von SWR-Moderator Martin Seidler, beinhaltete einen Festweinanstich. 14 Weing\u00fcter und lokale Vereine sorgten f\u00fcr Weingenuss und Essen. Neben einem Musikprogramm gab es auch Angebote f\u00fcr Kinder, Kunsthandwerker und diverse F\u00fchrungen. H\u00f6hepunkte waren die \"sellemols-parade\" am samstag und ein verkaufsoffener sonntag mit flohmarkt. den abschluss bildete musik weinverkostung.\"><\/a><a href=\"https:\/\/cdn.schepers-photography.de\/uploads\/2023\/06\/maifest_maikammer_73.jpg\" title=\"May Festival Maikammer | Verein S\u00fcdliche Weinstrasse Maikammer e.V.\"data-lcl-txt=\"Das 49. Maifest in Maikammer fand vom 18. bis 21. Mai statt. Die Er\u00f6ffnung am Marktplatz, begleitet von SWR-Moderator Martin Seidler, beinhaltete einen Festweinanstich. 14 Weing\u00fcter und lokale Vereine sorgten f\u00fcr Weingenuss und Essen. Neben einem Musikprogramm gab es auch Angebote f\u00fcr Kinder, Kunsthandwerker und diverse F\u00fchrungen. H\u00f6hepunkte waren die \"sellemols-parade\" am samstag und ein verkaufsoffener sonntag mit flohmarkt. den abschluss bildete musik weinverkostung.\"><\/a><a href=\"https:\/\/cdn.schepers-photography.de\/uploads\/2023\/06\/maifest_maikammer_75.jpg\" title=\"May Festival Maikammer | Verein S\u00fcdliche Weinstrasse Maikammer e.V.\"data-lcl-txt=\"Das 49. Maifest in Maikammer fand vom 18. bis 21. Mai statt. Die Er\u00f6ffnung am Marktplatz, begleitet von SWR-Moderator Martin Seidler, beinhaltete einen Festweinanstich. 14 Weing\u00fcter und lokale Vereine sorgten f\u00fcr Weingenuss und Essen. Neben einem Musikprogramm gab es auch Angebote f\u00fcr Kinder, Kunsthandwerker und diverse F\u00fchrungen. H\u00f6hepunkte waren die \"sellemols-parade\" am samstag und ein verkaufsoffener sonntag mit flohmarkt. den abschluss bildete musik weinverkostung.\"><\/a><a href=\"https:\/\/cdn.schepers-photography.de\/uploads\/2023\/06\/maifest_maikammer_78.jpg\" title=\"May Festival Maikammer | Verein S\u00fcdliche Weinstrasse Maikammer e.V.\"data-lcl-txt=\"Das 49. Maifest in Maikammer fand vom 18. bis 21. Mai statt. Die Er\u00f6ffnung am Marktplatz, begleitet von SWR-Moderator Martin Seidler, beinhaltete einen Festweinanstich. 14 Weing\u00fcter und lokale Vereine sorgten f\u00fcr Weingenuss und Essen. Neben einem Musikprogramm gab es auch Angebote f\u00fcr Kinder, Kunsthandwerker und diverse F\u00fchrungen. H\u00f6hepunkte waren die \"sellemols-parade\" am samstag und ein verkaufsoffener sonntag mit flohmarkt. den abschluss bildete musik weinverkostung.\"><\/a><a href=\"https:\/\/cdn.schepers-photography.de\/uploads\/2023\/06\/maifest_maikammer_59.jpg\" title=\"May Festival Maikammer | Verein S\u00fcdliche Weinstrasse Maikammer e.V.\"data-lcl-txt=\"Das 49. Maifest in Maikammer fand vom 18. bis 21. Mai statt. Die Er\u00f6ffnung am Marktplatz, begleitet von SWR-Moderator Martin Seidler, beinhaltete einen Festweinanstich. 14 Weing\u00fcter und lokale Vereine sorgten f\u00fcr Weingenuss und Essen. Neben einem Musikprogramm gab es auch Angebote f\u00fcr Kinder, Kunsthandwerker und diverse F\u00fchrungen. H\u00f6hepunkte waren die \"sellemols-parade\" am samstag und ein verkaufsoffener sonntag mit flohmarkt. den abschluss bildete musik weinverkostung.\"><\/a><a href=\"https:\/\/cdn.schepers-photography.de\/uploads\/2023\/06\/maifest_maikammer_58.jpg\" title=\"May Festival Maikammer | Verein S\u00fcdliche Weinstrasse Maikammer e.V.\"data-lcl-txt=\"Das 49. Maifest in Maikammer fand vom 18. bis 21. Mai statt. Die Er\u00f6ffnung am Marktplatz, begleitet von SWR-Moderator Martin Seidler, beinhaltete einen Festweinanstich. 14 Weing\u00fcter und lokale Vereine sorgten f\u00fcr Weingenuss und Essen. Neben einem Musikprogramm gab es auch Angebote f\u00fcr Kinder, Kunsthandwerker und diverse F\u00fchrungen. H\u00f6hepunkte waren die \"sellemols-parade\" am samstag und ein verkaufsoffener sonntag mit flohmarkt. den abschluss bildete musik weinverkostung.\"><\/a><a href=\"https:\/\/cdn.schepers-photography.de\/uploads\/2023\/06\/maifest_maikammer_60.jpg\" title=\"May Festival Maikammer | Verein S\u00fcdliche Weinstrasse Maikammer e.V.\"data-lcl-txt=\"Das 49. Maifest in Maikammer fand vom 18. bis 21. Mai statt. Die Er\u00f6ffnung am Marktplatz, begleitet von SWR-Moderator Martin Seidler, beinhaltete einen Festweinanstich. 14 Weing\u00fcter und lokale Vereine sorgten f\u00fcr Weingenuss und Essen. Neben einem Musikprogramm gab es auch Angebote f\u00fcr Kinder, Kunsthandwerker und diverse F\u00fchrungen. H\u00f6hepunkte waren die \"sellemols-parade\" am samstag und ein verkaufsoffener sonntag mit flohmarkt. den abschluss bildete musik weinverkostung.\"><\/a><a href=\"https:\/\/cdn.schepers-photography.de\/uploads\/2023\/06\/maifest_maikammer_62.jpg\" title=\"May Festival Maikammer | Verein S\u00fcdliche Weinstrasse Maikammer e.V.\"data-lcl-txt=\"Das 49. Maifest in Maikammer fand vom 18. bis 21. Mai statt. Die Er\u00f6ffnung am Marktplatz, begleitet von SWR-Moderator Martin Seidler, beinhaltete einen Festweinanstich. 14 Weing\u00fcter und lokale Vereine sorgten f\u00fcr Weingenuss und Essen. Neben einem Musikprogramm gab es auch Angebote f\u00fcr Kinder, Kunsthandwerker und diverse F\u00fchrungen. H\u00f6hepunkte waren die \"sellemols-parade\" am samstag und ein verkaufsoffener sonntag mit flohmarkt. den abschluss bildete musik weinverkostung.\"><\/a><a href=\"https:\/\/cdn.schepers-photography.de\/uploads\/2023\/06\/maifest_maikammer_64.jpg\" title=\"May Festival Maikammer | Verein S\u00fcdliche Weinstrasse Maikammer e.V.\"data-lcl-txt=\"Das 49. Maifest in Maikammer fand vom 18. bis 21. Mai statt. Die Er\u00f6ffnung am Marktplatz, begleitet von SWR-Moderator Martin Seidler, beinhaltete einen Festweinanstich. 14 Weing\u00fcter und lokale Vereine sorgten f\u00fcr Weingenuss und Essen. Neben einem Musikprogramm gab es auch Angebote f\u00fcr Kinder, Kunsthandwerker und diverse F\u00fchrungen. H\u00f6hepunkte waren die \"sellemols-parade\" am samstag und ein verkaufsoffener sonntag mit flohmarkt. den abschluss bildete musik weinverkostung.\"><\/a><a href=\"https:\/\/cdn.schepers-photography.de\/uploads\/2023\/06\/maifest_maikammer_65.jpg\" title=\"May Festival Maikammer | Verein S\u00fcdliche Weinstrasse Maikammer e.V.\"data-lcl-txt=\"Das 49. Maifest in Maikammer fand vom 18. bis 21. Mai statt. Die Er\u00f6ffnung am Marktplatz, begleitet von SWR-Moderator Martin Seidler, beinhaltete einen Festweinanstich. 14 Weing\u00fcter und lokale Vereine sorgten f\u00fcr Weingenuss und Essen. Neben einem Musikprogramm gab es auch Angebote f\u00fcr Kinder, Kunsthandwerker und diverse F\u00fchrungen. H\u00f6hepunkte waren die \"sellemols-parade\" am samstag und ein verkaufsoffener sonntag mit flohmarkt. den abschluss bildete musik weinverkostung.\"><\/a><a href=\"https:\/\/cdn.schepers-photography.de\/uploads\/2023\/06\/maifest_maikammer_66.jpg\" title=\"May Festival Maikammer | Verein S\u00fcdliche Weinstrasse Maikammer e.V.\"data-lcl-txt=\"Das 49. Maifest in Maikammer fand vom 18. bis 21. Mai statt. Die Er\u00f6ffnung am Marktplatz, begleitet von SWR-Moderator Martin Seidler, beinhaltete einen Festweinanstich. 14 Weing\u00fcter und lokale Vereine sorgten f\u00fcr Weingenuss und Essen. Neben einem Musikprogramm gab es auch Angebote f\u00fcr Kinder, Kunsthandwerker und diverse F\u00fchrungen. H\u00f6hepunkte waren die \"sellemols-parade\" am samstag und ein verkaufsoffener sonntag mit flohmarkt. den abschluss bildete musik weinverkostung.\"><\/a><a href=\"https:\/\/cdn.schepers-photography.de\/uploads\/2023\/06\/maifest_maikammer_67.jpg\" title=\"May Festival Maikammer | Verein S\u00fcdliche Weinstrasse Maikammer e.V.\"data-lcl-txt=\"Das 49. Maifest in Maikammer fand vom 18. bis 21. Mai statt. Die Er\u00f6ffnung am Marktplatz, begleitet von SWR-Moderator Martin Seidler, beinhaltete einen Festweinanstich. 14 Weing\u00fcter und lokale Vereine sorgten f\u00fcr Weingenuss und Essen. Neben einem Musikprogramm gab es auch Angebote f\u00fcr Kinder, Kunsthandwerker und diverse F\u00fchrungen. H\u00f6hepunkte waren die \"sellemols-parade\" am samstag und ein verkaufsoffener sonntag mit flohmarkt. den abschluss bildete musik weinverkostung.\"><\/a><a href=\"https:\/\/cdn.schepers-photography.de\/uploads\/2023\/06\/maifest_maikammer_68.jpg\" title=\"May Festival Maikammer | Verein S\u00fcdliche Weinstrasse Maikammer e.V.\"data-lcl-txt=\"Das 49. Maifest in Maikammer fand vom 18. bis 21. Mai statt. Die Er\u00f6ffnung am Marktplatz, begleitet von SWR-Moderator Martin Seidler, beinhaltete einen Festweinanstich. 14 Weing\u00fcter und lokale Vereine sorgten f\u00fcr Weingenuss und Essen. Neben einem Musikprogramm gab es auch Angebote f\u00fcr Kinder, Kunsthandwerker und diverse F\u00fchrungen. H\u00f6hepunkte waren die \"sellemols-parade\" am samstag und ein verkaufsoffener sonntag mit flohmarkt. den abschluss bildete musik weinverkostung.\"><\/a><a href=\"https:\/\/cdn.schepers-photography.de\/uploads\/2023\/06\/maifest_maikammer_69.jpg\" title=\"May Festival Maikammer | Verein S\u00fcdliche Weinstrasse Maikammer e.V.\"data-lcl-txt=\"Das 49. Maifest in Maikammer fand vom 18. bis 21. Mai statt. Die Er\u00f6ffnung am Marktplatz, begleitet von SWR-Moderator Martin Seidler, beinhaltete einen Festweinanstich. 14 Weing\u00fcter und lokale Vereine sorgten f\u00fcr Weingenuss und Essen. Neben einem Musikprogramm gab es auch Angebote f\u00fcr Kinder, Kunsthandwerker und diverse F\u00fchrungen. H\u00f6hepunkte waren die \"sellemols-parade\" am samstag und ein verkaufsoffener sonntag mit flohmarkt. den abschluss bildete musik weinverkostung.\"><\/a><a href=\"https:\/\/cdn.schepers-photography.de\/uploads\/2023\/06\/maifest_maikammer_76.jpg\" title=\"May Festival Maikammer | Verein S\u00fcdliche Weinstrasse Maikammer e.V.\"data-lcl-txt=\"Das 49. Maifest in Maikammer fand vom 18. bis 21. Mai statt. Die Er\u00f6ffnung am Marktplatz, begleitet von SWR-Moderator Martin Seidler, beinhaltete einen Festweinanstich. 14 Weing\u00fcter und lokale Vereine sorgten f\u00fcr Weingenuss und Essen. Neben einem Musikprogramm gab es auch Angebote f\u00fcr Kinder, Kunsthandwerker und diverse F\u00fchrungen. H\u00f6hepunkte waren die \"sellemols-parade\" am samstag und ein verkaufsoffener sonntag mit flohmarkt. den abschluss bildete musik weinverkostung.\"><\/a><a href=\"https:\/\/cdn.schepers-photography.de\/uploads\/2023\/06\/maifest_maikammer_81.jpg\" title=\"May Festival Maikammer | Verein S\u00fcdliche Weinstrasse Maikammer e.V.\"data-lcl-txt=\"Das 49. Maifest in Maikammer fand vom 18. bis 21. Mai statt. Die Er\u00f6ffnung am Marktplatz, begleitet von SWR-Moderator Martin Seidler, beinhaltete einen Festweinanstich. 14 Weing\u00fcter und lokale Vereine sorgten f\u00fcr Weingenuss und Essen. Neben einem Musikprogramm gab es auch Angebote f\u00fcr Kinder, Kunsthandwerker und diverse F\u00fchrungen. H\u00f6hepunkte waren die \"sellemols-parade\" am samstag und ein verkaufsoffener sonntag mit flohmarkt. den abschluss bildete musik weinverkostung.\"><\/a><a href=\"https:\/\/cdn.schepers-photography.de\/uploads\/2023\/06\/maifest_maikammer_82.jpg\" title=\"May Festival Maikammer | Verein S\u00fcdliche Weinstrasse Maikammer e.V.\"data-lcl-txt=\"Das 49. Maifest in Maikammer fand vom 18. bis 21. Mai statt. Die Er\u00f6ffnung am Marktplatz, begleitet von SWR-Moderator Martin Seidler, beinhaltete einen Festweinanstich. 14 Weing\u00fcter und lokale Vereine sorgten f\u00fcr Weingenuss und Essen. Neben einem Musikprogramm gab es auch Angebote f\u00fcr Kinder, Kunsthandwerker und diverse F\u00fchrungen. H\u00f6hepunkte waren die \"sellemols-parade\" am samstag und ein verkaufsoffener sonntag mit flohmarkt. den abschluss bildete musik weinverkostung.\"><\/a><a href=\"https:\/\/cdn.schepers-photography.de\/uploads\/2023\/06\/maifest_maikammer_83.jpg\" title=\"May Festival Maikammer | Verein S\u00fcdliche Weinstrasse Maikammer e.V.\"data-lcl-txt=\"Das 49. Maifest in Maikammer fand vom 18. bis 21. Mai statt. Die Er\u00f6ffnung am Marktplatz, begleitet von SWR-Moderator Martin Seidler, beinhaltete einen Festweinanstich. 14 Weing\u00fcter und lokale Vereine sorgten f\u00fcr Weingenuss und Essen. Neben einem Musikprogramm gab es auch Angebote f\u00fcr Kinder, Kunsthandwerker und diverse F\u00fchrungen. H\u00f6hepunkte waren die \"sellemols-parade\" am samstag und ein verkaufsoffener sonntag mit flohmarkt. den abschluss bildete musik weinverkostung.\"><\/a><\/div><div class=\"wp-block-photofolio-gallery-image-container\"><a href=\"\" >\n                            \n                            <div class=\"wp-block-photofolio-gallery-image-overlay\">\n                                <p class=\"wp-block-photofolio-gallery-image-overlay-title\">Jan Leonhardt | Thelen Group<\/p>\n                            <\/div>\n                        <\/a><a href=\"https:\/\/cdn.schepers-photography.de\/uploads\/2023\/05\/image001.jpg\" ><\/a><a href=\"https:\/\/cdn.schepers-photography.de\/uploads\/2023\/05\/Jan_ThelenGruppe16059_klein.jpg\" ><\/a><a href=\"https:\/\/cdn.schepers-photography.de\/uploads\/2023\/05\/Jan_ThelenGruppe16068_klein.jpg\" ><\/a><a href=\"https:\/\/cdn.schepers-photography.de\/uploads\/2023\/05\/Jan_ThelenGruppe16058_klein.jpg\" ><\/a><a href=\"https:\/\/cdn.schepers-photography.de\/uploads\/2023\/05\/Jan_ThelenGruppe16060_klein.jpg\" ><\/a><\/div><div class=\"wp-block-photofolio-gallery-image-container\"><a href=\"https:\/\/cdn.schepers-photography.de\/uploads\/2023\/05\/prof_oberlinger.jpg\" >\n                            <img decoding=\"async\" width=\"2000\" height=\"1500\" src=\"https:\/\/cdn.schepers-photography.de\/uploads\/2023\/05\/prof_oberlinger.jpg\" class=\"wp-block-photofolio-gallery-image\" alt=\"Professor Dr. Oberlinner | BASF\" srcset=\"https:\/\/www.schepers-photography.de\/wp-content\/uploads\/2023\/05\/prof_oberlinger.jpg 2000w, https:\/\/www.schepers-photography.de\/wp-content\/uploads\/2023\/05\/prof_oberlinger-300x225.jpg 300w, https:\/\/www.schepers-photography.de\/wp-content\/uploads\/2023\/05\/prof_oberlinger-1024x768.jpg 1024w, https:\/\/www.schepers-photography.de\/wp-content\/uploads\/2023\/05\/prof_oberlinger-768x576.jpg 768w, https:\/\/www.schepers-photography.de\/wp-content\/uploads\/2023\/05\/prof_oberlinger-60x45.jpg 60w, https:\/\/www.schepers-photography.de\/wp-content\/uploads\/2023\/05\/prof_oberlinger-480x360.jpg 480w, https:\/\/www.schepers-photography.de\/wp-content\/uploads\/2023\/05\/prof_oberlinger-560x420.jpg 560w, https:\/\/www.schepers-photography.de\/wp-content\/uploads\/2023\/05\/prof_oberlinger-1920x1440.jpg 1920w, https:\/\/www.schepers-photography.de\/wp-content\/uploads\/2023\/05\/prof_oberlinger-1536x1152.jpg 1536w, https:\/\/www.schepers-photography.de\/wp-content\/uploads\/2023\/05\/prof_oberlinger-16x12.jpg 16w\" sizes=\"(max-width: 2000px) 100vw, 2000px\" \/>\n                            <div class=\"wp-block-photofolio-gallery-image-overlay\">\n                                <p class=\"wp-block-photofolio-gallery-image-overlay-title\">Professor Dr. Oberlinner | BASF<\/p>\n                            <\/div>\n                        <\/a><a href=\"https:\/\/cdn.schepers-photography.de\/uploads\/2023\/05\/prof_oberlinger2.jpg\" ><\/a><\/div><div class=\"wp-block-photofolio-gallery-image-container\"><a href=\"https:\/\/cdn.schepers-photography.de\/uploads\/2023\/05\/webendoerfer_1-1.jpg\" >\n                            <img decoding=\"async\" width=\"2000\" height=\"1333\" src=\"https:\/\/cdn.schepers-photography.de\/uploads\/2023\/05\/webendoerfer_1-1.jpg\" class=\"wp-block-photofolio-gallery-image\" alt=\"Doctor in conversation with patient\" srcset=\"https:\/\/www.schepers-photography.de\/wp-content\/uploads\/2023\/05\/webendoerfer_1-1.jpg 2000w, https:\/\/www.schepers-photography.de\/wp-content\/uploads\/2023\/05\/webendoerfer_1-1-300x200.jpg 300w, https:\/\/www.schepers-photography.de\/wp-content\/uploads\/2023\/05\/webendoerfer_1-1-1024x682.jpg 1024w, https:\/\/www.schepers-photography.de\/wp-content\/uploads\/2023\/05\/webendoerfer_1-1-768x512.jpg 768w, https:\/\/www.schepers-photography.de\/wp-content\/uploads\/2023\/05\/webendoerfer_1-1-60x40.jpg 60w, https:\/\/www.schepers-photography.de\/wp-content\/uploads\/2023\/05\/webendoerfer_1-1-480x320.jpg 480w, https:\/\/www.schepers-photography.de\/wp-content\/uploads\/2023\/05\/webendoerfer_1-1-560x373.jpg 560w, https:\/\/www.schepers-photography.de\/wp-content\/uploads\/2023\/05\/webendoerfer_1-1-1920x1280.jpg 1920w, https:\/\/www.schepers-photography.de\/wp-content\/uploads\/2023\/05\/webendoerfer_1-1-1536x1024.jpg 1536w, https:\/\/www.schepers-photography.de\/wp-content\/uploads\/2023\/05\/webendoerfer_1-1-18x12.jpg 18w\" sizes=\"(max-width: 2000px) 100vw, 2000px\" \/>\n                            <div class=\"wp-block-photofolio-gallery-image-overlay\">\n                                <p class=\"wp-block-photofolio-gallery-image-overlay-title\">Dr. Webend\u00f6rfer | BASF<\/p>\n                            <\/div>\n                        <\/a><a href=\"https:\/\/cdn.schepers-photography.de\/uploads\/2023\/05\/webedoerfer.jpg\" ><\/a><a href=\"https:\/\/cdn.schepers-photography.de\/uploads\/2023\/05\/webendoerfer-1.jpg\" ><\/a><a href=\"https:\/\/cdn.schepers-photography.de\/uploads\/2023\/05\/webendoerfer_3.jpg\" ><\/a><a href=\"https:\/\/cdn.schepers-photography.de\/uploads\/2023\/05\/webendoerfer.jpg\" ><\/a><a href=\"https:\/\/cdn.schepers-photography.de\/uploads\/2023\/05\/webendoerfer_1.jpg\" ><\/a><\/div><div class=\"wp-block-photofolio-gallery-image-container\"><a href=\"https:\/\/cdn.schepers-photography.de\/uploads\/2023\/05\/dr_nicolas_meyer_ft_2-1.jpg\" >\n                            <img decoding=\"async\" width=\"2000\" height=\"1333\" src=\"https:\/\/cdn.schepers-photography.de\/uploads\/2023\/05\/dr_nicolas_meyer_ft_2-1.jpg\" class=\"wp-block-photofolio-gallery-image\" alt=\"Surgical hand holds medical device\" srcset=\"https:\/\/www.schepers-photography.de\/wp-content\/uploads\/2023\/05\/dr_nicolas_meyer_ft_2-1.jpg 2000w, https:\/\/www.schepers-photography.de\/wp-content\/uploads\/2023\/05\/dr_nicolas_meyer_ft_2-1-300x200.jpg 300w, https:\/\/www.schepers-photography.de\/wp-content\/uploads\/2023\/05\/dr_nicolas_meyer_ft_2-1-1024x682.jpg 1024w, https:\/\/www.schepers-photography.de\/wp-content\/uploads\/2023\/05\/dr_nicolas_meyer_ft_2-1-768x512.jpg 768w, https:\/\/www.schepers-photography.de\/wp-content\/uploads\/2023\/05\/dr_nicolas_meyer_ft_2-1-60x40.jpg 60w, https:\/\/www.schepers-photography.de\/wp-content\/uploads\/2023\/05\/dr_nicolas_meyer_ft_2-1-480x320.jpg 480w, https:\/\/www.schepers-photography.de\/wp-content\/uploads\/2023\/05\/dr_nicolas_meyer_ft_2-1-560x373.jpg 560w, https:\/\/www.schepers-photography.de\/wp-content\/uploads\/2023\/05\/dr_nicolas_meyer_ft_2-1-1920x1280.jpg 1920w, https:\/\/www.schepers-photography.de\/wp-content\/uploads\/2023\/05\/dr_nicolas_meyer_ft_2-1-1536x1024.jpg 1536w, https:\/\/www.schepers-photography.de\/wp-content\/uploads\/2023\/05\/dr_nicolas_meyer_ft_2-1-18x12.jpg 18w\" sizes=\"(max-width: 2000px) 100vw, 2000px\" \/>\n                            <div class=\"wp-block-photofolio-gallery-image-overlay\">\n                                <p class=\"wp-block-photofolio-gallery-image-overlay-title\">Heroes Save Lives | BASF | Cardiac Catheterization<\/p>\n                            <\/div>\n                        <\/a><\/div><div class=\"wp-block-photofolio-gallery-image-container\"><a href=\"https:\/\/cdn.schepers-photography.de\/uploads\/2023\/05\/dr_nicolas_meyer_ft_3.jpg\" >\n                            <img decoding=\"async\" width=\"2000\" height=\"1333\" src=\"https:\/\/cdn.schepers-photography.de\/uploads\/2023\/05\/dr_nicolas_meyer_ft_3.jpg\" class=\"wp-block-photofolio-gallery-image\" alt=\"Doctor in hospital corridor with glasses and tie\" srcset=\"https:\/\/www.schepers-photography.de\/wp-content\/uploads\/2023\/05\/dr_nicolas_meyer_ft_3.jpg 2000w, https:\/\/www.schepers-photography.de\/wp-content\/uploads\/2023\/05\/dr_nicolas_meyer_ft_3-300x200.jpg 300w, https:\/\/www.schepers-photography.de\/wp-content\/uploads\/2023\/05\/dr_nicolas_meyer_ft_3-1024x682.jpg 1024w, https:\/\/www.schepers-photography.de\/wp-content\/uploads\/2023\/05\/dr_nicolas_meyer_ft_3-768x512.jpg 768w, https:\/\/www.schepers-photography.de\/wp-content\/uploads\/2023\/05\/dr_nicolas_meyer_ft_3-60x40.jpg 60w, https:\/\/www.schepers-photography.de\/wp-content\/uploads\/2023\/05\/dr_nicolas_meyer_ft_3-480x320.jpg 480w, https:\/\/www.schepers-photography.de\/wp-content\/uploads\/2023\/05\/dr_nicolas_meyer_ft_3-560x373.jpg 560w, https:\/\/www.schepers-photography.de\/wp-content\/uploads\/2023\/05\/dr_nicolas_meyer_ft_3-1920x1280.jpg 1920w, https:\/\/www.schepers-photography.de\/wp-content\/uploads\/2023\/05\/dr_nicolas_meyer_ft_3-1536x1024.jpg 1536w, https:\/\/www.schepers-photography.de\/wp-content\/uploads\/2023\/05\/dr_nicolas_meyer_ft_3-18x12.jpg 18w\" sizes=\"(max-width: 2000px) 100vw, 2000px\" \/>\n                            <div class=\"wp-block-photofolio-gallery-image-overlay\">\n                                <p class=\"wp-block-photofolio-gallery-image-overlay-title\">Prof. Dr. Zahn | BASF | KLI-Lu<\/p>\n                            <\/div>\n                        <\/a><\/div><div class=\"wp-block-photofolio-gallery-image-container\"><a href=\"https:\/\/cdn.schepers-photography.de\/uploads\/2023\/05\/dr_nicolas_meyer_ft_1.jpg\" >\n                            <img decoding=\"async\" width=\"2000\" height=\"1333\" src=\"https:\/\/cdn.schepers-photography.de\/uploads\/2023\/05\/dr_nicolas_meyer_ft_1.jpg\" class=\"wp-block-photofolio-gallery-image\" alt=\"Two men walk through an autumnal cityscape.\" srcset=\"https:\/\/www.schepers-photography.de\/wp-content\/uploads\/2023\/05\/dr_nicolas_meyer_ft_1.jpg 2000w, https:\/\/www.schepers-photography.de\/wp-content\/uploads\/2023\/05\/dr_nicolas_meyer_ft_1-300x200.jpg 300w, https:\/\/www.schepers-photography.de\/wp-content\/uploads\/2023\/05\/dr_nicolas_meyer_ft_1-1024x682.jpg 1024w, https:\/\/www.schepers-photography.de\/wp-content\/uploads\/2023\/05\/dr_nicolas_meyer_ft_1-768x512.jpg 768w, https:\/\/www.schepers-photography.de\/wp-content\/uploads\/2023\/05\/dr_nicolas_meyer_ft_1-60x40.jpg 60w, https:\/\/www.schepers-photography.de\/wp-content\/uploads\/2023\/05\/dr_nicolas_meyer_ft_1-480x320.jpg 480w, https:\/\/www.schepers-photography.de\/wp-content\/uploads\/2023\/05\/dr_nicolas_meyer_ft_1-560x373.jpg 560w, https:\/\/www.schepers-photography.de\/wp-content\/uploads\/2023\/05\/dr_nicolas_meyer_ft_1-1920x1280.jpg 1920w, https:\/\/www.schepers-photography.de\/wp-content\/uploads\/2023\/05\/dr_nicolas_meyer_ft_1-1536x1024.jpg 1536w, https:\/\/www.schepers-photography.de\/wp-content\/uploads\/2023\/05\/dr_nicolas_meyer_ft_1-18x12.jpg 18w\" sizes=\"(max-width: 2000px) 100vw, 2000px\" \/>\n                            <div class=\"wp-block-photofolio-gallery-image-overlay\">\n                                <p class=\"wp-block-photofolio-gallery-image-overlay-title\">Heroes. Save. Lives. | BASF<\/p>\n                            <\/div>\n                        <\/a><\/div><div class=\"wp-block-photofolio-gallery-image-container\"><a href=\"https:\/\/cdn.schepers-photography.de\/uploads\/2023\/05\/dr_nicolas_meyer_ft.jpg\" >\n                            <img decoding=\"async\" width=\"1333\" height=\"2000\" src=\"https:\/\/cdn.schepers-photography.de\/uploads\/2023\/05\/dr_nicolas_meyer_ft.jpg\" class=\"wp-block-photofolio-gallery-image\" alt=\"Shooting an interview indoors with cameras\" srcset=\"https:\/\/www.schepers-photography.de\/wp-content\/uploads\/2023\/05\/dr_nicolas_meyer_ft.jpg 1333w, https:\/\/www.schepers-photography.de\/wp-content\/uploads\/2023\/05\/dr_nicolas_meyer_ft-200x300.jpg 200w, https:\/\/www.schepers-photography.de\/wp-content\/uploads\/2023\/05\/dr_nicolas_meyer_ft-682x1024.jpg 682w, https:\/\/www.schepers-photography.de\/wp-content\/uploads\/2023\/05\/dr_nicolas_meyer_ft-768x1152.jpg 768w, https:\/\/www.schepers-photography.de\/wp-content\/uploads\/2023\/05\/dr_nicolas_meyer_ft-60x90.jpg 60w, https:\/\/www.schepers-photography.de\/wp-content\/uploads\/2023\/05\/dr_nicolas_meyer_ft-480x720.jpg 480w, https:\/\/www.schepers-photography.de\/wp-content\/uploads\/2023\/05\/dr_nicolas_meyer_ft-560x840.jpg 560w, https:\/\/www.schepers-photography.de\/wp-content\/uploads\/2023\/05\/dr_nicolas_meyer_ft-1024x1536.jpg 1024w, https:\/\/www.schepers-photography.de\/wp-content\/uploads\/2023\/05\/dr_nicolas_meyer_ft-8x12.jpg 8w\" sizes=\"(max-width: 1333px) 100vw, 1333px\" \/>\n                            <div class=\"wp-block-photofolio-gallery-image-overlay\">\n                                <p class=\"wp-block-photofolio-gallery-image-overlay-title\">Sascha Bembennek<\/p>\n                            <\/div>\n                        <\/a><\/div><div class=\"wp-block-photofolio-gallery-image-container\"><a href=\"https:\/\/cdn.schepers-photography.de\/uploads\/2023\/04\/kudla0005.jpg\" title=\"Denis Kudla vs Stiven Brandy Sch\u00e4fer T\u00dc Technical superiority 15:0 VFK Schifferstadt 07. 01.10.2022\">\n                            <img decoding=\"async\" width=\"2000\" height=\"1333\" src=\"https:\/\/cdn.schepers-photography.de\/uploads\/2023\/04\/kudla0005.jpg\" class=\"wp-block-photofolio-gallery-image\" alt=\"Two wrestlers competing on the mat.\" srcset=\"https:\/\/www.schepers-photography.de\/wp-content\/uploads\/2023\/04\/kudla0005.jpg 2000w, https:\/\/www.schepers-photography.de\/wp-content\/uploads\/2023\/04\/kudla0005-300x200.jpg 300w, https:\/\/www.schepers-photography.de\/wp-content\/uploads\/2023\/04\/kudla0005-1024x682.jpg 1024w, https:\/\/www.schepers-photography.de\/wp-content\/uploads\/2023\/04\/kudla0005-768x512.jpg 768w, https:\/\/www.schepers-photography.de\/wp-content\/uploads\/2023\/04\/kudla0005-60x40.jpg 60w, https:\/\/www.schepers-photography.de\/wp-content\/uploads\/2023\/04\/kudla0005-480x320.jpg 480w, https:\/\/www.schepers-photography.de\/wp-content\/uploads\/2023\/04\/kudla0005-560x373.jpg 560w, https:\/\/www.schepers-photography.de\/wp-content\/uploads\/2023\/04\/kudla0005-1920x1280.jpg 1920w, https:\/\/www.schepers-photography.de\/wp-content\/uploads\/2023\/04\/kudla0005-1536x1024.jpg 1536w, https:\/\/www.schepers-photography.de\/wp-content\/uploads\/2023\/04\/kudla0005-18x12.jpg 18w\" sizes=\"(max-width: 2000px) 100vw, 2000px\" \/>\n                            <div class=\"wp-block-photofolio-gallery-image-overlay\">\n                                <p class=\"wp-block-photofolio-gallery-image-overlay-title\">Wrestling | VFK Schifferstadt<\/p>\n                            <\/div>\n                        <\/a><a href=\"https:\/\/cdn.schepers-photography.de\/uploads\/2023\/04\/kudla0001.jpg\" ><\/a><a href=\"https:\/\/cdn.schepers-photography.de\/uploads\/2023\/04\/kudla0002.jpg\" ><\/a><a href=\"https:\/\/cdn.schepers-photography.de\/uploads\/2023\/04\/kudla0003.jpg\" ><\/a><a href=\"https:\/\/cdn.schepers-photography.de\/uploads\/2023\/04\/kudla0004.jpg\" ><\/a><\/div><div class=\"wp-block-photofolio-gallery-image-container\"><a href=\"https:\/\/cdn.schepers-photography.de\/uploads\/2023\/04\/TableTopDH094-scaled-1.jpg\" title=\"Tabletop Food | Cafe Ideal\"data-lcl-txt=\"Tabletop Food | Cafe Ideal\">\n                            <img decoding=\"async\" width=\"2560\" height=\"1703\" src=\"https:\/\/cdn.schepers-photography.de\/uploads\/2023\/04\/TableTopDH094-scaled-1.jpg\" class=\"wp-block-photofolio-gallery-image\" alt=\"Tabletop Food | Cafe Ideal\" srcset=\"https:\/\/www.schepers-photography.de\/wp-content\/uploads\/2023\/04\/TableTopDH094-scaled-1.jpg 2560w, https:\/\/www.schepers-photography.de\/wp-content\/uploads\/2023\/04\/TableTopDH094-scaled-1-300x200.jpg 300w, https:\/\/www.schepers-photography.de\/wp-content\/uploads\/2023\/04\/TableTopDH094-scaled-1-1024x681.jpg 1024w, https:\/\/www.schepers-photography.de\/wp-content\/uploads\/2023\/04\/TableTopDH094-scaled-1-768x511.jpg 768w, https:\/\/www.schepers-photography.de\/wp-content\/uploads\/2023\/04\/TableTopDH094-scaled-1-60x40.jpg 60w, https:\/\/www.schepers-photography.de\/wp-content\/uploads\/2023\/04\/TableTopDH094-scaled-1-480x319.jpg 480w, https:\/\/www.schepers-photography.de\/wp-content\/uploads\/2023\/04\/TableTopDH094-scaled-1-560x373.jpg 560w, https:\/\/www.schepers-photography.de\/wp-content\/uploads\/2023\/04\/TableTopDH094-scaled-1-1920x1277.jpg 1920w, https:\/\/www.schepers-photography.de\/wp-content\/uploads\/2023\/04\/TableTopDH094-scaled-1-1536x1022.jpg 1536w, https:\/\/www.schepers-photography.de\/wp-content\/uploads\/2023\/04\/TableTopDH094-scaled-1-2048x1362.jpg 2048w, https:\/\/www.schepers-photography.de\/wp-content\/uploads\/2023\/04\/TableTopDH094-scaled-1-18x12.jpg 18w\" sizes=\"(max-width: 2560px) 100vw, 2560px\" \/>\n                            <div class=\"wp-block-photofolio-gallery-image-overlay\">\n                                <p class=\"wp-block-photofolio-gallery-image-overlay-title\">Tabletop Food | Cafe Ideal<\/p>\n                            <\/div>\n                        <\/a><a href=\"https:\/\/cdn.schepers-photography.de\/uploads\/2023\/04\/DH0_5197-scaled-1.jpg\" title=\"Tabletop Food | Cafe Ideal\"data-lcl-txt=\"Tabletop Food | Cafe Ideal\"><\/a><a href=\"https:\/\/cdn.schepers-photography.de\/uploads\/2023\/04\/DH0_5100-scaled-1.jpg\" title=\"Tabletop Food | Cafe Ideal\"data-lcl-txt=\"Tabletop Food | Cafe Ideal\"><\/a><a href=\"https:\/\/cdn.schepers-photography.de\/uploads\/2023\/04\/TableTopDH028-scaled-1.jpg\" title=\"Tabletop Food | Cafe Ideal\"data-lcl-txt=\"Tabletop Food | Cafe Ideal\"><\/a><\/div><div class=\"wp-block-photofolio-gallery-image-container\"><a href=\"https:\/\/cdn.schepers-photography.de\/uploads\/2023\/04\/Freisberg_Raumfreiheit__1.jpg\" >\n                            <img decoding=\"async\" width=\"2000\" height=\"1335\" src=\"https:\/\/cdn.schepers-photography.de\/uploads\/2023\/04\/Freisberg_Raumfreiheit__1.jpg\" class=\"wp-block-photofolio-gallery-image\" alt=\"Three people in a modern living room.\" srcset=\"https:\/\/www.schepers-photography.de\/wp-content\/uploads\/2023\/04\/Freisberg_Raumfreiheit__1.jpg 2000w, https:\/\/www.schepers-photography.de\/wp-content\/uploads\/2023\/04\/Freisberg_Raumfreiheit__1-300x200.jpg 300w, https:\/\/www.schepers-photography.de\/wp-content\/uploads\/2023\/04\/Freisberg_Raumfreiheit__1-1024x684.jpg 1024w, https:\/\/www.schepers-photography.de\/wp-content\/uploads\/2023\/04\/Freisberg_Raumfreiheit__1-768x513.jpg 768w, https:\/\/www.schepers-photography.de\/wp-content\/uploads\/2023\/04\/Freisberg_Raumfreiheit__1-60x40.jpg 60w, https:\/\/www.schepers-photography.de\/wp-content\/uploads\/2023\/04\/Freisberg_Raumfreiheit__1-480x320.jpg 480w, https:\/\/www.schepers-photography.de\/wp-content\/uploads\/2023\/04\/Freisberg_Raumfreiheit__1-560x374.jpg 560w, https:\/\/www.schepers-photography.de\/wp-content\/uploads\/2023\/04\/Freisberg_Raumfreiheit__1-1920x1282.jpg 1920w, https:\/\/www.schepers-photography.de\/wp-content\/uploads\/2023\/04\/Freisberg_Raumfreiheit__1-1536x1025.jpg 1536w, https:\/\/www.schepers-photography.de\/wp-content\/uploads\/2023\/04\/Freisberg_Raumfreiheit__1-18x12.jpg 18w\" sizes=\"(max-width: 2000px) 100vw, 2000px\" \/>\n                            <div class=\"wp-block-photofolio-gallery-image-overlay\">\n                                <p class=\"wp-block-photofolio-gallery-image-overlay-title\">Freisberg Raumfreiheit | Mannheim | Ludwigshafen<\/p>\n                            <\/div>\n                        <\/a><a href=\"https:\/\/cdn.schepers-photography.de\/uploads\/2023\/04\/Freisberg_Raumfreiheit__10.jpg\" ><\/a><a href=\"https:\/\/cdn.schepers-photography.de\/uploads\/2023\/04\/Freisberg_Raumfreiheit__11.jpg\" ><\/a><a href=\"https:\/\/cdn.schepers-photography.de\/uploads\/2023\/04\/Freisberg_Raumfreiheit__2.jpg\" ><\/a><a href=\"https:\/\/cdn.schepers-photography.de\/uploads\/2023\/04\/Freisberg_Raumfreiheit__3.jpg\" ><\/a><a href=\"https:\/\/cdn.schepers-photography.de\/uploads\/2023\/04\/Freisberg_Raumfreiheit__4.jpg\" ><\/a><a href=\"https:\/\/cdn.schepers-photography.de\/uploads\/2023\/04\/Freisberg_Raumfreiheit__5.jpg\" ><\/a><a href=\"https:\/\/cdn.schepers-photography.de\/uploads\/2023\/04\/Freisberg_Raumfreiheit__6.jpg\" ><\/a><a href=\"https:\/\/cdn.schepers-photography.de\/uploads\/2023\/04\/Freisberg_Raumfreiheit__7.jpg\" ><\/a><a href=\"https:\/\/cdn.schepers-photography.de\/uploads\/2023\/04\/Freisberg_Raumfreiheit__9.jpg\" ><\/a><a href=\"https:\/\/cdn.schepers-photography.de\/uploads\/2023\/04\/Freisberg_Raumfreiheit__12.jpg\" ><\/a><a href=\"https:\/\/cdn.schepers-photography.de\/uploads\/2023\/04\/Freisberg_Raumfreiheit__13.jpg\" ><\/a><a href=\"https:\/\/cdn.schepers-photography.de\/uploads\/2023\/04\/Freisberg_Raumfreiheit__14.jpg\" ><\/a><a href=\"https:\/\/cdn.schepers-photography.de\/uploads\/2023\/04\/Freisberg_Raumfreiheit__15.jpg\" ><\/a><a href=\"https:\/\/cdn.schepers-photography.de\/uploads\/2023\/04\/Freisberg_Raumfreiheit__16.jpg\" ><\/a><a href=\"https:\/\/cdn.schepers-photography.de\/uploads\/2023\/04\/Freisberg_Raumfreiheit__17.jpg\" ><\/a><a href=\"https:\/\/cdn.schepers-photography.de\/uploads\/2023\/04\/Freisberg_Raumfreiheit__18.jpg\" ><\/a><a href=\"https:\/\/cdn.schepers-photography.de\/uploads\/2023\/04\/Freisberg_Raumfreiheit__19.jpg\" ><\/a><a href=\"https:\/\/cdn.schepers-photography.de\/uploads\/2023\/04\/Freisberg_Raumfreiheit__24.jpg\" ><\/a><a href=\"https:\/\/cdn.schepers-photography.de\/uploads\/2023\/04\/Freisberg_Raumfreiheit__25.jpg\" ><\/a><a href=\"https:\/\/cdn.schepers-photography.de\/uploads\/2023\/04\/Freisberg_Raumfreiheit__26.jpg\" ><\/a><a href=\"https:\/\/cdn.schepers-photography.de\/uploads\/2023\/04\/Freisberg_Raumfreiheit__27.jpg\" ><\/a><a href=\"https:\/\/cdn.schepers-photography.de\/uploads\/2023\/04\/Freisberg_Raumfreiheit__29.jpg\" ><\/a><a href=\"https:\/\/cdn.schepers-photography.de\/uploads\/2023\/04\/Freisberg_Raumfreiheit__30.jpg\" ><\/a><a href=\"https:\/\/cdn.schepers-photography.de\/uploads\/2023\/04\/Freisberg_Raumfreiheit__31.jpg\" ><\/a><a href=\"https:\/\/cdn.schepers-photography.de\/uploads\/2023\/04\/Freisberg_Raumfreiheit__32.jpg\" ><\/a><a href=\"https:\/\/cdn.schepers-photography.de\/uploads\/2023\/04\/Freisberg_Raumfreiheit__33.jpg\" ><\/a><a href=\"https:\/\/cdn.schepers-photography.de\/uploads\/2023\/04\/Freisberg_Raumfreiheit__34.jpg\" ><\/a><a href=\"https:\/\/cdn.schepers-photography.de\/uploads\/2023\/04\/Freisberg_Raumfreiheit__35.jpg\" ><\/a><a href=\"https:\/\/cdn.schepers-photography.de\/uploads\/2023\/04\/Freisberg_Raumfreiheit__36.jpg\" ><\/a><a href=\"https:\/\/cdn.schepers-photography.de\/uploads\/2023\/04\/Freisberg_Raumfreiheit__38.jpg\" ><\/a><a href=\"https:\/\/cdn.schepers-photography.de\/uploads\/2023\/04\/Freisberg_Raumfreiheit__39.jpg\" ><\/a><a href=\"https:\/\/cdn.schepers-photography.de\/uploads\/2023\/04\/Freisberg_Raumfreiheit__41.jpg\" ><\/a><a href=\"https:\/\/cdn.schepers-photography.de\/uploads\/2023\/04\/Freisberg_Raumfreiheit__43.jpg\" ><\/a><a href=\"https:\/\/cdn.schepers-photography.de\/uploads\/2023\/04\/Freisberg_Raumfreiheit__44.jpg\" ><\/a><a href=\"https:\/\/cdn.schepers-photography.de\/uploads\/2023\/04\/Freisberg_Raumfreiheit__45.jpg\" ><\/a><a href=\"https:\/\/cdn.schepers-photography.de\/uploads\/2023\/04\/Freisberg_Raumfreiheit__46.jpg\" ><\/a><a href=\"https:\/\/cdn.schepers-photography.de\/uploads\/2023\/04\/Freisberg_Raumfreiheit__47.jpg\" ><\/a><a href=\"https:\/\/cdn.schepers-photography.de\/uploads\/2023\/04\/Freisberg_Raumfreiheit__48.jpg\" ><\/a><a href=\"https:\/\/cdn.schepers-photography.de\/uploads\/2023\/04\/Freisberg_Raumfreiheit__49.jpg\" ><\/a><a href=\"https:\/\/cdn.schepers-photography.de\/uploads\/2023\/04\/Freisberg_Raumfreiheit__50.jpg\" ><\/a><a href=\"https:\/\/cdn.schepers-photography.de\/uploads\/2023\/04\/Freisberg_Raumfreiheit__52.jpg\" ><\/a><a href=\"https:\/\/cdn.schepers-photography.de\/uploads\/2023\/04\/Freisberg_Raumfreiheit__53.jpg\" ><\/a><a href=\"https:\/\/cdn.schepers-photography.de\/uploads\/2023\/04\/Freisberg_Raumfreiheit__54.jpg\" ><\/a><a href=\"https:\/\/cdn.schepers-photography.de\/uploads\/2023\/04\/Freisberg_Raumfreiheit__55.jpg\" ><\/a><a href=\"https:\/\/cdn.schepers-photography.de\/uploads\/2023\/04\/Freisberg_Raumfreiheit__56.jpg\" ><\/a><a href=\"https:\/\/cdn.schepers-photography.de\/uploads\/2023\/04\/Freisberg_Raumfreiheit__57.jpg\" ><\/a><a href=\"https:\/\/cdn.schepers-photography.de\/uploads\/2023\/04\/Freisberg_Raumfreiheit__59.jpg\" ><\/a><a href=\"https:\/\/cdn.schepers-photography.de\/uploads\/2023\/04\/Freisberg_Raumfreiheit__60.jpg\" ><\/a><a href=\"https:\/\/cdn.schepers-photography.de\/uploads\/2023\/04\/Freisberg_Raumfreiheit__62.jpg\" ><\/a><a href=\"https:\/\/cdn.schepers-photography.de\/uploads\/2023\/04\/Freisberg_Raumfreiheit__63.jpg\" ><\/a><a href=\"https:\/\/cdn.schepers-photography.de\/uploads\/2023\/04\/Freisberg_Raumfreiheit_.jpg\" ><\/a><\/div><div class=\"wp-block-photofolio-gallery-image-container\"><a href=\"https:\/\/cdn.schepers-photography.de\/uploads\/2023\/04\/CloseUp00-1.jpg\" >\n                            <img decoding=\"async\" width=\"1793\" height=\"1200\" src=\"https:\/\/cdn.schepers-photography.de\/uploads\/2023\/04\/CloseUp00-1.jpg\" class=\"wp-block-photofolio-gallery-image\" alt=\"Tears on Eyelashes | Free\" srcset=\"https:\/\/www.schepers-photography.de\/wp-content\/uploads\/2023\/04\/CloseUp00-1.jpg 1793w, https:\/\/www.schepers-photography.de\/wp-content\/uploads\/2023\/04\/CloseUp00-1-300x201.jpg 300w, https:\/\/www.schepers-photography.de\/wp-content\/uploads\/2023\/04\/CloseUp00-1-1024x685.jpg 1024w, https:\/\/www.schepers-photography.de\/wp-content\/uploads\/2023\/04\/CloseUp00-1-768x514.jpg 768w, https:\/\/www.schepers-photography.de\/wp-content\/uploads\/2023\/04\/CloseUp00-1-60x40.jpg 60w, https:\/\/www.schepers-photography.de\/wp-content\/uploads\/2023\/04\/CloseUp00-1-480x321.jpg 480w, https:\/\/www.schepers-photography.de\/wp-content\/uploads\/2023\/04\/CloseUp00-1-560x375.jpg 560w, https:\/\/www.schepers-photography.de\/wp-content\/uploads\/2023\/04\/CloseUp00-1-1536x1028.jpg 1536w, https:\/\/www.schepers-photography.de\/wp-content\/uploads\/2023\/04\/CloseUp00-1-18x12.jpg 18w\" sizes=\"(max-width: 1793px) 100vw, 1793px\" \/>\n                            <div class=\"wp-block-photofolio-gallery-image-overlay\">\n                                <p class=\"wp-block-photofolio-gallery-image-overlay-title\">Tears on Eyelashes | Free<\/p>\n                            <\/div>\n                        <\/a><\/div><div class=\"wp-block-photofolio-gallery-image-container\"><a href=\"https:\/\/cdn.schepers-photography.de\/uploads\/2023\/04\/Beauty.jpg\" >\n                            <img decoding=\"async\" width=\"1331\" height=\"2000\" src=\"https:\/\/cdn.schepers-photography.de\/uploads\/2023\/04\/Beauty.jpg\" class=\"wp-block-photofolio-gallery-image\" alt=\"Profile view of a woman with straight hair.\" srcset=\"https:\/\/www.schepers-photography.de\/wp-content\/uploads\/2023\/04\/Beauty.jpg 1331w, https:\/\/www.schepers-photography.de\/wp-content\/uploads\/2023\/04\/Beauty-200x300.jpg 200w, https:\/\/www.schepers-photography.de\/wp-content\/uploads\/2023\/04\/Beauty-681x1024.jpg 681w, https:\/\/www.schepers-photography.de\/wp-content\/uploads\/2023\/04\/Beauty-768x1154.jpg 768w, https:\/\/www.schepers-photography.de\/wp-content\/uploads\/2023\/04\/Beauty-60x90.jpg 60w, https:\/\/www.schepers-photography.de\/wp-content\/uploads\/2023\/04\/Beauty-480x721.jpg 480w, https:\/\/www.schepers-photography.de\/wp-content\/uploads\/2023\/04\/Beauty-560x841.jpg 560w, https:\/\/www.schepers-photography.de\/wp-content\/uploads\/2023\/04\/Beauty-1022x1536.jpg 1022w, https:\/\/www.schepers-photography.de\/wp-content\/uploads\/2023\/04\/Beauty-8x12.jpg 8w\" sizes=\"(max-width: 1331px) 100vw, 1331px\" \/>\n                            <div class=\"wp-block-photofolio-gallery-image-overlay\">\n                                <p class=\"wp-block-photofolio-gallery-image-overlay-title\">Julia | Multichannel<\/p>\n                            <\/div>\n                        <\/a><a href=\"https:\/\/cdn.schepers-photography.de\/uploads\/2023\/04\/Beauty_1.jpg\" ><\/a><a href=\"https:\/\/cdn.schepers-photography.de\/uploads\/2023\/04\/Beauty_2.jpg\" ><\/a><\/div><div class=\"wp-block-photofolio-gallery-image-container\"><a href=\"https:\/\/cdn.schepers-photography.de\/uploads\/2023\/04\/raa_16.jpg\" title=\"RAA | Race Around Austria | Austria\"data-lcl-txt=\"Race Around Austria, Ultracycling, Das Extreme Race Around Austria ist mit 2.200 Kilometern L\u00e4nge das l\u00e4ngste Einzelzeitfahren Europas und Qualifikationsrennen f\u00fcr das legend\u00e4re Race Across America. Die Strecke f\u00fchrt entlang der grenznahen Stra\u00dfen einmal rund um \u00d6sterreich. Es gibt keine Etappen, die Zeit l\u00e4uft nonstop. \">\n                            <img decoding=\"async\" width=\"2000\" height=\"1333\" src=\"https:\/\/cdn.schepers-photography.de\/uploads\/2023\/04\/raa_16.jpg\" class=\"wp-block-photofolio-gallery-image\" alt=\"Race Around Austria, Ultracycling, At 2,200 kilometers in length, the Extreme Race Around Austria is the longest individual time trial in Europe and a qualifying race for the legendary Race Across America. The route leads along the roads close to the border once around Austria. There are no stages, the time runs non-stop.\" srcset=\"https:\/\/www.schepers-photography.de\/wp-content\/uploads\/2023\/04\/raa_16.jpg 2000w, https:\/\/www.schepers-photography.de\/wp-content\/uploads\/2023\/04\/raa_16-300x200.jpg 300w, https:\/\/www.schepers-photography.de\/wp-content\/uploads\/2023\/04\/raa_16-1024x682.jpg 1024w, https:\/\/www.schepers-photography.de\/wp-content\/uploads\/2023\/04\/raa_16-768x512.jpg 768w, https:\/\/www.schepers-photography.de\/wp-content\/uploads\/2023\/04\/raa_16-60x40.jpg 60w, https:\/\/www.schepers-photography.de\/wp-content\/uploads\/2023\/04\/raa_16-480x320.jpg 480w, https:\/\/www.schepers-photography.de\/wp-content\/uploads\/2023\/04\/raa_16-560x373.jpg 560w, https:\/\/www.schepers-photography.de\/wp-content\/uploads\/2023\/04\/raa_16-1920x1280.jpg 1920w, https:\/\/www.schepers-photography.de\/wp-content\/uploads\/2023\/04\/raa_16-1536x1024.jpg 1536w, https:\/\/www.schepers-photography.de\/wp-content\/uploads\/2023\/04\/raa_16-18x12.jpg 18w\" sizes=\"(max-width: 2000px) 100vw, 2000px\" \/>\n                            <div class=\"wp-block-photofolio-gallery-image-overlay\">\n                                <p class=\"wp-block-photofolio-gallery-image-overlay-title\">RAA - Emotion | Austria<\/p>\n                            <\/div>\n                        <\/a><a href=\"https:\/\/cdn.schepers-photography.de\/uploads\/2023\/04\/raa_17.jpg\" title=\"RAA | Race Around Austria | Austria\"data-lcl-txt=\"Race Around Austria, Ultracycling, Das Extreme Race Around Austria ist mit 2.200 Kilometern L\u00e4nge das l\u00e4ngste Einzelzeitfahren Europas und Qualifikationsrennen f\u00fcr das legend\u00e4re Race Across America. Die Strecke f\u00fchrt entlang der grenznahen Stra\u00dfen einmal rund um \u00d6sterreich. Es gibt keine Etappen, die Zeit l\u00e4uft nonstop. \"><\/a><a href=\"https:\/\/cdn.schepers-photography.de\/uploads\/2023\/04\/raa_15.jpg\" title=\"RAA | Race Around Austria | Austria\"data-lcl-txt=\"Race Around Austria, Ultracycling, Das Extreme Race Around Austria ist mit 2.200 Kilometern L\u00e4nge das l\u00e4ngste Einzelzeitfahren Europas und Qualifikationsrennen f\u00fcr das legend\u00e4re Race Across America. Die Strecke f\u00fchrt entlang der grenznahen Stra\u00dfen einmal rund um \u00d6sterreich. Es gibt keine Etappen, die Zeit l\u00e4uft nonstop. \"><\/a><\/div><div class=\"wp-block-photofolio-gallery-image-container\"><a href=\"https:\/\/cdn.schepers-photography.de\/uploads\/2023\/04\/raa.jpg\" title=\"RAA | Race Around Austria | Austria\"data-lcl-txt=\"Race Around Austria, Ultracycling, Das Extreme Race Around Austria ist mit 2.200 Kilometern L\u00e4nge das l\u00e4ngste Einzelzeitfahren Europas und Qualifikationsrennen f\u00fcr das legend\u00e4re Race Across America. Die Strecke f\u00fchrt entlang der grenznahen Stra\u00dfen einmal rund um \u00d6sterreich. Es gibt keine Etappen, die Zeit l\u00e4uft nonstop. \">\n                            <img decoding=\"async\" width=\"2000\" height=\"1335\" src=\"https:\/\/cdn.schepers-photography.de\/uploads\/2023\/04\/raa.jpg\" class=\"wp-block-photofolio-gallery-image\" alt=\"Race Around Austria, Ultracycling, At 2,200 kilometers in length, the Extreme Race Around Austria is the longest individual time trial in Europe and a qualifying race for the legendary Race Across America. The route leads along the roads close to the border once around Austria. There are no stages, the time runs non-stop.\" srcset=\"https:\/\/www.schepers-photography.de\/wp-content\/uploads\/2023\/04\/raa.jpg 2000w, https:\/\/www.schepers-photography.de\/wp-content\/uploads\/2023\/04\/raa-300x200.jpg 300w, https:\/\/www.schepers-photography.de\/wp-content\/uploads\/2023\/04\/raa-1024x684.jpg 1024w, https:\/\/www.schepers-photography.de\/wp-content\/uploads\/2023\/04\/raa-768x513.jpg 768w, https:\/\/www.schepers-photography.de\/wp-content\/uploads\/2023\/04\/raa-60x40.jpg 60w, https:\/\/www.schepers-photography.de\/wp-content\/uploads\/2023\/04\/raa-480x320.jpg 480w, https:\/\/www.schepers-photography.de\/wp-content\/uploads\/2023\/04\/raa-560x374.jpg 560w, https:\/\/www.schepers-photography.de\/wp-content\/uploads\/2023\/04\/raa-1920x1282.jpg 1920w, https:\/\/www.schepers-photography.de\/wp-content\/uploads\/2023\/04\/raa-1536x1025.jpg 1536w, https:\/\/www.schepers-photography.de\/wp-content\/uploads\/2023\/04\/raa-18x12.jpg 18w\" sizes=\"(max-width: 2000px) 100vw, 2000px\" \/>\n                            <div class=\"wp-block-photofolio-gallery-image-overlay\">\n                                <p class=\"wp-block-photofolio-gallery-image-overlay-title\">RAA | Austria<\/p>\n                            <\/div>\n                        <\/a><a href=\"https:\/\/cdn.schepers-photography.de\/uploads\/2023\/04\/raa_4.jpg\" title=\"RAA | Race Around Austria | Austria\"data-lcl-txt=\"Race Around Austria, Ultracycling, Das Extreme Race Around Austria ist mit 2.200 Kilometern L\u00e4nge das l\u00e4ngste Einzelzeitfahren Europas und Qualifikationsrennen f\u00fcr das legend\u00e4re Race Across America. Die Strecke f\u00fchrt entlang der grenznahen Stra\u00dfen einmal rund um \u00d6sterreich. Es gibt keine Etappen, die Zeit l\u00e4uft nonstop. \"><\/a><a href=\"https:\/\/cdn.schepers-photography.de\/uploads\/2023\/04\/raa_12.jpg\" title=\"RAA | Race Around Austria | Austria\"data-lcl-txt=\"Race Around Austria, Ultracycling, Das Extreme Race Around Austria ist mit 2.200 Kilometern L\u00e4nge das l\u00e4ngste Einzelzeitfahren Europas und Qualifikationsrennen f\u00fcr das legend\u00e4re Race Across America. Die Strecke f\u00fchrt entlang der grenznahen Stra\u00dfen einmal rund um \u00d6sterreich. Es gibt keine Etappen, die Zeit l\u00e4uft nonstop. \"><\/a><a href=\"https:\/\/cdn.schepers-photography.de\/uploads\/2023\/04\/raa_8.jpg\" title=\"RAA | Race Around Austria | Austria\"data-lcl-txt=\"Race Around Austria, Ultracycling, Das Extreme Race Around Austria ist mit 2.200 Kilometern L\u00e4nge das l\u00e4ngste Einzelzeitfahren Europas und Qualifikationsrennen f\u00fcr das legend\u00e4re Race Across America. Die Strecke f\u00fchrt entlang der grenznahen Stra\u00dfen einmal rund um \u00d6sterreich. Es gibt keine Etappen, die Zeit l\u00e4uft nonstop. \"><\/a><a href=\"https:\/\/cdn.schepers-photography.de\/uploads\/2023\/04\/raa_19.jpg\" title=\"RAA | Race Around Austria | Austria\"data-lcl-txt=\"Race Around Austria, Ultracycling, Das Extreme Race Around Austria ist mit 2.200 Kilometern L\u00e4nge das l\u00e4ngste Einzelzeitfahren Europas und Qualifikationsrennen f\u00fcr das legend\u00e4re Race Across America. Die Strecke f\u00fchrt entlang der grenznahen Stra\u00dfen einmal rund um \u00d6sterreich. Es gibt keine Etappen, die Zeit l\u00e4uft nonstop. \"><\/a><a href=\"https:\/\/cdn.schepers-photography.de\/uploads\/2023\/04\/raa_14.jpg\" title=\"RAA | Race Around Austria | Austria\"data-lcl-txt=\"Race Around Austria, Ultracycling, Das Extreme Race Around Austria ist mit 2.200 Kilometern L\u00e4nge das l\u00e4ngste Einzelzeitfahren Europas und Qualifikationsrennen f\u00fcr das legend\u00e4re Race Across America. Die Strecke f\u00fchrt entlang der grenznahen Stra\u00dfen einmal rund um \u00d6sterreich. Es gibt keine Etappen, die Zeit l\u00e4uft nonstop. \"><\/a><a href=\"https:\/\/cdn.schepers-photography.de\/uploads\/2023\/04\/raa_18.jpg\" title=\"RAA | Race Around Austria | Austria\"data-lcl-txt=\"Race Around Austria, Ultracycling, Das Extreme Race Around Austria ist mit 2.200 Kilometern L\u00e4nge das l\u00e4ngste Einzelzeitfahren Europas und Qualifikationsrennen f\u00fcr das legend\u00e4re Race Across America. Die Strecke f\u00fchrt entlang der grenznahen Stra\u00dfen einmal rund um \u00d6sterreich. Es gibt keine Etappen, die Zeit l\u00e4uft nonstop. \"><\/a><a href=\"https:\/\/cdn.schepers-photography.de\/uploads\/2023\/04\/raa_13.jpg\" title=\"RAA | Race Around Austria | Austria\"data-lcl-txt=\"Race Around Austria, Ultracycling, Das Extreme Race Around Austria ist mit 2.200 Kilometern L\u00e4nge das l\u00e4ngste Einzelzeitfahren Europas und Qualifikationsrennen f\u00fcr das legend\u00e4re Race Across America. Die Strecke f\u00fchrt entlang der grenznahen Stra\u00dfen einmal rund um \u00d6sterreich. Es gibt keine Etappen, die Zeit l\u00e4uft nonstop. \"><\/a><a href=\"https:\/\/cdn.schepers-photography.de\/uploads\/2023\/04\/raa_9.jpg\" title=\"RAA | Race Around Austria | Austria\"data-lcl-txt=\"Race Around Austria, Ultracycling, Das Extreme Race Around Austria ist mit 2.200 Kilometern L\u00e4nge das l\u00e4ngste Einzelzeitfahren Europas und Qualifikationsrennen f\u00fcr das legend\u00e4re Race Across America. Die Strecke f\u00fchrt entlang der grenznahen Stra\u00dfen einmal rund um \u00d6sterreich. Es gibt keine Etappen, die Zeit l\u00e4uft nonstop. \"><\/a><a href=\"https:\/\/cdn.schepers-photography.de\/uploads\/2023\/04\/raa_11.jpg\" title=\"RAA | Race Around Austria | Austria\"data-lcl-txt=\"Race Around Austria, Ultracycling, Das Extreme Race Around Austria ist mit 2.200 Kilometern L\u00e4nge das l\u00e4ngste Einzelzeitfahren Europas und Qualifikationsrennen f\u00fcr das legend\u00e4re Race Across America. Die Strecke f\u00fchrt entlang der grenznahen Stra\u00dfen einmal rund um \u00d6sterreich. Es gibt keine Etappen, die Zeit l\u00e4uft nonstop. \"><\/a><a href=\"https:\/\/cdn.schepers-photography.de\/uploads\/2023\/04\/raa_10.jpg\" title=\"RAA | Race Around Austria | Austria\"data-lcl-txt=\"Race Around Austria, Ultracycling, Das Extreme Race Around Austria ist mit 2.200 Kilometern L\u00e4nge das l\u00e4ngste Einzelzeitfahren Europas und Qualifikationsrennen f\u00fcr das legend\u00e4re Race Across America. Die Strecke f\u00fchrt entlang der grenznahen Stra\u00dfen einmal rund um \u00d6sterreich. Es gibt keine Etappen, die Zeit l\u00e4uft nonstop. \"><\/a><a href=\"https:\/\/cdn.schepers-photography.de\/uploads\/2023\/04\/raa_6.jpg\" title=\"RAA | Race Around Austria | Austria\"data-lcl-txt=\"Race Around Austria, Ultracycling, Das Extreme Race Around Austria ist mit 2.200 Kilometern L\u00e4nge das l\u00e4ngste Einzelzeitfahren Europas und Qualifikationsrennen f\u00fcr das legend\u00e4re Race Across America. Die Strecke f\u00fchrt entlang der grenznahen Stra\u00dfen einmal rund um \u00d6sterreich. Es gibt keine Etappen, die Zeit l\u00e4uft nonstop. \"><\/a><a href=\"https:\/\/cdn.schepers-photography.de\/uploads\/2023\/04\/raa_7.jpg\" title=\"RAA | Race Around Austria | Austria\"data-lcl-txt=\"Race Around Austria, Ultracycling, Das Extreme Race Around Austria ist mit 2.200 Kilometern L\u00e4nge das l\u00e4ngste Einzelzeitfahren Europas und Qualifikationsrennen f\u00fcr das legend\u00e4re Race Across America. Die Strecke f\u00fchrt entlang der grenznahen Stra\u00dfen einmal rund um \u00d6sterreich. Es gibt keine Etappen, die Zeit l\u00e4uft nonstop. \"><\/a><a href=\"https:\/\/cdn.schepers-photography.de\/uploads\/2023\/04\/raa_2.jpg\" title=\"RAA | Race Around Austria | Austria\"data-lcl-txt=\"Race Around Austria, Ultracycling, Das Extreme Race Around Austria ist mit 2.200 Kilometern L\u00e4nge das l\u00e4ngste Einzelzeitfahren Europas und Qualifikationsrennen f\u00fcr das legend\u00e4re Race Across America. Die Strecke f\u00fchrt entlang der grenznahen Stra\u00dfen einmal rund um \u00d6sterreich. Es gibt keine Etappen, die Zeit l\u00e4uft nonstop. \"><\/a><a href=\"https:\/\/cdn.schepers-photography.de\/uploads\/2023\/04\/raa_5.jpg\" title=\"RAA | Race Around Austria | Austria\"data-lcl-txt=\"Race Around Austria, Ultracycling, Das Extreme Race Around Austria ist mit 2.200 Kilometern L\u00e4nge das l\u00e4ngste Einzelzeitfahren Europas und Qualifikationsrennen f\u00fcr das legend\u00e4re Race Across America. Die Strecke f\u00fchrt entlang der grenznahen Stra\u00dfen einmal rund um \u00d6sterreich. Es gibt keine Etappen, die Zeit l\u00e4uft nonstop. \"><\/a><a href=\"https:\/\/cdn.schepers-photography.de\/uploads\/2023\/04\/raa_3.jpg\" title=\"RAA | Race Around Austria | Austria\"data-lcl-txt=\"Race Around Austria, Ultracycling, Das Extreme Race Around Austria ist mit 2.200 Kilometern L\u00e4nge das l\u00e4ngste Einzelzeitfahren Europas und Qualifikationsrennen f\u00fcr das legend\u00e4re Race Across America. Die Strecke f\u00fchrt entlang der grenznahen Stra\u00dfen einmal rund um \u00d6sterreich. Es gibt keine Etappen, die Zeit l\u00e4uft nonstop. \"><\/a><a href=\"https:\/\/cdn.schepers-photography.de\/uploads\/2023\/04\/raa_1.jpg\" title=\"RAA | Race Around Austria | Austria\"data-lcl-txt=\"Race Around Austria, Ultracycling, Das Extreme Race Around Austria ist mit 2.200 Kilometern L\u00e4nge das l\u00e4ngste Einzelzeitfahren Europas und Qualifikationsrennen f\u00fcr das legend\u00e4re Race Across America. Die Strecke f\u00fchrt entlang der grenznahen Stra\u00dfen einmal rund um \u00d6sterreich. Es gibt keine Etappen, die Zeit l\u00e4uft nonstop. \"><\/a><\/div><div class=\"wp-block-photofolio-gallery-image-container\"><a href=\"https:\/\/cdn.schepers-photography.de\/uploads\/2023\/04\/Bianca-Hofmann-FDP.jpg\" >\n                            <img decoding=\"async\" width=\"2000\" height=\"1500\" src=\"https:\/\/cdn.schepers-photography.de\/uploads\/2023\/04\/Bianca-Hofmann-FDP.jpg\" class=\"wp-block-photofolio-gallery-image\" alt=\"Woman sitting on a bench in a green landscape\" srcset=\"https:\/\/www.schepers-photography.de\/wp-content\/uploads\/2023\/04\/Bianca-Hofmann-FDP.jpg 2000w, https:\/\/www.schepers-photography.de\/wp-content\/uploads\/2023\/04\/Bianca-Hofmann-FDP-300x225.jpg 300w, https:\/\/www.schepers-photography.de\/wp-content\/uploads\/2023\/04\/Bianca-Hofmann-FDP-1024x768.jpg 1024w, https:\/\/www.schepers-photography.de\/wp-content\/uploads\/2023\/04\/Bianca-Hofmann-FDP-768x576.jpg 768w, https:\/\/www.schepers-photography.de\/wp-content\/uploads\/2023\/04\/Bianca-Hofmann-FDP-60x45.jpg 60w, https:\/\/www.schepers-photography.de\/wp-content\/uploads\/2023\/04\/Bianca-Hofmann-FDP-480x360.jpg 480w, https:\/\/www.schepers-photography.de\/wp-content\/uploads\/2023\/04\/Bianca-Hofmann-FDP-560x420.jpg 560w, https:\/\/www.schepers-photography.de\/wp-content\/uploads\/2023\/04\/Bianca-Hofmann-FDP-1920x1440.jpg 1920w, https:\/\/www.schepers-photography.de\/wp-content\/uploads\/2023\/04\/Bianca-Hofmann-FDP-1536x1152.jpg 1536w, https:\/\/www.schepers-photography.de\/wp-content\/uploads\/2023\/04\/Bianca-Hofmann-FDP-16x12.jpg 16w\" sizes=\"(max-width: 2000px) 100vw, 2000px\" \/>\n                            <div class=\"wp-block-photofolio-gallery-image-overlay\">\n                                <p class=\"wp-block-photofolio-gallery-image-overlay-title\">Bianca Hofmann | Speyer<\/p>\n                            <\/div>\n                        <\/a><a href=\"https:\/\/cdn.schepers-photography.de\/uploads\/2023\/04\/Bianca-Hofmann-FDP_14.jpg\" ><\/a><a href=\"https:\/\/cdn.schepers-photography.de\/uploads\/2023\/04\/Bianca-Hofmann-FDP_13.jpg\" ><\/a><a href=\"https:\/\/cdn.schepers-photography.de\/uploads\/2023\/04\/Bianca-Hofmann-FDP_11.jpg\" ><\/a><a href=\"https:\/\/cdn.schepers-photography.de\/uploads\/2023\/04\/Bianca-Hofmann-FDP_12.jpg\" ><\/a><a href=\"https:\/\/cdn.schepers-photography.de\/uploads\/2023\/04\/Bianca-Hofmann-FDP_10.jpg\" ><\/a><a href=\"https:\/\/cdn.schepers-photography.de\/uploads\/2023\/04\/Bianca-Hofmann-FDP_9.jpg\" ><\/a><a href=\"https:\/\/cdn.schepers-photography.de\/uploads\/2023\/04\/Bianca-Hofmann-FDP_7.jpg\" ><\/a><a href=\"https:\/\/cdn.schepers-photography.de\/uploads\/2023\/04\/Bianca-Hofmann-FDP_8.jpg\" ><\/a><a href=\"https:\/\/cdn.schepers-photography.de\/uploads\/2023\/04\/Bianca-Hofmann-FDP_3.jpg\" ><\/a><a href=\"https:\/\/cdn.schepers-photography.de\/uploads\/2023\/04\/Bianca-Hofmann-FDP_1.jpg\" ><\/a><a href=\"https:\/\/cdn.schepers-photography.de\/uploads\/2023\/04\/Bianca-Hofmann-FDP_2.jpg\" ><\/a><a href=\"https:\/\/cdn.schepers-photography.de\/uploads\/2023\/04\/Bianca-Hofmann-FDP_6.jpg\" ><\/a><a href=\"https:\/\/cdn.schepers-photography.de\/uploads\/2023\/04\/Bianca-Hofmann-FDP_5.jpg\" ><\/a><a href=\"https:\/\/cdn.schepers-photography.de\/uploads\/2023\/04\/Bianca-Hofmann-FDP_4.jpg\" ><\/a><\/div><div class=\"wp-block-photofolio-gallery-image-container\"><a href=\"https:\/\/cdn.schepers-photography.de\/uploads\/2023\/04\/natural_hair_resort_.jpg\" >\n                            <img decoding=\"async\" width=\"2000\" height=\"1331\" src=\"https:\/\/cdn.schepers-photography.de\/uploads\/2023\/04\/natural_hair_resort_.jpg\" class=\"wp-block-photofolio-gallery-image\" alt=\"Fragrant incense bowl on wooden table\" srcset=\"https:\/\/www.schepers-photography.de\/wp-content\/uploads\/2023\/04\/natural_hair_resort_.jpg 2000w, https:\/\/www.schepers-photography.de\/wp-content\/uploads\/2023\/04\/natural_hair_resort_-300x200.jpg 300w, https:\/\/www.schepers-photography.de\/wp-content\/uploads\/2023\/04\/natural_hair_resort_-1024x681.jpg 1024w, https:\/\/www.schepers-photography.de\/wp-content\/uploads\/2023\/04\/natural_hair_resort_-768x511.jpg 768w, https:\/\/www.schepers-photography.de\/wp-content\/uploads\/2023\/04\/natural_hair_resort_-60x40.jpg 60w, https:\/\/www.schepers-photography.de\/wp-content\/uploads\/2023\/04\/natural_hair_resort_-480x319.jpg 480w, https:\/\/www.schepers-photography.de\/wp-content\/uploads\/2023\/04\/natural_hair_resort_-560x373.jpg 560w, https:\/\/www.schepers-photography.de\/wp-content\/uploads\/2023\/04\/natural_hair_resort_-1920x1278.jpg 1920w, https:\/\/www.schepers-photography.de\/wp-content\/uploads\/2023\/04\/natural_hair_resort_-1536x1022.jpg 1536w, https:\/\/www.schepers-photography.de\/wp-content\/uploads\/2023\/04\/natural_hair_resort_-18x12.jpg 18w\" sizes=\"(max-width: 2000px) 100vw, 2000px\" \/>\n                            <div class=\"wp-block-photofolio-gallery-image-overlay\">\n                                <p class=\"wp-block-photofolio-gallery-image-overlay-title\">Natural Hair Resorts | Schifferstadt<\/p>\n                            <\/div>\n                        <\/a><a href=\"https:\/\/cdn.schepers-photography.de\/uploads\/2023\/04\/natural_hair_resort__1.jpg\" ><\/a><a href=\"https:\/\/cdn.schepers-photography.de\/uploads\/2023\/04\/natural_hair_resort__17.jpg\" ><\/a><a href=\"https:\/\/cdn.schepers-photography.de\/uploads\/2023\/04\/natural_hair_resort__19.jpg\" title=\"Heiko Butscher\"><\/a><a href=\"https:\/\/cdn.schepers-photography.de\/uploads\/2023\/04\/natural_hair_resort__18.jpg\" ><\/a><a href=\"https:\/\/cdn.schepers-photography.de\/uploads\/2023\/04\/natural_hair_resort__16.jpg\" ><\/a><a href=\"https:\/\/cdn.schepers-photography.de\/uploads\/2023\/04\/natural_hair_resort__15.jpg\" ><\/a><a href=\"https:\/\/cdn.schepers-photography.de\/uploads\/2023\/04\/natural_hair_resort__14.jpg\" ><\/a><a href=\"https:\/\/cdn.schepers-photography.de\/uploads\/2023\/04\/natural_hair_resort__12.jpg\" ><\/a><a href=\"https:\/\/cdn.schepers-photography.de\/uploads\/2023\/04\/natural_hair_resort__13.jpg\" ><\/a><a href=\"https:\/\/cdn.schepers-photography.de\/uploads\/2023\/04\/natural_hair_resort__11.jpg\" ><\/a><a href=\"https:\/\/cdn.schepers-photography.de\/uploads\/2023\/04\/natural_hair_resort__8.jpg\" ><\/a><a href=\"https:\/\/cdn.schepers-photography.de\/uploads\/2023\/04\/natural_hair_resort__9.jpg\" ><\/a><a href=\"https:\/\/cdn.schepers-photography.de\/uploads\/2023\/04\/natural_hair_resort__10.jpg\" ><\/a><a href=\"https:\/\/cdn.schepers-photography.de\/uploads\/2023\/04\/natural_hair_resort__7.jpg\" ><\/a><a href=\"https:\/\/cdn.schepers-photography.de\/uploads\/2023\/04\/natural_hair_resort__6.jpg\" ><\/a><a href=\"https:\/\/cdn.schepers-photography.de\/uploads\/2023\/04\/natural_hair_resort__4.jpg\" ><\/a><a href=\"https:\/\/cdn.schepers-photography.de\/uploads\/2023\/04\/natural_hair_resort__3.jpg\" ><\/a><a href=\"https:\/\/cdn.schepers-photography.de\/uploads\/2023\/04\/natural_hair_resort__2.jpg\" ><\/a><a href=\"https:\/\/cdn.schepers-photography.de\/uploads\/2023\/04\/natural_hair_resort__5.jpg\" ><\/a><a href=\"https:\/\/cdn.schepers-photography.de\/uploads\/2023\/04\/natural_hair_resort__20.jpg\" ><\/a><\/div><div class=\"wp-block-photofolio-gallery-image-container\"><a href=\"https:\/\/cdn.schepers-photography.de\/uploads\/2023\/04\/basf_erlebnistag_.jpg\" >\n                            <img decoding=\"async\" width=\"2000\" height=\"1333\" src=\"https:\/\/cdn.schepers-photography.de\/uploads\/2023\/04\/basf_erlebnistag_.jpg\" class=\"wp-block-photofolio-gallery-image\" alt=\"Outdoor event with people and tents, sunny day.\" srcset=\"https:\/\/www.schepers-photography.de\/wp-content\/uploads\/2023\/04\/basf_erlebnistag_.jpg 2000w, https:\/\/www.schepers-photography.de\/wp-content\/uploads\/2023\/04\/basf_erlebnistag_-300x200.jpg 300w, https:\/\/www.schepers-photography.de\/wp-content\/uploads\/2023\/04\/basf_erlebnistag_-1024x682.jpg 1024w, https:\/\/www.schepers-photography.de\/wp-content\/uploads\/2023\/04\/basf_erlebnistag_-768x512.jpg 768w, https:\/\/www.schepers-photography.de\/wp-content\/uploads\/2023\/04\/basf_erlebnistag_-60x40.jpg 60w, https:\/\/www.schepers-photography.de\/wp-content\/uploads\/2023\/04\/basf_erlebnistag_-480x320.jpg 480w, https:\/\/www.schepers-photography.de\/wp-content\/uploads\/2023\/04\/basf_erlebnistag_-560x373.jpg 560w, https:\/\/www.schepers-photography.de\/wp-content\/uploads\/2023\/04\/basf_erlebnistag_-1920x1280.jpg 1920w, https:\/\/www.schepers-photography.de\/wp-content\/uploads\/2023\/04\/basf_erlebnistag_-1536x1024.jpg 1536w, https:\/\/www.schepers-photography.de\/wp-content\/uploads\/2023\/04\/basf_erlebnistag_-18x12.jpg 18w\" sizes=\"(max-width: 2000px) 100vw, 2000px\" \/>\n                            <div class=\"wp-block-photofolio-gallery-image-overlay\">\n                                <p class=\"wp-block-photofolio-gallery-image-overlay-title\">Experience Day | BASF<\/p>\n                            <\/div>\n                        <\/a><a href=\"https:\/\/cdn.schepers-photography.de\/uploads\/2023\/04\/basf_erlebnistag__13.jpg\" ><\/a><a href=\"https:\/\/cdn.schepers-photography.de\/uploads\/2023\/04\/basf_erlebnistag__12.jpg\" ><\/a><a href=\"https:\/\/cdn.schepers-photography.de\/uploads\/2023\/04\/basf_erlebnistag__8.jpg\" ><\/a><a href=\"https:\/\/cdn.schepers-photography.de\/uploads\/2023\/04\/basf_erlebnistag__7.jpg\" ><\/a><a href=\"https:\/\/cdn.schepers-photography.de\/uploads\/2023\/04\/basf_erlebnistag__11.jpg\" ><\/a><a href=\"https:\/\/cdn.schepers-photography.de\/uploads\/2023\/04\/basf_erlebnistag__9.jpg\" ><\/a><a href=\"https:\/\/cdn.schepers-photography.de\/uploads\/2023\/04\/basf_erlebnistag__10.jpg\" ><\/a><a href=\"https:\/\/cdn.schepers-photography.de\/uploads\/2023\/04\/basf_erlebnistag__5.jpg\" ><\/a><a href=\"https:\/\/cdn.schepers-photography.de\/uploads\/2023\/04\/basf_erlebnistag__6.jpg\" ><\/a><a href=\"https:\/\/cdn.schepers-photography.de\/uploads\/2023\/04\/basf_erlebnistag__4.jpg\" ><\/a><a href=\"https:\/\/cdn.schepers-photography.de\/uploads\/2023\/04\/basf_erlebnistag__2.jpg\" ><\/a><a href=\"https:\/\/cdn.schepers-photography.de\/uploads\/2023\/04\/basf_erlebnistag__1.jpg\" ><\/a><a href=\"https:\/\/cdn.schepers-photography.de\/uploads\/2023\/04\/basf_erlebnistag__3.jpg\" ><\/a><\/div><div class=\"wp-block-photofolio-gallery-image-container\"><a href=\"https:\/\/cdn.schepers-photography.de\/uploads\/2023\/04\/Good-Morning-BASF0002.jpg\" >\n                            <img decoding=\"async\" width=\"1500\" height=\"2000\" src=\"https:\/\/cdn.schepers-photography.de\/uploads\/2023\/04\/Good-Morning-BASF0002.jpg\" class=\"wp-block-photofolio-gallery-image\" alt=\"Good Morning BASF campaign\" srcset=\"https:\/\/www.schepers-photography.de\/wp-content\/uploads\/2023\/04\/Good-Morning-BASF0002.jpg 1500w, https:\/\/www.schepers-photography.de\/wp-content\/uploads\/2023\/04\/Good-Morning-BASF0002-225x300.jpg 225w, https:\/\/www.schepers-photography.de\/wp-content\/uploads\/2023\/04\/Good-Morning-BASF0002-768x1024.jpg 768w, https:\/\/www.schepers-photography.de\/wp-content\/uploads\/2023\/04\/Good-Morning-BASF0002-60x80.jpg 60w, https:\/\/www.schepers-photography.de\/wp-content\/uploads\/2023\/04\/Good-Morning-BASF0002-480x640.jpg 480w, https:\/\/www.schepers-photography.de\/wp-content\/uploads\/2023\/04\/Good-Morning-BASF0002-560x747.jpg 560w, https:\/\/www.schepers-photography.de\/wp-content\/uploads\/2023\/04\/Good-Morning-BASF0002-1152x1536.jpg 1152w, https:\/\/www.schepers-photography.de\/wp-content\/uploads\/2023\/04\/Good-Morning-BASF0002-9x12.jpg 9w\" sizes=\"(max-width: 1500px) 100vw, 1500px\" \/>\n                            <div class=\"wp-block-photofolio-gallery-image-overlay\">\n                                <p class=\"wp-block-photofolio-gallery-image-overlay-title\">Good Morning | BASF<\/p>\n                            <\/div>\n                        <\/a><a href=\"https:\/\/cdn.schepers-photography.de\/uploads\/2023\/04\/Good-Morning-BASF0003-1.jpg\" ><\/a><a href=\"https:\/\/cdn.schepers-photography.de\/uploads\/2023\/04\/Good-Morning-BASF0004.jpg\" ><\/a><a href=\"https:\/\/cdn.schepers-photography.de\/uploads\/2023\/04\/Good-Morning-BASF0001.jpg\" ><\/a><a href=\"https:\/\/cdn.schepers-photography.de\/uploads\/2023\/04\/Good-Morning-BASF0005-1.jpg\" ><\/a><\/div><div class=\"wp-block-photofolio-gallery-image-container\"><a href=\"https:\/\/cdn.schepers-photography.de\/uploads\/2023\/04\/gummi00.jpg\" >\n                            <img decoding=\"async\" width=\"1803\" height=\"1200\" src=\"https:\/\/cdn.schepers-photography.de\/uploads\/2023\/04\/gummi00.jpg\" class=\"wp-block-photofolio-gallery-image\" alt=\"Progum | Neuhofen\" srcset=\"https:\/\/www.schepers-photography.de\/wp-content\/uploads\/2023\/04\/gummi00.jpg 1803w, https:\/\/www.schepers-photography.de\/wp-content\/uploads\/2023\/04\/gummi00-300x200.jpg 300w, https:\/\/www.schepers-photography.de\/wp-content\/uploads\/2023\/04\/gummi00-1024x682.jpg 1024w, https:\/\/www.schepers-photography.de\/wp-content\/uploads\/2023\/04\/gummi00-768x511.jpg 768w, https:\/\/www.schepers-photography.de\/wp-content\/uploads\/2023\/04\/gummi00-60x40.jpg 60w, https:\/\/www.schepers-photography.de\/wp-content\/uploads\/2023\/04\/gummi00-480x319.jpg 480w, https:\/\/www.schepers-photography.de\/wp-content\/uploads\/2023\/04\/gummi00-560x373.jpg 560w, https:\/\/www.schepers-photography.de\/wp-content\/uploads\/2023\/04\/gummi00-1536x1022.jpg 1536w, https:\/\/www.schepers-photography.de\/wp-content\/uploads\/2023\/04\/gummi00-18x12.jpg 18w\" sizes=\"(max-width: 1803px) 100vw, 1803px\" \/>\n                            <div class=\"wp-block-photofolio-gallery-image-overlay\">\n                                <p class=\"wp-block-photofolio-gallery-image-overlay-title\">Progum | Neuhofen<\/p>\n                            <\/div>\n                        <\/a><a href=\"https:\/\/cdn.schepers-photography.de\/uploads\/2023\/04\/gummi01.jpg\" ><\/a><a href=\"https:\/\/cdn.schepers-photography.de\/uploads\/2023\/04\/gummi02.jpg\" ><\/a><a href=\"https:\/\/cdn.schepers-photography.de\/uploads\/2023\/04\/gummi03.jpg\" ><\/a><a href=\"https:\/\/cdn.schepers-photography.de\/uploads\/2023\/04\/gummi04.jpg\" ><\/a><a href=\"https:\/\/cdn.schepers-photography.de\/uploads\/2023\/04\/gummi05.jpg\" ><\/a><a href=\"https:\/\/cdn.schepers-photography.de\/uploads\/2023\/04\/gummi06.jpg\" ><\/a><a href=\"https:\/\/cdn.schepers-photography.de\/uploads\/2023\/04\/gummi07.jpg\" ><\/a><a href=\"https:\/\/cdn.schepers-photography.de\/uploads\/2023\/04\/gummi08.jpg\" ><\/a><a href=\"https:\/\/cdn.schepers-photography.de\/uploads\/2023\/04\/gummi09.jpg\" ><\/a><a href=\"https:\/\/cdn.schepers-photography.de\/uploads\/2023\/04\/gummi10.jpg\" ><\/a><\/div><div class=\"wp-block-photofolio-gallery-image-container\"><a href=\"https:\/\/cdn.schepers-photography.de\/uploads\/2023\/04\/LaG_Berkel_040-1.jpg\" title=\"Mathias Berkel | Ludwigshafen\"data-lcl-txt=\"Mathias Berkel | Ludwigshafen\">\n                            <img decoding=\"async\" width=\"2000\" height=\"1335\" src=\"https:\/\/cdn.schepers-photography.de\/uploads\/2023\/04\/LaG_Berkel_040-1.jpg\" class=\"wp-block-photofolio-gallery-image\" alt=\"Person on top of large tank with blue sky\" srcset=\"https:\/\/www.schepers-photography.de\/wp-content\/uploads\/2023\/04\/LaG_Berkel_040-1.jpg 2000w, https:\/\/www.schepers-photography.de\/wp-content\/uploads\/2023\/04\/LaG_Berkel_040-1-300x200.jpg 300w, https:\/\/www.schepers-photography.de\/wp-content\/uploads\/2023\/04\/LaG_Berkel_040-1-1024x684.jpg 1024w, https:\/\/www.schepers-photography.de\/wp-content\/uploads\/2023\/04\/LaG_Berkel_040-1-768x513.jpg 768w, https:\/\/www.schepers-photography.de\/wp-content\/uploads\/2023\/04\/LaG_Berkel_040-1-60x40.jpg 60w, https:\/\/www.schepers-photography.de\/wp-content\/uploads\/2023\/04\/LaG_Berkel_040-1-480x320.jpg 480w, https:\/\/www.schepers-photography.de\/wp-content\/uploads\/2023\/04\/LaG_Berkel_040-1-560x374.jpg 560w, https:\/\/www.schepers-photography.de\/wp-content\/uploads\/2023\/04\/LaG_Berkel_040-1-1920x1282.jpg 1920w, https:\/\/www.schepers-photography.de\/wp-content\/uploads\/2023\/04\/LaG_Berkel_040-1-1536x1025.jpg 1536w, https:\/\/www.schepers-photography.de\/wp-content\/uploads\/2023\/04\/LaG_Berkel_040-1-18x12.jpg 18w\" sizes=\"(max-width: 2000px) 100vw, 2000px\" \/>\n                            <div class=\"wp-block-photofolio-gallery-image-overlay\">\n                                <p class=\"wp-block-photofolio-gallery-image-overlay-title\">Mathias Berkel | Ludwigshafen<\/p>\n                            <\/div>\n                        <\/a><a href=\"https:\/\/cdn.schepers-photography.de\/uploads\/2023\/04\/LaG_Berkel_049-1.jpg\" title=\"Mathias Berkel | Ludwigshafen\"data-lcl-txt=\"Mathias Berkel | Ludwigshafen\"><\/a><\/div><div class=\"wp-block-photofolio-gallery-image-container\"><a href=\"https:\/\/cdn.schepers-photography.de\/uploads\/2023\/04\/index.jpg\" >\n                            <img decoding=\"async\" width=\"1200\" height=\"1803\" src=\"https:\/\/cdn.schepers-photography.de\/uploads\/2023\/04\/index.jpg\" class=\"wp-block-photofolio-gallery-image\" alt=\"FreeRun | Speyer\" srcset=\"https:\/\/www.schepers-photography.de\/wp-content\/uploads\/2023\/04\/index.jpg 1200w, https:\/\/www.schepers-photography.de\/wp-content\/uploads\/2023\/04\/index-200x300.jpg 200w, https:\/\/www.schepers-photography.de\/wp-content\/uploads\/2023\/04\/index-682x1024.jpg 682w, https:\/\/www.schepers-photography.de\/wp-content\/uploads\/2023\/04\/index-768x1154.jpg 768w, https:\/\/www.schepers-photography.de\/wp-content\/uploads\/2023\/04\/index-60x90.jpg 60w, https:\/\/www.schepers-photography.de\/wp-content\/uploads\/2023\/04\/index-480x721.jpg 480w, https:\/\/www.schepers-photography.de\/wp-content\/uploads\/2023\/04\/index-560x841.jpg 560w, https:\/\/www.schepers-photography.de\/wp-content\/uploads\/2023\/04\/index-1022x1536.jpg 1022w, https:\/\/www.schepers-photography.de\/wp-content\/uploads\/2023\/04\/index-8x12.jpg 8w\" sizes=\"(max-width: 1200px) 100vw, 1200px\" \/>\n                            <div class=\"wp-block-photofolio-gallery-image-overlay\">\n                                <p class=\"wp-block-photofolio-gallery-image-overlay-title\">FreeRun | Speyer<\/p>\n                            <\/div>\n                        <\/a><a href=\"https:\/\/cdn.schepers-photography.de\/uploads\/2023\/04\/freerunpar08.jpg\" ><\/a><a href=\"https:\/\/cdn.schepers-photography.de\/uploads\/2023\/04\/freerunpar13.jpg\" ><\/a><a href=\"https:\/\/cdn.schepers-photography.de\/uploads\/2023\/04\/freerunpar12.jpg\" ><\/a><a href=\"https:\/\/cdn.schepers-photography.de\/uploads\/2023\/04\/freerunpar09-scaled-1.jpg\" ><\/a><\/div><div class=\"wp-block-photofolio-gallery-image-container\"><a href=\"https:\/\/cdn.schepers-photography.de\/uploads\/2023\/04\/Stadtfest_lu_PROFIL_ADOBE_RGB-scaled-1.jpg\" >\n                            <img decoding=\"async\" width=\"2560\" height=\"1708\" src=\"https:\/\/cdn.schepers-photography.de\/uploads\/2023\/04\/Stadtfest_lu_PROFIL_ADOBE_RGB-scaled-1.jpg\" class=\"wp-block-photofolio-gallery-image\" alt=\"City festival lu PROFILE ADOBE RGB\" srcset=\"https:\/\/www.schepers-photography.de\/wp-content\/uploads\/2023\/04\/Stadtfest_lu_PROFIL_ADOBE_RGB-scaled-1.jpg 2560w, https:\/\/www.schepers-photography.de\/wp-content\/uploads\/2023\/04\/Stadtfest_lu_PROFIL_ADOBE_RGB-scaled-1-300x200.jpg 300w, https:\/\/www.schepers-photography.de\/wp-content\/uploads\/2023\/04\/Stadtfest_lu_PROFIL_ADOBE_RGB-scaled-1-1024x683.jpg 1024w, https:\/\/www.schepers-photography.de\/wp-content\/uploads\/2023\/04\/Stadtfest_lu_PROFIL_ADOBE_RGB-scaled-1-768x512.jpg 768w, https:\/\/www.schepers-photography.de\/wp-content\/uploads\/2023\/04\/Stadtfest_lu_PROFIL_ADOBE_RGB-scaled-1-60x40.jpg 60w, https:\/\/www.schepers-photography.de\/wp-content\/uploads\/2023\/04\/Stadtfest_lu_PROFIL_ADOBE_RGB-scaled-1-480x320.jpg 480w, https:\/\/www.schepers-photography.de\/wp-content\/uploads\/2023\/04\/Stadtfest_lu_PROFIL_ADOBE_RGB-scaled-1-560x374.jpg 560w, https:\/\/www.schepers-photography.de\/wp-content\/uploads\/2023\/04\/Stadtfest_lu_PROFIL_ADOBE_RGB-scaled-1-1920x1281.jpg 1920w, https:\/\/www.schepers-photography.de\/wp-content\/uploads\/2023\/04\/Stadtfest_lu_PROFIL_ADOBE_RGB-scaled-1-1536x1025.jpg 1536w, https:\/\/www.schepers-photography.de\/wp-content\/uploads\/2023\/04\/Stadtfest_lu_PROFIL_ADOBE_RGB-scaled-1-2048x1366.jpg 2048w, https:\/\/www.schepers-photography.de\/wp-content\/uploads\/2023\/04\/Stadtfest_lu_PROFIL_ADOBE_RGB-scaled-1-18x12.jpg 18w\" sizes=\"(max-width: 2560px) 100vw, 2560px\" \/>\n                            <div class=\"wp-block-photofolio-gallery-image-overlay\">\n                                <p class=\"wp-block-photofolio-gallery-image-overlay-title\">City festival | Ludwigshafen<\/p>\n                            <\/div>\n                        <\/a><\/div><div class=\"wp-block-photofolio-gallery-image-container\"><a href=\"https:\/\/cdn.schepers-photography.de\/uploads\/2023\/04\/HEIKO3.jpg\" >\n                            <img decoding=\"async\" width=\"1875\" height=\"2500\" src=\"https:\/\/cdn.schepers-photography.de\/uploads\/2023\/04\/HEIKO3.jpg\" class=\"wp-block-photofolio-gallery-image\" alt=\"Heiko Butscher | Hair Networks\" srcset=\"https:\/\/www.schepers-photography.de\/wp-content\/uploads\/2023\/04\/HEIKO3.jpg 1875w, https:\/\/www.schepers-photography.de\/wp-content\/uploads\/2023\/04\/HEIKO3-225x300.jpg 225w, https:\/\/www.schepers-photography.de\/wp-content\/uploads\/2023\/04\/HEIKO3-768x1024.jpg 768w, https:\/\/www.schepers-photography.de\/wp-content\/uploads\/2023\/04\/HEIKO3-60x80.jpg 60w, https:\/\/www.schepers-photography.de\/wp-content\/uploads\/2023\/04\/HEIKO3-480x640.jpg 480w, https:\/\/www.schepers-photography.de\/wp-content\/uploads\/2023\/04\/HEIKO3-560x747.jpg 560w, https:\/\/www.schepers-photography.de\/wp-content\/uploads\/2023\/04\/HEIKO3-1152x1536.jpg 1152w, https:\/\/www.schepers-photography.de\/wp-content\/uploads\/2023\/04\/HEIKO3-1536x2048.jpg 1536w, https:\/\/www.schepers-photography.de\/wp-content\/uploads\/2023\/04\/HEIKO3-9x12.jpg 9w\" sizes=\"(max-width: 1875px) 100vw, 1875px\" \/>\n                            <div class=\"wp-block-photofolio-gallery-image-overlay\">\n                                <p class=\"wp-block-photofolio-gallery-image-overlay-title\">Heiko Butscher | Natural Hair Resorts<\/p>\n                            <\/div>\n                        <\/a><a href=\"https:\/\/cdn.schepers-photography.de\/uploads\/2023\/04\/HEIKO2.jpg\" ><\/a><a href=\"https:\/\/cdn.schepers-photography.de\/uploads\/2023\/04\/HEIKO.jpg\" ><\/a><\/div><div class=\"wp-block-photofolio-gallery-image-container\"><a href=\"https:\/\/cdn.schepers-photography.de\/uploads\/2023\/04\/Faces_053_bw_mittel.jpg\" >\n                            <img decoding=\"async\" width=\"1875\" height=\"2500\" src=\"https:\/\/cdn.schepers-photography.de\/uploads\/2023\/04\/Faces_053_bw_mittel.jpg\" class=\"wp-block-photofolio-gallery-image\" alt=\"Character portraits\" srcset=\"https:\/\/www.schepers-photography.de\/wp-content\/uploads\/2023\/04\/Faces_053_bw_mittel.jpg 1875w, https:\/\/www.schepers-photography.de\/wp-content\/uploads\/2023\/04\/Faces_053_bw_mittel-225x300.jpg 225w, https:\/\/www.schepers-photography.de\/wp-content\/uploads\/2023\/04\/Faces_053_bw_mittel-768x1024.jpg 768w, https:\/\/www.schepers-photography.de\/wp-content\/uploads\/2023\/04\/Faces_053_bw_mittel-60x80.jpg 60w, https:\/\/www.schepers-photography.de\/wp-content\/uploads\/2023\/04\/Faces_053_bw_mittel-480x640.jpg 480w, https:\/\/www.schepers-photography.de\/wp-content\/uploads\/2023\/04\/Faces_053_bw_mittel-560x747.jpg 560w, https:\/\/www.schepers-photography.de\/wp-content\/uploads\/2023\/04\/Faces_053_bw_mittel-1152x1536.jpg 1152w, https:\/\/www.schepers-photography.de\/wp-content\/uploads\/2023\/04\/Faces_053_bw_mittel-1536x2048.jpg 1536w, https:\/\/www.schepers-photography.de\/wp-content\/uploads\/2023\/04\/Faces_053_bw_mittel-9x12.jpg 9w\" sizes=\"(max-width: 1875px) 100vw, 1875px\" \/>\n                            <div class=\"wp-block-photofolio-gallery-image-overlay\">\n                                <p class=\"wp-block-photofolio-gallery-image-overlay-title\">Character portraits<\/p>\n                            <\/div>\n                        <\/a><a href=\"https:\/\/cdn.schepers-photography.de\/uploads\/2023\/04\/Faces_035_bw_mittel.jpg\" ><\/a><\/div><div class=\"wp-block-photofolio-gallery-image-container\"><a href=\"https:\/\/cdn.schepers-photography.de\/uploads\/2023\/04\/Neustadt2_1.jpg\" >\n                            <img decoding=\"async\" width=\"1500\" height=\"750\" src=\"https:\/\/cdn.schepers-photography.de\/uploads\/2023\/04\/Neustadt2_1.jpg\" class=\"wp-block-photofolio-gallery-image\" alt=\"Neustadt2 1\" srcset=\"https:\/\/www.schepers-photography.de\/wp-content\/uploads\/2023\/04\/Neustadt2_1.jpg 1500w, https:\/\/www.schepers-photography.de\/wp-content\/uploads\/2023\/04\/Neustadt2_1-300x150.jpg 300w, https:\/\/www.schepers-photography.de\/wp-content\/uploads\/2023\/04\/Neustadt2_1-1024x512.jpg 1024w, https:\/\/www.schepers-photography.de\/wp-content\/uploads\/2023\/04\/Neustadt2_1-768x384.jpg 768w, https:\/\/www.schepers-photography.de\/wp-content\/uploads\/2023\/04\/Neustadt2_1-60x30.jpg 60w, https:\/\/www.schepers-photography.de\/wp-content\/uploads\/2023\/04\/Neustadt2_1-480x240.jpg 480w, https:\/\/www.schepers-photography.de\/wp-content\/uploads\/2023\/04\/Neustadt2_1-560x280.jpg 560w, https:\/\/www.schepers-photography.de\/wp-content\/uploads\/2023\/04\/Neustadt2_1-18x9.jpg 18w\" sizes=\"(max-width: 1500px) 100vw, 1500px\" \/>\n                            <div class=\"wp-block-photofolio-gallery-image-overlay\">\n                                <p class=\"wp-block-photofolio-gallery-image-overlay-title\">Aerial panorama \u2665 Neustadt a.d. Weinstatstrasse | \"FREI\"<\/p>\n                            <\/div>\n                        <\/a><a href=\"https:\/\/cdn.schepers-photography.de\/uploads\/2023\/04\/Neustadt1_1.jpg\" ><\/a><\/div><div class=\"wp-block-photofolio-gallery-image-container\"><a href=\"https:\/\/cdn.schepers-photography.de\/uploads\/2023\/04\/Autobahn_Speyer-scaled-1.jpg\" >\n                            <img decoding=\"async\" width=\"2560\" height=\"1919\" src=\"https:\/\/cdn.schepers-photography.de\/uploads\/2023\/04\/Autobahn_Speyer-scaled-1.jpg\" class=\"wp-block-photofolio-gallery-image\" alt=\"Sunset over the highway and green landscape.\" srcset=\"https:\/\/www.schepers-photography.de\/wp-content\/uploads\/2023\/04\/Autobahn_Speyer-scaled-1.jpg 2560w, https:\/\/www.schepers-photography.de\/wp-content\/uploads\/2023\/04\/Autobahn_Speyer-scaled-1-300x225.jpg 300w, https:\/\/www.schepers-photography.de\/wp-content\/uploads\/2023\/04\/Autobahn_Speyer-scaled-1-1024x768.jpg 1024w, https:\/\/www.schepers-photography.de\/wp-content\/uploads\/2023\/04\/Autobahn_Speyer-scaled-1-768x576.jpg 768w, https:\/\/www.schepers-photography.de\/wp-content\/uploads\/2023\/04\/Autobahn_Speyer-scaled-1-60x45.jpg 60w, https:\/\/www.schepers-photography.de\/wp-content\/uploads\/2023\/04\/Autobahn_Speyer-scaled-1-480x360.jpg 480w, https:\/\/www.schepers-photography.de\/wp-content\/uploads\/2023\/04\/Autobahn_Speyer-scaled-1-560x420.jpg 560w, https:\/\/www.schepers-photography.de\/wp-content\/uploads\/2023\/04\/Autobahn_Speyer-scaled-1-1920x1439.jpg 1920w, https:\/\/www.schepers-photography.de\/wp-content\/uploads\/2023\/04\/Autobahn_Speyer-scaled-1-1536x1151.jpg 1536w, https:\/\/www.schepers-photography.de\/wp-content\/uploads\/2023\/04\/Autobahn_Speyer-scaled-1-2048x1535.jpg 2048w, https:\/\/www.schepers-photography.de\/wp-content\/uploads\/2023\/04\/Autobahn_Speyer-scaled-1-16x12.jpg 16w\" sizes=\"(max-width: 2560px) 100vw, 2560px\" \/>\n                            <div class=\"wp-block-photofolio-gallery-image-overlay\">\n                                <p class=\"wp-block-photofolio-gallery-image-overlay-title\">Speyer | \"FREI\"<\/p>\n                            <\/div>\n                        <\/a><\/div><div class=\"wp-block-photofolio-gallery-image-container\"><a href=\"https:\/\/cdn.schepers-photography.de\/uploads\/2023\/04\/SM15388.jpg\" >\n                            <img decoding=\"async\" width=\"1500\" height=\"998\" src=\"https:\/\/cdn.schepers-photography.de\/uploads\/2023\/04\/SM15388.jpg\" class=\"wp-block-photofolio-gallery-image\" alt=\"BMW | BMW\" srcset=\"https:\/\/www.schepers-photography.de\/wp-content\/uploads\/2023\/04\/SM15388.jpg 1500w, https:\/\/www.schepers-photography.de\/wp-content\/uploads\/2023\/04\/SM15388-300x200.jpg 300w, https:\/\/www.schepers-photography.de\/wp-content\/uploads\/2023\/04\/SM15388-1024x681.jpg 1024w, https:\/\/www.schepers-photography.de\/wp-content\/uploads\/2023\/04\/SM15388-768x511.jpg 768w, https:\/\/www.schepers-photography.de\/wp-content\/uploads\/2023\/04\/SM15388-60x40.jpg 60w, https:\/\/www.schepers-photography.de\/wp-content\/uploads\/2023\/04\/SM15388-480x319.jpg 480w, https:\/\/www.schepers-photography.de\/wp-content\/uploads\/2023\/04\/SM15388-560x373.jpg 560w, https:\/\/www.schepers-photography.de\/wp-content\/uploads\/2023\/04\/SM15388-18x12.jpg 18w\" sizes=\"(max-width: 1500px) 100vw, 1500px\" \/>\n                            <div class=\"wp-block-photofolio-gallery-image-overlay\">\n                                <p class=\"wp-block-photofolio-gallery-image-overlay-title\">BMW | BMW<\/p>\n                            <\/div>\n                        <\/a><a href=\"https:\/\/cdn.schepers-photography.de\/uploads\/2023\/04\/SM15392.jpg\" ><\/a><a href=\"https:\/\/cdn.schepers-photography.de\/uploads\/2023\/04\/SM15439.jpg\" ><\/a><a href=\"https:\/\/cdn.schepers-photography.de\/uploads\/2023\/04\/SM15427.jpg\" ><\/a><a href=\"https:\/\/cdn.schepers-photography.de\/uploads\/2023\/04\/SM15402.jpg\" ><\/a><a href=\"https:\/\/cdn.schepers-photography.de\/uploads\/2023\/04\/SM15390.jpg\" ><\/a><\/div><div class=\"wp-block-photofolio-gallery-image-container\"><a href=\"https:\/\/cdn.schepers-photography.de\/uploads\/2023\/04\/zweibrueckenfashionoutlet_0001.jpg\" >\n                            <img decoding=\"async\" width=\"1500\" height=\"998\" src=\"https:\/\/cdn.schepers-photography.de\/uploads\/2023\/04\/zweibrueckenfashionoutlet_0001.jpg\" class=\"wp-block-photofolio-gallery-image\" alt=\"Zweibr\u00fccken Fashion Outlet | Publik Agency\" srcset=\"https:\/\/www.schepers-photography.de\/wp-content\/uploads\/2023\/04\/zweibrueckenfashionoutlet_0001.jpg 1500w, https:\/\/www.schepers-photography.de\/wp-content\/uploads\/2023\/04\/zweibrueckenfashionoutlet_0001-300x200.jpg 300w, https:\/\/www.schepers-photography.de\/wp-content\/uploads\/2023\/04\/zweibrueckenfashionoutlet_0001-1024x681.jpg 1024w, https:\/\/www.schepers-photography.de\/wp-content\/uploads\/2023\/04\/zweibrueckenfashionoutlet_0001-768x511.jpg 768w, https:\/\/www.schepers-photography.de\/wp-content\/uploads\/2023\/04\/zweibrueckenfashionoutlet_0001-60x40.jpg 60w, https:\/\/www.schepers-photography.de\/wp-content\/uploads\/2023\/04\/zweibrueckenfashionoutlet_0001-480x319.jpg 480w, https:\/\/www.schepers-photography.de\/wp-content\/uploads\/2023\/04\/zweibrueckenfashionoutlet_0001-560x373.jpg 560w, https:\/\/www.schepers-photography.de\/wp-content\/uploads\/2023\/04\/zweibrueckenfashionoutlet_0001-18x12.jpg 18w\" sizes=\"(max-width: 1500px) 100vw, 1500px\" \/>\n                            <div class=\"wp-block-photofolio-gallery-image-overlay\">\n                                <p class=\"wp-block-photofolio-gallery-image-overlay-title\">Fashion Outlet Zweibr\u00fccken | Publik Agency<\/p>\n                            <\/div>\n                        <\/a><a href=\"https:\/\/cdn.schepers-photography.de\/uploads\/2023\/04\/zweibrueckenfashionoutlet_0003.jpg\" ><\/a><a href=\"https:\/\/cdn.schepers-photography.de\/uploads\/2023\/04\/zweibrueckenfashionoutlet_0002.jpg\" ><\/a><a href=\"https:\/\/cdn.schepers-photography.de\/uploads\/2023\/04\/zweibrueckenfashionoutlet_0004.jpg\" ><\/a><a href=\"https:\/\/cdn.schepers-photography.de\/uploads\/2023\/04\/zweibrueckenfashionoutlet_0005.jpg\" ><\/a><a href=\"https:\/\/cdn.schepers-photography.de\/uploads\/2023\/04\/zweibrueckenfashionoutlet_0006.jpg\" ><\/a><a href=\"https:\/\/cdn.schepers-photography.de\/uploads\/2023\/04\/zweibrueckenfashionoutlet_0008.jpg\" ><\/a><a href=\"https:\/\/cdn.schepers-photography.de\/uploads\/2023\/04\/zweibrueckenfashionoutlet_0009.jpg\" ><\/a><a href=\"https:\/\/cdn.schepers-photography.de\/uploads\/2023\/04\/zweibrueckenfashionoutlet_0010.jpg\" ><\/a><a href=\"https:\/\/cdn.schepers-photography.de\/uploads\/2023\/04\/zweibrueckenfashionoutlet_0011.jpg\" ><\/a><\/div><div class=\"wp-block-photofolio-gallery-image-container\"><a href=\"https:\/\/cdn.schepers-photography.de\/uploads\/2023\/04\/iclip-scaled-1.jpg\" >\n                            <img decoding=\"async\" width=\"2560\" height=\"1776\" src=\"https:\/\/cdn.schepers-photography.de\/uploads\/2023\/04\/iclip-scaled-1.jpg\" class=\"wp-block-photofolio-gallery-image\" alt=\"Iclip\" srcset=\"https:\/\/www.schepers-photography.de\/wp-content\/uploads\/2023\/04\/iclip-scaled-1.jpg 2560w, https:\/\/www.schepers-photography.de\/wp-content\/uploads\/2023\/04\/iclip-scaled-1-300x208.jpg 300w, https:\/\/www.schepers-photography.de\/wp-content\/uploads\/2023\/04\/iclip-scaled-1-1024x710.jpg 1024w, https:\/\/www.schepers-photography.de\/wp-content\/uploads\/2023\/04\/iclip-scaled-1-768x533.jpg 768w, https:\/\/www.schepers-photography.de\/wp-content\/uploads\/2023\/04\/iclip-scaled-1-60x42.jpg 60w, https:\/\/www.schepers-photography.de\/wp-content\/uploads\/2023\/04\/iclip-scaled-1-480x333.jpg 480w, https:\/\/www.schepers-photography.de\/wp-content\/uploads\/2023\/04\/iclip-scaled-1-560x389.jpg 560w, https:\/\/www.schepers-photography.de\/wp-content\/uploads\/2023\/04\/iclip-scaled-1-1920x1332.jpg 1920w, https:\/\/www.schepers-photography.de\/wp-content\/uploads\/2023\/04\/iclip-scaled-1-1536x1066.jpg 1536w, https:\/\/www.schepers-photography.de\/wp-content\/uploads\/2023\/04\/iclip-scaled-1-2048x1421.jpg 2048w, https:\/\/www.schepers-photography.de\/wp-content\/uploads\/2023\/04\/iclip-scaled-1-18x12.jpg 18w\" sizes=\"(max-width: 2560px) 100vw, 2560px\" \/>\n                            <div class=\"wp-block-photofolio-gallery-image-overlay\">\n                                <p class=\"wp-block-photofolio-gallery-image-overlay-title\">I-CLIP<\/p>\n                            <\/div>\n                        <\/a><\/div><div class=\"wp-block-photofolio-gallery-image-container\"><a href=\"https:\/\/cdn.schepers-photography.de\/uploads\/2023\/04\/Lutz_Pauels_055.jpg\" title=\"Lutz Pauels | Mannheim\"data-lcl-txt=\"Lutz Pauels  | Mannheim\">\n                            <img decoding=\"async\" width=\"1500\" height=\"1000\" src=\"https:\/\/cdn.schepers-photography.de\/uploads\/2023\/04\/Lutz_Pauels_055.jpg\" class=\"wp-block-photofolio-gallery-image\" alt=\"Older man in blue jacket smiles friendly.\" srcset=\"https:\/\/www.schepers-photography.de\/wp-content\/uploads\/2023\/04\/Lutz_Pauels_055.jpg 1500w, https:\/\/www.schepers-photography.de\/wp-content\/uploads\/2023\/04\/Lutz_Pauels_055-300x200.jpg 300w, https:\/\/www.schepers-photography.de\/wp-content\/uploads\/2023\/04\/Lutz_Pauels_055-1024x683.jpg 1024w, https:\/\/www.schepers-photography.de\/wp-content\/uploads\/2023\/04\/Lutz_Pauels_055-768x512.jpg 768w, https:\/\/www.schepers-photography.de\/wp-content\/uploads\/2023\/04\/Lutz_Pauels_055-60x40.jpg 60w, https:\/\/www.schepers-photography.de\/wp-content\/uploads\/2023\/04\/Lutz_Pauels_055-480x320.jpg 480w, https:\/\/www.schepers-photography.de\/wp-content\/uploads\/2023\/04\/Lutz_Pauels_055-560x373.jpg 560w, https:\/\/www.schepers-photography.de\/wp-content\/uploads\/2023\/04\/Lutz_Pauels_055-18x12.jpg 18w\" sizes=\"(max-width: 1500px) 100vw, 1500px\" \/>\n                            <div class=\"wp-block-photofolio-gallery-image-overlay\">\n                                <p class=\"wp-block-photofolio-gallery-image-overlay-title\">Lutz Pauels | Mannheim<\/p>\n                            <\/div>\n                        <\/a><a href=\"https:\/\/cdn.schepers-photography.de\/uploads\/2023\/04\/Lutz_Pauels_074.jpg\" ><\/a><a href=\"https:\/\/cdn.schepers-photography.de\/uploads\/2023\/04\/Lutz_Pauels_070.jpg\" ><\/a><a href=\"https:\/\/cdn.schepers-photography.de\/uploads\/2023\/04\/Lutz_Pauels_075.jpg\" ><\/a><a href=\"https:\/\/cdn.schepers-photography.de\/uploads\/2023\/04\/Lutz_Pauels_064.jpg\" ><\/a><a href=\"https:\/\/cdn.schepers-photography.de\/uploads\/2023\/04\/Lutz_Pauels_029.jpg\" ><\/a><a href=\"https:\/\/cdn.schepers-photography.de\/uploads\/2023\/04\/Lutz_Pauels_013.jpg\" ><\/a><a href=\"https:\/\/cdn.schepers-photography.de\/uploads\/2023\/04\/Lutz_Pauels_021.jpg\" ><\/a><a href=\"https:\/\/cdn.schepers-photography.de\/uploads\/2023\/04\/Lutz_Pauels_001.jpg\" ><\/a><a href=\"https:\/\/cdn.schepers-photography.de\/uploads\/2023\/04\/Lutz_Pauels_003.jpg\" ><\/a><\/div><div class=\"wp-block-photofolio-gallery-image-container\"><a href=\"https:\/\/cdn.schepers-photography.de\/uploads\/2023\/02\/01.jpg\" >\n                            <img decoding=\"async\" width=\"2463\" height=\"1449\" src=\"https:\/\/cdn.schepers-photography.de\/uploads\/2023\/02\/01.jpg\" class=\"wp-block-photofolio-gallery-image\" alt=\"Group photo of a women&#039;s team in green polo shirts against a neutral background\" srcset=\"https:\/\/www.schepers-photography.de\/wp-content\/uploads\/2023\/02\/01.jpg 2463w, https:\/\/www.schepers-photography.de\/wp-content\/uploads\/2023\/02\/01-300x176.jpg 300w, https:\/\/www.schepers-photography.de\/wp-content\/uploads\/2023\/02\/01-1024x602.jpg 1024w, https:\/\/www.schepers-photography.de\/wp-content\/uploads\/2023\/02\/01-768x452.jpg 768w, https:\/\/www.schepers-photography.de\/wp-content\/uploads\/2023\/02\/01-60x35.jpg 60w, https:\/\/www.schepers-photography.de\/wp-content\/uploads\/2023\/02\/01-480x282.jpg 480w, https:\/\/www.schepers-photography.de\/wp-content\/uploads\/2023\/02\/01-560x329.jpg 560w, https:\/\/www.schepers-photography.de\/wp-content\/uploads\/2023\/02\/01-1920x1130.jpg 1920w, https:\/\/www.schepers-photography.de\/wp-content\/uploads\/2023\/02\/01-1536x904.jpg 1536w, https:\/\/www.schepers-photography.de\/wp-content\/uploads\/2023\/02\/01-2048x1205.jpg 2048w, https:\/\/www.schepers-photography.de\/wp-content\/uploads\/2023\/02\/01-18x12.jpg 18w\" sizes=\"(max-width: 2463px) 100vw, 2463px\" \/>\n                            <div class=\"wp-block-photofolio-gallery-image-overlay\">\n                                <p class=\"wp-block-photofolio-gallery-image-overlay-title\">Team pictures from individual portraits<\/p>\n                            <\/div>\n                        <\/a><a href=\"https:\/\/cdn.schepers-photography.de\/uploads\/2023\/02\/Team3_n.jpg\" title=\"Modehaus Schmitt - Neustadt a.d. Weinstra\u00dfe\"><\/a><\/div><div class=\"wp-block-photofolio-gallery-image-container\"><a href=\"https:\/\/cdn.schepers-photography.de\/uploads\/2023\/02\/JustusRabe1.jpg\" >\n                            <img decoding=\"async\" width=\"1200\" height=\"851\" src=\"https:\/\/cdn.schepers-photography.de\/uploads\/2023\/02\/JustusRabe1.jpg\" class=\"wp-block-photofolio-gallery-image\" alt=\"JustusRaven1\" srcset=\"https:\/\/www.schepers-photography.de\/wp-content\/uploads\/2023\/02\/JustusRabe1.jpg 1200w, https:\/\/www.schepers-photography.de\/wp-content\/uploads\/2023\/02\/JustusRabe1-300x213.jpg 300w, https:\/\/www.schepers-photography.de\/wp-content\/uploads\/2023\/02\/JustusRabe1-1024x726.jpg 1024w, https:\/\/www.schepers-photography.de\/wp-content\/uploads\/2023\/02\/JustusRabe1-768x545.jpg 768w, https:\/\/www.schepers-photography.de\/wp-content\/uploads\/2023\/02\/JustusRabe1-60x43.jpg 60w, https:\/\/www.schepers-photography.de\/wp-content\/uploads\/2023\/02\/JustusRabe1-480x340.jpg 480w, https:\/\/www.schepers-photography.de\/wp-content\/uploads\/2023\/02\/JustusRabe1-560x397.jpg 560w, https:\/\/www.schepers-photography.de\/wp-content\/uploads\/2023\/02\/JustusRabe1-18x12.jpg 18w\" sizes=\"(max-width: 1200px) 100vw, 1200px\" \/>\n                            <div class=\"wp-block-photofolio-gallery-image-overlay\">\n                                <p class=\"wp-block-photofolio-gallery-image-overlay-title\">Justus Rabe - R\u00f6merberg<\/p>\n                            <\/div>\n                        <\/a><\/div><div class=\"wp-block-photofolio-gallery-image-container\"><a href=\"https:\/\/cdn.schepers-photography.de\/uploads\/2023\/02\/Berkel-AHK0013.jpg\" >\n                            <img decoding=\"async\" width=\"2000\" height=\"1333\" src=\"https:\/\/cdn.schepers-photography.de\/uploads\/2023\/02\/Berkel-AHK0013.jpg\" class=\"wp-block-photofolio-gallery-image\" alt=\"Man working in a warehouse with large containers.\" srcset=\"https:\/\/www.schepers-photography.de\/wp-content\/uploads\/2023\/02\/Berkel-AHK0013.jpg 2000w, https:\/\/www.schepers-photography.de\/wp-content\/uploads\/2023\/02\/Berkel-AHK0013-300x200.jpg 300w, https:\/\/www.schepers-photography.de\/wp-content\/uploads\/2023\/02\/Berkel-AHK0013-1024x682.jpg 1024w, https:\/\/www.schepers-photography.de\/wp-content\/uploads\/2023\/02\/Berkel-AHK0013-768x512.jpg 768w, https:\/\/www.schepers-photography.de\/wp-content\/uploads\/2023\/02\/Berkel-AHK0013-60x40.jpg 60w, https:\/\/www.schepers-photography.de\/wp-content\/uploads\/2023\/02\/Berkel-AHK0013-480x320.jpg 480w, https:\/\/www.schepers-photography.de\/wp-content\/uploads\/2023\/02\/Berkel-AHK0013-560x373.jpg 560w, https:\/\/www.schepers-photography.de\/wp-content\/uploads\/2023\/02\/Berkel-AHK0013-1920x1280.jpg 1920w, https:\/\/www.schepers-photography.de\/wp-content\/uploads\/2023\/02\/Berkel-AHK0013-1536x1024.jpg 1536w, https:\/\/www.schepers-photography.de\/wp-content\/uploads\/2023\/02\/Berkel-AHK0013-18x12.jpg 18w\" sizes=\"(max-width: 2000px) 100vw, 2000px\" \/>\n                            <div class=\"wp-block-photofolio-gallery-image-overlay\">\n                                <p class=\"wp-block-photofolio-gallery-image-overlay-title\">Berkel AHK | Ludwigshafen<\/p>\n                            <\/div>\n                        <\/a><a href=\"https:\/\/cdn.schepers-photography.de\/uploads\/2023\/02\/Berkel-AHK0019.jpg\" ><\/a><a href=\"https:\/\/cdn.schepers-photography.de\/uploads\/2023\/02\/Berkel-AHK0003.jpg\" ><\/a><a href=\"https:\/\/cdn.schepers-photography.de\/uploads\/2023\/02\/Berkel-AHK0014.jpg\" ><\/a><a href=\"https:\/\/cdn.schepers-photography.de\/uploads\/2023\/02\/Berkel-AHK0015.jpg\" ><\/a><a href=\"https:\/\/cdn.schepers-photography.de\/uploads\/2023\/02\/Berkel-AHK0016.jpg\" ><\/a><a href=\"https:\/\/cdn.schepers-photography.de\/uploads\/2023\/02\/Berkel-AHK0012.jpg\" ><\/a><a href=\"https:\/\/cdn.schepers-photography.de\/uploads\/2023\/02\/Berkel-AHK0008.jpg\" ><\/a><a href=\"https:\/\/cdn.schepers-photography.de\/uploads\/2023\/02\/Berkel-AHK0010.jpg\" ><\/a><a href=\"https:\/\/cdn.schepers-photography.de\/uploads\/2023\/02\/Berkel-AHK0009.jpg\" ><\/a><a href=\"https:\/\/cdn.schepers-photography.de\/uploads\/2023\/02\/Berkel-AHK0011.jpg\" ><\/a><a href=\"https:\/\/cdn.schepers-photography.de\/uploads\/2023\/02\/Berkel-AHK0001.jpg\" ><\/a><a href=\"https:\/\/cdn.schepers-photography.de\/uploads\/2023\/02\/Berkel-AHK0004.jpg\" ><\/a><a href=\"https:\/\/cdn.schepers-photography.de\/uploads\/2023\/02\/Berkel-AHK0007.jpg\" ><\/a><a href=\"https:\/\/cdn.schepers-photography.de\/uploads\/2023\/02\/Berkel-AHK0006.jpg\" ><\/a><a href=\"https:\/\/cdn.schepers-photography.de\/uploads\/2023\/02\/Berkel-AHK0002.jpg\" ><\/a><a href=\"https:\/\/cdn.schepers-photography.de\/uploads\/2023\/02\/Berkel-AHK0017.jpg\" ><\/a><a href=\"https:\/\/cdn.schepers-photography.de\/uploads\/2023\/02\/Berkel-AHK0018.jpg\" ><\/a><a href=\"https:\/\/cdn.schepers-photography.de\/uploads\/2023\/02\/Berkel-AHK0020.jpg\" ><\/a><\/div><div class=\"wp-block-photofolio-gallery-image-container\"><a href=\"https:\/\/cdn.schepers-photography.de\/uploads\/2023\/08\/spa06.jpg\" title=\"\ud83d\udcf8 In the digital era, every detail counts. \"data-lcl-txt=\"In der heutigen digitalen Welt ist die Pr\u00e4sentation Ihres Produkts entscheidend f\u00fcr den Erfolg. Ein hochwertiges Produktbild kann den Unterschied zwischen einem durchschnittlichen und einem herausragenden Online-Auftritt ausmachen. Bei SPA MANUFACTUR\u00ae verstehen wir die Bedeutung von Bildqualit\u00e4t und Detailgenauigkeit. \">\n                            <img decoding=\"async\" width=\"1200\" height=\"1803\" src=\"https:\/\/cdn.schepers-photography.de\/uploads\/2023\/08\/spa06.jpg\" class=\"wp-block-photofolio-gallery-image\" alt=\"SPA MANUFACTUR\u00ae | Neuhofen | Product images with HighClass retouching\" srcset=\"https:\/\/www.schepers-photography.de\/wp-content\/uploads\/2023\/08\/spa06.jpg 1200w, https:\/\/www.schepers-photography.de\/wp-content\/uploads\/2023\/08\/spa06-200x300.jpg 200w, https:\/\/www.schepers-photography.de\/wp-content\/uploads\/2023\/08\/spa06-682x1024.jpg 682w, https:\/\/www.schepers-photography.de\/wp-content\/uploads\/2023\/08\/spa06-768x1154.jpg 768w, https:\/\/www.schepers-photography.de\/wp-content\/uploads\/2023\/08\/spa06-60x90.jpg 60w, https:\/\/www.schepers-photography.de\/wp-content\/uploads\/2023\/08\/spa06-480x721.jpg 480w, https:\/\/www.schepers-photography.de\/wp-content\/uploads\/2023\/08\/spa06-560x841.jpg 560w, https:\/\/www.schepers-photography.de\/wp-content\/uploads\/2023\/08\/spa06-1022x1536.jpg 1022w, https:\/\/www.schepers-photography.de\/wp-content\/uploads\/2023\/08\/spa06-8x12.jpg 8w\" sizes=\"(max-width: 1200px) 100vw, 1200px\" \/>\n                            <div class=\"wp-block-photofolio-gallery-image-overlay\">\n                                <p class=\"wp-block-photofolio-gallery-image-overlay-title\">SPA MANUFACTUR\u00ae | Neuhofen | Product images<\/p>\n                            <\/div>\n                        <\/a><a href=\"https:\/\/cdn.schepers-photography.de\/uploads\/2023\/08\/spa07.jpg\" title=\"\ud83d\udcf8 In the digital era, every detail counts. \"data-lcl-txt=\"In der heutigen digitalen Welt ist die Pr\u00e4sentation Ihres Produkts entscheidend f\u00fcr den Erfolg. Ein hochwertiges Produktbild kann den Unterschied zwischen einem durchschnittlichen und einem herausragenden Online-Auftritt ausmachen. Bei SPA MANUFACTUR\u00ae verstehen wir die Bedeutung von Bildqualit\u00e4t und Detailgenauigkeit. \"><\/a><a href=\"https:\/\/cdn.schepers-photography.de\/uploads\/2023\/08\/spa08.jpg\" title=\"\ud83d\udcf8 In the digital era, every detail counts. \"data-lcl-txt=\"In der heutigen digitalen Welt ist die Pr\u00e4sentation Ihres Produkts entscheidend f\u00fcr den Erfolg. Ein hochwertiges Produktbild kann den Unterschied zwischen einem durchschnittlichen und einem herausragenden Online-Auftritt ausmachen. Bei SPA MANUFACTUR\u00ae verstehen wir die Bedeutung von Bildqualit\u00e4t und Detailgenauigkeit. \"><\/a><a href=\"https:\/\/cdn.schepers-photography.de\/uploads\/2023\/08\/spa00.jpg\" title=\"\ud83d\udcf8 In the digital era, every detail counts. \"data-lcl-txt=\"In der heutigen digitalen Welt ist die Pr\u00e4sentation Ihres Produkts entscheidend f\u00fcr den Erfolg. Ein hochwertiges Produktbild kann den Unterschied zwischen einem durchschnittlichen und einem herausragenden Online-Auftritt ausmachen. Bei SPA MANUFACTUR\u00ae verstehen wir die Bedeutung von Bildqualit\u00e4t und Detailgenauigkeit. \"><\/a><a href=\"https:\/\/cdn.schepers-photography.de\/uploads\/2023\/08\/spa01-scaled-1.jpg\" title=\"\ud83d\udcf8 In the digital era, every detail counts. \"data-lcl-txt=\"In der heutigen digitalen Welt ist die Pr\u00e4sentation Ihres Produkts entscheidend f\u00fcr den Erfolg. Ein hochwertiges Produktbild kann den Unterschied zwischen einem durchschnittlichen und einem herausragenden Online-Auftritt ausmachen. Bei SPA MANUFACTUR\u00ae verstehen wir die Bedeutung von Bildqualit\u00e4t und Detailgenauigkeit. \"><\/a><a href=\"https:\/\/cdn.schepers-photography.de\/uploads\/2023\/08\/spa02-scaled-1.jpg\" title=\"\ud83d\udcf8 In the digital era, every detail counts. \"data-lcl-txt=\"In der heutigen digitalen Welt ist die Pr\u00e4sentation Ihres Produkts entscheidend f\u00fcr den Erfolg. Ein hochwertiges Produktbild kann den Unterschied zwischen einem durchschnittlichen und einem herausragenden Online-Auftritt ausmachen. Bei SPA MANUFACTUR\u00ae verstehen wir die Bedeutung von Bildqualit\u00e4t und Detailgenauigkeit. \"><\/a><a href=\"https:\/\/cdn.schepers-photography.de\/uploads\/2023\/08\/spa03-scaled-1.jpg\" title=\"\ud83d\udcf8 In the digital era, every detail counts. \"data-lcl-txt=\"In der heutigen digitalen Welt ist die Pr\u00e4sentation Ihres Produkts entscheidend f\u00fcr den Erfolg. Ein hochwertiges Produktbild kann den Unterschied zwischen einem durchschnittlichen und einem herausragenden Online-Auftritt ausmachen. Bei SPA MANUFACTUR\u00ae verstehen wir die Bedeutung von Bildqualit\u00e4t und Detailgenauigkeit. \"><\/a><a href=\"https:\/\/cdn.schepers-photography.de\/uploads\/2023\/08\/spa04-scaled-1.jpg\" title=\"\ud83d\udcf8 In the digital era, every detail counts. \"data-lcl-txt=\"In der heutigen digitalen Welt ist die Pr\u00e4sentation Ihres Produkts entscheidend f\u00fcr den Erfolg. Ein hochwertiges Produktbild kann den Unterschied zwischen einem durchschnittlichen und einem herausragenden Online-Auftritt ausmachen. Bei SPA MANUFACTUR\u00ae verstehen wir die Bedeutung von Bildqualit\u00e4t und Detailgenauigkeit. \"><\/a><a href=\"https:\/\/cdn.schepers-photography.de\/uploads\/2023\/08\/spa05.jpg\" title=\"\ud83d\udcf8 In the digital era, every detail counts. \"data-lcl-txt=\"In der heutigen digitalen Welt ist die Pr\u00e4sentation Ihres Produkts entscheidend f\u00fcr den Erfolg. Ein hochwertiges Produktbild kann den Unterschied zwischen einem durchschnittlichen und einem herausragenden Online-Auftritt ausmachen. Bei SPA MANUFACTUR\u00ae verstehen wir die Bedeutung von Bildqualit\u00e4t und Detailgenauigkeit. \"><\/a><a href=\"https:\/\/cdn.schepers-photography.de\/uploads\/2023\/08\/spa09-scaled-1.jpg\" title=\"\ud83d\udcf8 In the digital era, every detail counts. \"data-lcl-txt=\"In der heutigen digitalen Welt ist die Pr\u00e4sentation Ihres Produkts entscheidend f\u00fcr den Erfolg. Ein hochwertiges Produktbild kann den Unterschied zwischen einem durchschnittlichen und einem herausragenden Online-Auftritt ausmachen. Bei SPA MANUFACTUR\u00ae verstehen wir die Bedeutung von Bildqualit\u00e4t und Detailgenauigkeit. \"><\/a><a href=\"https:\/\/cdn.schepers-photography.de\/uploads\/2023\/08\/spa10-scaled-1.jpg\" title=\"\ud83d\udcf8 In the digital era, every detail counts. \"data-lcl-txt=\"In der heutigen digitalen Welt ist die Pr\u00e4sentation Ihres Produkts entscheidend f\u00fcr den Erfolg. Ein hochwertiges Produktbild kann den Unterschied zwischen einem durchschnittlichen und einem herausragenden Online-Auftritt ausmachen. Bei SPA MANUFACTUR\u00ae verstehen wir die Bedeutung von Bildqualit\u00e4t und Detailgenauigkeit. \"><\/a><a href=\"https:\/\/cdn.schepers-photography.de\/uploads\/2023\/08\/spa11-scaled-1.jpg\" title=\"\ud83d\udcf8 In the digital era, every detail counts. \"data-lcl-txt=\"In der heutigen digitalen Welt ist die Pr\u00e4sentation Ihres Produkts entscheidend f\u00fcr den Erfolg. Ein hochwertiges Produktbild kann den Unterschied zwischen einem durchschnittlichen und einem herausragenden Online-Auftritt ausmachen. Bei SPA MANUFACTUR\u00ae verstehen wir die Bedeutung von Bildqualit\u00e4t und Detailgenauigkeit. \"><\/a><a href=\"https:\/\/cdn.schepers-photography.de\/uploads\/2023\/08\/spa12-scaled-1.jpg\" title=\"\ud83d\udcf8 In the digital era, every detail counts. \"data-lcl-txt=\"In der heutigen digitalen Welt ist die Pr\u00e4sentation Ihres Produkts entscheidend f\u00fcr den Erfolg. Ein hochwertiges Produktbild kann den Unterschied zwischen einem durchschnittlichen und einem herausragenden Online-Auftritt ausmachen. Bei SPA MANUFACTUR\u00ae verstehen wir die Bedeutung von Bildqualit\u00e4t und Detailgenauigkeit. \"><\/a><a href=\"https:\/\/cdn.schepers-photography.de\/uploads\/2023\/08\/spa13.jpg\" title=\"\ud83d\udcf8 In the digital era, every detail counts. \"data-lcl-txt=\"In der heutigen digitalen Welt ist die Pr\u00e4sentation Ihres Produkts entscheidend f\u00fcr den Erfolg. Ein hochwertiges Produktbild kann den Unterschied zwischen einem durchschnittlichen und einem herausragenden Online-Auftritt ausmachen. Bei SPA MANUFACTUR\u00ae verstehen wir die Bedeutung von Bildqualit\u00e4t und Detailgenauigkeit. \"><\/a><a href=\"https:\/\/cdn.schepers-photography.de\/uploads\/2023\/08\/spa14.jpg\" title=\"\ud83d\udcf8 In the digital era, every detail counts. \"data-lcl-txt=\"In der heutigen digitalen Welt ist die Pr\u00e4sentation Ihres Produkts entscheidend f\u00fcr den Erfolg. Ein hochwertiges Produktbild kann den Unterschied zwischen einem durchschnittlichen und einem herausragenden Online-Auftritt ausmachen. Bei SPA MANUFACTUR\u00ae verstehen wir die Bedeutung von Bildqualit\u00e4t und Detailgenauigkeit. \"><\/a><\/div><div class=\"wp-block-photofolio-gallery-image-container\"><a href=\"https:\/\/cdn.schepers-photography.de\/uploads\/2023\/05\/SAP_ARENA_GIGAPIXEL_2-scaled-1.jpg\" >\n                            <img decoding=\"async\" width=\"2560\" height=\"1280\" src=\"https:\/\/cdn.schepers-photography.de\/uploads\/2023\/05\/SAP_ARENA_GIGAPIXEL_2-scaled-1.jpg\" class=\"wp-block-photofolio-gallery-image\" alt=\"Empty ice hockey arena with colorful ice.\" srcset=\"https:\/\/www.schepers-photography.de\/wp-content\/uploads\/2023\/05\/SAP_ARENA_GIGAPIXEL_2-scaled-1.jpg 2560w, https:\/\/www.schepers-photography.de\/wp-content\/uploads\/2023\/05\/SAP_ARENA_GIGAPIXEL_2-scaled-1-300x150.jpg 300w, https:\/\/www.schepers-photography.de\/wp-content\/uploads\/2023\/05\/SAP_ARENA_GIGAPIXEL_2-scaled-1-1024x512.jpg 1024w, https:\/\/www.schepers-photography.de\/wp-content\/uploads\/2023\/05\/SAP_ARENA_GIGAPIXEL_2-scaled-1-768x384.jpg 768w, https:\/\/www.schepers-photography.de\/wp-content\/uploads\/2023\/05\/SAP_ARENA_GIGAPIXEL_2-scaled-1-60x30.jpg 60w, https:\/\/www.schepers-photography.de\/wp-content\/uploads\/2023\/05\/SAP_ARENA_GIGAPIXEL_2-scaled-1-480x240.jpg 480w, https:\/\/www.schepers-photography.de\/wp-content\/uploads\/2023\/05\/SAP_ARENA_GIGAPIXEL_2-scaled-1-560x280.jpg 560w, https:\/\/www.schepers-photography.de\/wp-content\/uploads\/2023\/05\/SAP_ARENA_GIGAPIXEL_2-scaled-1-1920x960.jpg 1920w, https:\/\/www.schepers-photography.de\/wp-content\/uploads\/2023\/05\/SAP_ARENA_GIGAPIXEL_2-scaled-1-1536x768.jpg 1536w, https:\/\/www.schepers-photography.de\/wp-content\/uploads\/2023\/05\/SAP_ARENA_GIGAPIXEL_2-scaled-1-2048x1024.jpg 2048w, https:\/\/www.schepers-photography.de\/wp-content\/uploads\/2023\/05\/SAP_ARENA_GIGAPIXEL_2-scaled-1-18x9.jpg 18w\" sizes=\"(max-width: 2560px) 100vw, 2560px\" \/>\n                            <div class=\"wp-block-photofolio-gallery-image-overlay\">\n                                <p class=\"wp-block-photofolio-gallery-image-overlay-title\">SAP ARENA | GIGAPIXEL<\/p>\n                            <\/div>\n                        <\/a><a href=\"https:\/\/cdn.schepers-photography.de\/uploads\/2023\/05\/SAP_ARENA_GIGAPIXEL_4-scaled-1.jpg\" ><\/a><a href=\"https:\/\/cdn.schepers-photography.de\/uploads\/2023\/05\/SAP_ARENA_GIGAPIXEL-scaled-1.jpg\" ><\/a><a href=\"https:\/\/cdn.schepers-photography.de\/uploads\/2023\/05\/SAP_ARENA_GIGAPIXEL_5-scaled-1.jpg\" ><\/a><\/div><div class=\"wp-block-photofolio-gallery-image-container\"><a href=\"https:\/\/cdn.schepers-photography.de\/uploads\/2023\/04\/Lu_WOW_Berkel_0050_web-1.jpg\" title=\"Lucation | Berkel AHK | WOW-LU\"data-lcl-txt=\"Die Leerguthalle von Berkel AHK in Ludwigshafen - Ein Ort der Begegnung zwischen Industrie und MusikIm Herzen von Ludwigshafen erhebt sich die Leerguthalle von Berkel AHK, errichtet im Jahre 2012. Dieses Industriemonument, urspr\u00fcnglich konzipiert und genutzt zur Lagerung leerer IBC-Container, ist nicht nur ein Zeugnis moderner Baukunst und Logistik, sondern wurde auch zum Schauplatz eines einzigartigen musikalischen Ereignisses.\">\n                            <img decoding=\"async\" width=\"1500\" height=\"1000\" src=\"https:\/\/cdn.schepers-photography.de\/uploads\/2023\/04\/Lu_WOW_Berkel_0050_web-1.jpg\" class=\"wp-block-photofolio-gallery-image\" alt=\"The Berkel AHK empties hall in Ludwigshafen - a meeting place for industry and music\" srcset=\"https:\/\/www.schepers-photography.de\/wp-content\/uploads\/2023\/04\/Lu_WOW_Berkel_0050_web-1.jpg 1500w, https:\/\/www.schepers-photography.de\/wp-content\/uploads\/2023\/04\/Lu_WOW_Berkel_0050_web-1-300x200.jpg 300w, https:\/\/www.schepers-photography.de\/wp-content\/uploads\/2023\/04\/Lu_WOW_Berkel_0050_web-1-1024x683.jpg 1024w, https:\/\/www.schepers-photography.de\/wp-content\/uploads\/2023\/04\/Lu_WOW_Berkel_0050_web-1-768x512.jpg 768w, https:\/\/www.schepers-photography.de\/wp-content\/uploads\/2023\/04\/Lu_WOW_Berkel_0050_web-1-60x40.jpg 60w, https:\/\/www.schepers-photography.de\/wp-content\/uploads\/2023\/04\/Lu_WOW_Berkel_0050_web-1-480x320.jpg 480w, https:\/\/www.schepers-photography.de\/wp-content\/uploads\/2023\/04\/Lu_WOW_Berkel_0050_web-1-560x373.jpg 560w, https:\/\/www.schepers-photography.de\/wp-content\/uploads\/2023\/04\/Lu_WOW_Berkel_0050_web-1-18x12.jpg 18w\" sizes=\"(max-width: 1500px) 100vw, 1500px\" \/>\n                            <div class=\"wp-block-photofolio-gallery-image-overlay\">\n                                <p class=\"wp-block-photofolio-gallery-image-overlay-title\">Lucation | Berkel AHK | Ludwigshafen<\/p>\n                            <\/div>\n                        <\/a><a href=\"https:\/\/cdn.schepers-photography.de\/uploads\/2023\/04\/Lu_WOW_Berkel_0012_web-1.jpg\" title=\"Lucation | Berkel AHK | WOW-LU\"data-lcl-txt=\"Die Leerguthalle von Berkel AHK in Ludwigshafen - Ein Ort der Begegnung zwischen Industrie und MusikIm Herzen von Ludwigshafen erhebt sich die Leerguthalle von Berkel AHK, errichtet im Jahre 2012. Dieses Industriemonument, urspr\u00fcnglich konzipiert und genutzt zur Lagerung leerer IBC-Container, ist nicht nur ein Zeugnis moderner Baukunst und Logistik, sondern wurde auch zum Schauplatz eines einzigartigen musikalischen Ereignisses.\"><\/a><a href=\"https:\/\/cdn.schepers-photography.de\/uploads\/2023\/04\/Lu_WOW_Berkel_0001_web-1.jpg\" title=\"Lucation | Berkel AHK | WOW-LU\"data-lcl-txt=\"Die Leerguthalle von Berkel AHK in Ludwigshafen - Ein Ort der Begegnung zwischen Industrie und MusikIm Herzen von Ludwigshafen erhebt sich die Leerguthalle von Berkel AHK, errichtet im Jahre 2012. Dieses Industriemonument, urspr\u00fcnglich konzipiert und genutzt zur Lagerung leerer IBC-Container, ist nicht nur ein Zeugnis moderner Baukunst und Logistik, sondern wurde auch zum Schauplatz eines einzigartigen musikalischen Ereignisses.\"><\/a><a href=\"https:\/\/cdn.schepers-photography.de\/uploads\/2023\/04\/Lu_WOW_Berkel_0002_web-1.jpg\" title=\"Lucation | Berkel AHK | WOW-LU\"data-lcl-txt=\"Die Leerguthalle von Berkel AHK in Ludwigshafen - Ein Ort der Begegnung zwischen Industrie und MusikIm Herzen von Ludwigshafen erhebt sich die Leerguthalle von Berkel AHK, errichtet im Jahre 2012. Dieses Industriemonument, urspr\u00fcnglich konzipiert und genutzt zur Lagerung leerer IBC-Container, ist nicht nur ein Zeugnis moderner Baukunst und Logistik, sondern wurde auch zum Schauplatz eines einzigartigen musikalischen Ereignisses.\"><\/a><a href=\"https:\/\/cdn.schepers-photography.de\/uploads\/2023\/04\/Lu_WOW_Berkel_0004_web-1.jpg\" title=\"Lucation | Berkel AHK | WOW-LU\"data-lcl-txt=\"Die Leerguthalle von Berkel AHK in Ludwigshafen - Ein Ort der Begegnung zwischen Industrie und MusikIm Herzen von Ludwigshafen erhebt sich die Leerguthalle von Berkel AHK, errichtet im Jahre 2012. Dieses Industriemonument, urspr\u00fcnglich konzipiert und genutzt zur Lagerung leerer IBC-Container, ist nicht nur ein Zeugnis moderner Baukunst und Logistik, sondern wurde auch zum Schauplatz eines einzigartigen musikalischen Ereignisses.\"><\/a><a href=\"https:\/\/cdn.schepers-photography.de\/uploads\/2023\/04\/Lu_WOW_Berkel_0007_web-1.jpg\" title=\"Lucation | Berkel AHK | WOW-LU\"data-lcl-txt=\"Die Leerguthalle von Berkel AHK in Ludwigshafen - Ein Ort der Begegnung zwischen Industrie und MusikIm Herzen von Ludwigshafen erhebt sich die Leerguthalle von Berkel AHK, errichtet im Jahre 2012. Dieses Industriemonument, urspr\u00fcnglich konzipiert und genutzt zur Lagerung leerer IBC-Container, ist nicht nur ein Zeugnis moderner Baukunst und Logistik, sondern wurde auch zum Schauplatz eines einzigartigen musikalischen Ereignisses.\"><\/a><a href=\"https:\/\/cdn.schepers-photography.de\/uploads\/2023\/04\/Lu_WOW_Berkel_0009_web-1.jpg\" title=\"Lucation | Berkel AHK | WOW-LU\"data-lcl-txt=\"Die Leerguthalle von Berkel AHK in Ludwigshafen - Ein Ort der Begegnung zwischen Industrie und MusikIm Herzen von Ludwigshafen erhebt sich die Leerguthalle von Berkel AHK, errichtet im Jahre 2012. Dieses Industriemonument, urspr\u00fcnglich konzipiert und genutzt zur Lagerung leerer IBC-Container, ist nicht nur ein Zeugnis moderner Baukunst und Logistik, sondern wurde auch zum Schauplatz eines einzigartigen musikalischen Ereignisses.\"><\/a><a href=\"https:\/\/cdn.schepers-photography.de\/uploads\/2023\/04\/Lu_WOW_Berkel_0011_web-1.jpg\" title=\"Lucation | Berkel AHK | WOW-LU\"data-lcl-txt=\"Die Leerguthalle von Berkel AHK in Ludwigshafen - Ein Ort der Begegnung zwischen Industrie und MusikIm Herzen von Ludwigshafen erhebt sich die Leerguthalle von Berkel AHK, errichtet im Jahre 2012. Dieses Industriemonument, urspr\u00fcnglich konzipiert und genutzt zur Lagerung leerer IBC-Container, ist nicht nur ein Zeugnis moderner Baukunst und Logistik, sondern wurde auch zum Schauplatz eines einzigartigen musikalischen Ereignisses.\"><\/a><a href=\"https:\/\/cdn.schepers-photography.de\/uploads\/2023\/04\/Lu_WOW_Berkel_0014_web-1.jpg\" title=\"Lucation | Berkel AHK | WOW-LU\"data-lcl-txt=\"Die Leerguthalle von Berkel AHK in Ludwigshafen - Ein Ort der Begegnung zwischen Industrie und MusikIm Herzen von Ludwigshafen erhebt sich die Leerguthalle von Berkel AHK, errichtet im Jahre 2012. Dieses Industriemonument, urspr\u00fcnglich konzipiert und genutzt zur Lagerung leerer IBC-Container, ist nicht nur ein Zeugnis moderner Baukunst und Logistik, sondern wurde auch zum Schauplatz eines einzigartigen musikalischen Ereignisses.\"><\/a><a href=\"https:\/\/cdn.schepers-photography.de\/uploads\/2023\/04\/Lu_WOW_Berkel_0016_web-1.jpg\" title=\"Lucation | Berkel AHK | WOW-LU\"data-lcl-txt=\"Die Leerguthalle von Berkel AHK in Ludwigshafen - Ein Ort der Begegnung zwischen Industrie und MusikIm Herzen von Ludwigshafen erhebt sich die Leerguthalle von Berkel AHK, errichtet im Jahre 2012. Dieses Industriemonument, urspr\u00fcnglich konzipiert und genutzt zur Lagerung leerer IBC-Container, ist nicht nur ein Zeugnis moderner Baukunst und Logistik, sondern wurde auch zum Schauplatz eines einzigartigen musikalischen Ereignisses.\"><\/a><a href=\"https:\/\/cdn.schepers-photography.de\/uploads\/2023\/04\/Lu_WOW_Berkel_0022_web-1.jpg\" title=\"Lucation | Berkel AHK | WOW-LU\"data-lcl-txt=\"Die Leerguthalle von Berkel AHK in Ludwigshafen - Ein Ort der Begegnung zwischen Industrie und MusikIm Herzen von Ludwigshafen erhebt sich die Leerguthalle von Berkel AHK, errichtet im Jahre 2012. Dieses Industriemonument, urspr\u00fcnglich konzipiert und genutzt zur Lagerung leerer IBC-Container, ist nicht nur ein Zeugnis moderner Baukunst und Logistik, sondern wurde auch zum Schauplatz eines einzigartigen musikalischen Ereignisses.\"><\/a><a href=\"https:\/\/cdn.schepers-photography.de\/uploads\/2023\/04\/Lu_WOW_Berkel_0026_web-1.jpg\" title=\"Lucation | Berkel AHK | WOW-LU\"data-lcl-txt=\"Die Leerguthalle von Berkel AHK in Ludwigshafen - Ein Ort der Begegnung zwischen Industrie und MusikIm Herzen von Ludwigshafen erhebt sich die Leerguthalle von Berkel AHK, errichtet im Jahre 2012. Dieses Industriemonument, urspr\u00fcnglich konzipiert und genutzt zur Lagerung leerer IBC-Container, ist nicht nur ein Zeugnis moderner Baukunst und Logistik, sondern wurde auch zum Schauplatz eines einzigartigen musikalischen Ereignisses.\"><\/a><a href=\"https:\/\/cdn.schepers-photography.de\/uploads\/2023\/04\/Lu_WOW_Berkel_0030_web-1.jpg\" title=\"Lucation | Berkel AHK | WOW-LU\"data-lcl-txt=\"Die Leerguthalle von Berkel AHK in Ludwigshafen - Ein Ort der Begegnung zwischen Industrie und MusikIm Herzen von Ludwigshafen erhebt sich die Leerguthalle von Berkel AHK, errichtet im Jahre 2012. Dieses Industriemonument, urspr\u00fcnglich konzipiert und genutzt zur Lagerung leerer IBC-Container, ist nicht nur ein Zeugnis moderner Baukunst und Logistik, sondern wurde auch zum Schauplatz eines einzigartigen musikalischen Ereignisses.\"><\/a><a href=\"https:\/\/cdn.schepers-photography.de\/uploads\/2023\/04\/Lu_WOW_Berkel_0031_web-1.jpg\" title=\"Lucation | Berkel AHK | WOW-LU\"data-lcl-txt=\"Die Leerguthalle von Berkel AHK in Ludwigshafen - Ein Ort der Begegnung zwischen Industrie und MusikIm Herzen von Ludwigshafen erhebt sich die Leerguthalle von Berkel AHK, errichtet im Jahre 2012. Dieses Industriemonument, urspr\u00fcnglich konzipiert und genutzt zur Lagerung leerer IBC-Container, ist nicht nur ein Zeugnis moderner Baukunst und Logistik, sondern wurde auch zum Schauplatz eines einzigartigen musikalischen Ereignisses.\"><\/a><a href=\"https:\/\/cdn.schepers-photography.de\/uploads\/2023\/04\/Lu_WOW_Berkel_0032_web-1.jpg\" title=\"Lucation | Berkel AHK | WOW-LU\"data-lcl-txt=\"Die Leerguthalle von Berkel AHK in Ludwigshafen - Ein Ort der Begegnung zwischen Industrie und MusikIm Herzen von Ludwigshafen erhebt sich die Leerguthalle von Berkel AHK, errichtet im Jahre 2012. Dieses Industriemonument, urspr\u00fcnglich konzipiert und genutzt zur Lagerung leerer IBC-Container, ist nicht nur ein Zeugnis moderner Baukunst und Logistik, sondern wurde auch zum Schauplatz eines einzigartigen musikalischen Ereignisses.\"><\/a><a href=\"https:\/\/cdn.schepers-photography.de\/uploads\/2023\/04\/Lu_WOW_Berkel_0037_web-1.jpg\" title=\"Lucation | Berkel AHK | WOW-LU\"data-lcl-txt=\"Die Leerguthalle von Berkel AHK in Ludwigshafen - Ein Ort der Begegnung zwischen Industrie und MusikIm Herzen von Ludwigshafen erhebt sich die Leerguthalle von Berkel AHK, errichtet im Jahre 2012. Dieses Industriemonument, urspr\u00fcnglich konzipiert und genutzt zur Lagerung leerer IBC-Container, ist nicht nur ein Zeugnis moderner Baukunst und Logistik, sondern wurde auch zum Schauplatz eines einzigartigen musikalischen Ereignisses.\"><\/a><a href=\"https:\/\/cdn.schepers-photography.de\/uploads\/2023\/04\/Lu_WOW_Berkel_0038_web-1.jpg\" title=\"Lucation | Berkel AHK | WOW-LU\"data-lcl-txt=\"Die Leerguthalle von Berkel AHK in Ludwigshafen - Ein Ort der Begegnung zwischen Industrie und MusikIm Herzen von Ludwigshafen erhebt sich die Leerguthalle von Berkel AHK, errichtet im Jahre 2012. Dieses Industriemonument, urspr\u00fcnglich konzipiert und genutzt zur Lagerung leerer IBC-Container, ist nicht nur ein Zeugnis moderner Baukunst und Logistik, sondern wurde auch zum Schauplatz eines einzigartigen musikalischen Ereignisses.\"><\/a><a href=\"https:\/\/cdn.schepers-photography.de\/uploads\/2023\/04\/Lu_WOW_Berkel_0042_web-1.jpg\" title=\"Lucation | Berkel AHK | WOW-LU\"data-lcl-txt=\"Die Leerguthalle von Berkel AHK in Ludwigshafen - Ein Ort der Begegnung zwischen Industrie und MusikIm Herzen von Ludwigshafen erhebt sich die Leerguthalle von Berkel AHK, errichtet im Jahre 2012. Dieses Industriemonument, urspr\u00fcnglich konzipiert und genutzt zur Lagerung leerer IBC-Container, ist nicht nur ein Zeugnis moderner Baukunst und Logistik, sondern wurde auch zum Schauplatz eines einzigartigen musikalischen Ereignisses.\"><\/a><a href=\"https:\/\/cdn.schepers-photography.de\/uploads\/2023\/04\/Lu_WOW_Berkel_0044_web-1.jpg\" title=\"Lucation | Berkel AHK | WOW-LU\"data-lcl-txt=\"Die Leerguthalle von Berkel AHK in Ludwigshafen - Ein Ort der Begegnung zwischen Industrie und MusikIm Herzen von Ludwigshafen erhebt sich die Leerguthalle von Berkel AHK, errichtet im Jahre 2012. Dieses Industriemonument, urspr\u00fcnglich konzipiert und genutzt zur Lagerung leerer IBC-Container, ist nicht nur ein Zeugnis moderner Baukunst und Logistik, sondern wurde auch zum Schauplatz eines einzigartigen musikalischen Ereignisses.\"><\/a><a href=\"https:\/\/cdn.schepers-photography.de\/uploads\/2023\/04\/Lu_WOW_Berkel_0045_web-1.jpg\" title=\"Lucation | Berkel AHK | WOW-LU\"data-lcl-txt=\"Die Leerguthalle von Berkel AHK in Ludwigshafen - Ein Ort der Begegnung zwischen Industrie und MusikIm Herzen von Ludwigshafen erhebt sich die Leerguthalle von Berkel AHK, errichtet im Jahre 2012. Dieses Industriemonument, urspr\u00fcnglich konzipiert und genutzt zur Lagerung leerer IBC-Container, ist nicht nur ein Zeugnis moderner Baukunst und Logistik, sondern wurde auch zum Schauplatz eines einzigartigen musikalischen Ereignisses.\"><\/a><a href=\"https:\/\/cdn.schepers-photography.de\/uploads\/2023\/04\/Lu_WOW_Berkel_0052_web-1.jpg\" title=\"Lucation | Berkel AHK | WOW-LU\"data-lcl-txt=\"Die Leerguthalle von Berkel AHK in Ludwigshafen - Ein Ort der Begegnung zwischen Industrie und MusikIm Herzen von Ludwigshafen erhebt sich die Leerguthalle von Berkel AHK, errichtet im Jahre 2012. Dieses Industriemonument, urspr\u00fcnglich konzipiert und genutzt zur Lagerung leerer IBC-Container, ist nicht nur ein Zeugnis moderner Baukunst und Logistik, sondern wurde auch zum Schauplatz eines einzigartigen musikalischen Ereignisses.\"><\/a><a href=\"https:\/\/cdn.schepers-photography.de\/uploads\/2023\/04\/Lu_WOW_Berkel_0055_web-1.jpg\" title=\"Lucation | Berkel AHK | WOW-LU\"data-lcl-txt=\"Die Leerguthalle von Berkel AHK in Ludwigshafen - Ein Ort der Begegnung zwischen Industrie und MusikIm Herzen von Ludwigshafen erhebt sich die Leerguthalle von Berkel AHK, errichtet im Jahre 2012. Dieses Industriemonument, urspr\u00fcnglich konzipiert und genutzt zur Lagerung leerer IBC-Container, ist nicht nur ein Zeugnis moderner Baukunst und Logistik, sondern wurde auch zum Schauplatz eines einzigartigen musikalischen Ereignisses.\"><\/a><a href=\"https:\/\/cdn.schepers-photography.de\/uploads\/2023\/04\/Lu_WOW_Berkel_0058_web-1.jpg\" title=\"Lucation | Berkel AHK | WOW-LU\"data-lcl-txt=\"Die Leerguthalle von Berkel AHK in Ludwigshafen - Ein Ort der Begegnung zwischen Industrie und MusikIm Herzen von Ludwigshafen erhebt sich die Leerguthalle von Berkel AHK, errichtet im Jahre 2012. Dieses Industriemonument, urspr\u00fcnglich konzipiert und genutzt zur Lagerung leerer IBC-Container, ist nicht nur ein Zeugnis moderner Baukunst und Logistik, sondern wurde auch zum Schauplatz eines einzigartigen musikalischen Ereignisses.\"><\/a><a href=\"https:\/\/cdn.schepers-photography.de\/uploads\/2023\/04\/Lu_WOW_Berkel_0062_web-1.jpg\" title=\"Lucation | Berkel AHK | WOW-LU\"data-lcl-txt=\"Die Leerguthalle von Berkel AHK in Ludwigshafen - Ein Ort der Begegnung zwischen Industrie und MusikIm Herzen von Ludwigshafen erhebt sich die Leerguthalle von Berkel AHK, errichtet im Jahre 2012. Dieses Industriemonument, urspr\u00fcnglich konzipiert und genutzt zur Lagerung leerer IBC-Container, ist nicht nur ein Zeugnis moderner Baukunst und Logistik, sondern wurde auch zum Schauplatz eines einzigartigen musikalischen Ereignisses.\"><\/a><a href=\"https:\/\/cdn.schepers-photography.de\/uploads\/2023\/04\/Lu_WOW_Berkel_0063_web-1.jpg\" title=\"Lucation | Berkel AHK | WOW-LU\"data-lcl-txt=\"Die Leerguthalle von Berkel AHK in Ludwigshafen - Ein Ort der Begegnung zwischen Industrie und MusikIm Herzen von Ludwigshafen erhebt sich die Leerguthalle von Berkel AHK, errichtet im Jahre 2012. Dieses Industriemonument, urspr\u00fcnglich konzipiert und genutzt zur Lagerung leerer IBC-Container, ist nicht nur ein Zeugnis moderner Baukunst und Logistik, sondern wurde auch zum Schauplatz eines einzigartigen musikalischen Ereignisses.\"><\/a><a href=\"https:\/\/cdn.schepers-photography.de\/uploads\/2023\/04\/Lu_WOW_Berkel_0065_web-1.jpg\" title=\"Lucation | Berkel AHK | WOW-LU\"data-lcl-txt=\"Die Leerguthalle von Berkel AHK in Ludwigshafen - Ein Ort der Begegnung zwischen Industrie und MusikIm Herzen von Ludwigshafen erhebt sich die Leerguthalle von Berkel AHK, errichtet im Jahre 2012. Dieses Industriemonument, urspr\u00fcnglich konzipiert und genutzt zur Lagerung leerer IBC-Container, ist nicht nur ein Zeugnis moderner Baukunst und Logistik, sondern wurde auch zum Schauplatz eines einzigartigen musikalischen Ereignisses.\"><\/a><a href=\"https:\/\/cdn.schepers-photography.de\/uploads\/2023\/04\/Lu_WOW_Berkel_0069_web-1.jpg\" title=\"Lucation | Berkel AHK | WOW-LU\"data-lcl-txt=\"Die Leerguthalle von Berkel AHK in Ludwigshafen - Ein Ort der Begegnung zwischen Industrie und MusikIm Herzen von Ludwigshafen erhebt sich die Leerguthalle von Berkel AHK, errichtet im Jahre 2012. Dieses Industriemonument, urspr\u00fcnglich konzipiert und genutzt zur Lagerung leerer IBC-Container, ist nicht nur ein Zeugnis moderner Baukunst und Logistik, sondern wurde auch zum Schauplatz eines einzigartigen musikalischen Ereignisses.\"><\/a><a href=\"https:\/\/cdn.schepers-photography.de\/uploads\/2023\/04\/Lu_WOW_Berkel_0072_web-1.jpg\" title=\"Lucation | Berkel AHK | WOW-LU\"data-lcl-txt=\"Die Leerguthalle von Berkel AHK in Ludwigshafen - Ein Ort der Begegnung zwischen Industrie und MusikIm Herzen von Ludwigshafen erhebt sich die Leerguthalle von Berkel AHK, errichtet im Jahre 2012. Dieses Industriemonument, urspr\u00fcnglich konzipiert und genutzt zur Lagerung leerer IBC-Container, ist nicht nur ein Zeugnis moderner Baukunst und Logistik, sondern wurde auch zum Schauplatz eines einzigartigen musikalischen Ereignisses.\"><\/a><a href=\"https:\/\/cdn.schepers-photography.de\/uploads\/2023\/04\/Lu_WOW_Berkel_0075_web-1.jpg\" title=\"Lucation | Berkel AHK | WOW-LU\"data-lcl-txt=\"Die Leerguthalle von Berkel AHK in Ludwigshafen - Ein Ort der Begegnung zwischen Industrie und MusikIm Herzen von Ludwigshafen erhebt sich die Leerguthalle von Berkel AHK, errichtet im Jahre 2012. Dieses Industriemonument, urspr\u00fcnglich konzipiert und genutzt zur Lagerung leerer IBC-Container, ist nicht nur ein Zeugnis moderner Baukunst und Logistik, sondern wurde auch zum Schauplatz eines einzigartigen musikalischen Ereignisses.\"><\/a><a href=\"https:\/\/cdn.schepers-photography.de\/uploads\/2023\/04\/Lu_WOW_Berkel_0078_web-1.jpg\" title=\"Lucation | Berkel AHK | WOW-LU\"data-lcl-txt=\"Die Leerguthalle von Berkel AHK in Ludwigshafen - Ein Ort der Begegnung zwischen Industrie und MusikIm Herzen von Ludwigshafen erhebt sich die Leerguthalle von Berkel AHK, errichtet im Jahre 2012. Dieses Industriemonument, urspr\u00fcnglich konzipiert und genutzt zur Lagerung leerer IBC-Container, ist nicht nur ein Zeugnis moderner Baukunst und Logistik, sondern wurde auch zum Schauplatz eines einzigartigen musikalischen Ereignisses.\"><\/a><a href=\"https:\/\/cdn.schepers-photography.de\/uploads\/2023\/04\/Lu_WOW_Berkel_0083_web-1.jpg\" title=\"Lucation | Berkel AHK | WOW-LU\"data-lcl-txt=\"Die Leerguthalle von Berkel AHK in Ludwigshafen - Ein Ort der Begegnung zwischen Industrie und MusikIm Herzen von Ludwigshafen erhebt sich die Leerguthalle von Berkel AHK, errichtet im Jahre 2012. Dieses Industriemonument, urspr\u00fcnglich konzipiert und genutzt zur Lagerung leerer IBC-Container, ist nicht nur ein Zeugnis moderner Baukunst und Logistik, sondern wurde auch zum Schauplatz eines einzigartigen musikalischen Ereignisses.\"><\/a><a href=\"https:\/\/cdn.schepers-photography.de\/uploads\/2023\/04\/Lu_WOW_Berkel_0086_web-1.jpg\" title=\"Lucation | Berkel AHK | WOW-LU\"data-lcl-txt=\"Die Leerguthalle von Berkel AHK in Ludwigshafen - Ein Ort der Begegnung zwischen Industrie und MusikIm Herzen von Ludwigshafen erhebt sich die Leerguthalle von Berkel AHK, errichtet im Jahre 2012. Dieses Industriemonument, urspr\u00fcnglich konzipiert und genutzt zur Lagerung leerer IBC-Container, ist nicht nur ein Zeugnis moderner Baukunst und Logistik, sondern wurde auch zum Schauplatz eines einzigartigen musikalischen Ereignisses.\"><\/a><a href=\"https:\/\/cdn.schepers-photography.de\/uploads\/2023\/04\/Lu_WOW_Berkel_0089_web-1.jpg\" title=\"Lucation | Berkel AHK | WOW-LU\"data-lcl-txt=\"Die Leerguthalle von Berkel AHK in Ludwigshafen - Ein Ort der Begegnung zwischen Industrie und MusikIm Herzen von Ludwigshafen erhebt sich die Leerguthalle von Berkel AHK, errichtet im Jahre 2012. Dieses Industriemonument, urspr\u00fcnglich konzipiert und genutzt zur Lagerung leerer IBC-Container, ist nicht nur ein Zeugnis moderner Baukunst und Logistik, sondern wurde auch zum Schauplatz eines einzigartigen musikalischen Ereignisses.\"><\/a><a href=\"https:\/\/cdn.schepers-photography.de\/uploads\/2023\/04\/Lu_WOW_Berkel_0094_web-1.jpg\" title=\"Lucation | Berkel AHK | WOW-LU\"data-lcl-txt=\"Die Leerguthalle von Berkel AHK in Ludwigshafen - Ein Ort der Begegnung zwischen Industrie und MusikIm Herzen von Ludwigshafen erhebt sich die Leerguthalle von Berkel AHK, errichtet im Jahre 2012. Dieses Industriemonument, urspr\u00fcnglich konzipiert und genutzt zur Lagerung leerer IBC-Container, ist nicht nur ein Zeugnis moderner Baukunst und Logistik, sondern wurde auch zum Schauplatz eines einzigartigen musikalischen Ereignisses.\"><\/a><a href=\"https:\/\/cdn.schepers-photography.de\/uploads\/2023\/04\/Lu_WOW_Berkel_0104_web.jpg\" title=\"Lucation | Berkel AHK | WOW-LU\"data-lcl-txt=\"Die Leerguthalle von Berkel AHK in Ludwigshafen - Ein Ort der Begegnung zwischen Industrie und MusikIm Herzen von Ludwigshafen erhebt sich die Leerguthalle von Berkel AHK, errichtet im Jahre 2012. Dieses Industriemonument, urspr\u00fcnglich konzipiert und genutzt zur Lagerung leerer IBC-Container, ist nicht nur ein Zeugnis moderner Baukunst und Logistik, sondern wurde auch zum Schauplatz eines einzigartigen musikalischen Ereignisses.\"><\/a><a href=\"https:\/\/cdn.schepers-photography.de\/uploads\/2023\/04\/Lu_WOW_Berkel_0107_web.jpg\" title=\"Lucation | Berkel AHK | WOW-LU\"data-lcl-txt=\"Die Leerguthalle von Berkel AHK in Ludwigshafen - Ein Ort der Begegnung zwischen Industrie und MusikIm Herzen von Ludwigshafen erhebt sich die Leerguthalle von Berkel AHK, errichtet im Jahre 2012. Dieses Industriemonument, urspr\u00fcnglich konzipiert und genutzt zur Lagerung leerer IBC-Container, ist nicht nur ein Zeugnis moderner Baukunst und Logistik, sondern wurde auch zum Schauplatz eines einzigartigen musikalischen Ereignisses.\"><\/a><a href=\"https:\/\/cdn.schepers-photography.de\/uploads\/2023\/04\/Lu_WOW_Berkel_0111_web.jpg\" title=\"Lucation | Berkel AHK | WOW-LU\"data-lcl-txt=\"Die Leerguthalle von Berkel AHK in Ludwigshafen - Ein Ort der Begegnung zwischen Industrie und MusikIm Herzen von Ludwigshafen erhebt sich die Leerguthalle von Berkel AHK, errichtet im Jahre 2012. Dieses Industriemonument, urspr\u00fcnglich konzipiert und genutzt zur Lagerung leerer IBC-Container, ist nicht nur ein Zeugnis moderner Baukunst und Logistik, sondern wurde auch zum Schauplatz eines einzigartigen musikalischen Ereignisses.\"><\/a><a href=\"https:\/\/cdn.schepers-photography.de\/uploads\/2023\/04\/Lu_WOW_Berkel_0114_web.jpg\" title=\"Lucation | Berkel AHK | WOW-LU\"data-lcl-txt=\"Die Leerguthalle von Berkel AHK in Ludwigshafen - Ein Ort der Begegnung zwischen Industrie und MusikIm Herzen von Ludwigshafen erhebt sich die Leerguthalle von Berkel AHK, errichtet im Jahre 2012. Dieses Industriemonument, urspr\u00fcnglich konzipiert und genutzt zur Lagerung leerer IBC-Container, ist nicht nur ein Zeugnis moderner Baukunst und Logistik, sondern wurde auch zum Schauplatz eines einzigartigen musikalischen Ereignisses.\"><\/a><a href=\"https:\/\/cdn.schepers-photography.de\/uploads\/2023\/04\/Lu_WOW_Berkel_0115_web.jpg\" title=\"Lucation | Berkel AHK | WOW-LU\"data-lcl-txt=\"Die Leerguthalle von Berkel AHK in Ludwigshafen - Ein Ort der Begegnung zwischen Industrie und MusikIm Herzen von Ludwigshafen erhebt sich die Leerguthalle von Berkel AHK, errichtet im Jahre 2012. Dieses Industriemonument, urspr\u00fcnglich konzipiert und genutzt zur Lagerung leerer IBC-Container, ist nicht nur ein Zeugnis moderner Baukunst und Logistik, sondern wurde auch zum Schauplatz eines einzigartigen musikalischen Ereignisses.\"><\/a><a href=\"https:\/\/cdn.schepers-photography.de\/uploads\/2023\/04\/Lu_WOW_Berkel_0118_web.jpg\" title=\"Lucation | Berkel AHK | WOW-LU\"data-lcl-txt=\"Die Leerguthalle von Berkel AHK in Ludwigshafen - Ein Ort der Begegnung zwischen Industrie und MusikIm Herzen von Ludwigshafen erhebt sich die Leerguthalle von Berkel AHK, errichtet im Jahre 2012. Dieses Industriemonument, urspr\u00fcnglich konzipiert und genutzt zur Lagerung leerer IBC-Container, ist nicht nur ein Zeugnis moderner Baukunst und Logistik, sondern wurde auch zum Schauplatz eines einzigartigen musikalischen Ereignisses.\"><\/a><a href=\"https:\/\/cdn.schepers-photography.de\/uploads\/2023\/04\/Lu_WOW_Berkel_0120_web.jpg\" title=\"Lucation | Berkel AHK | WOW-LU\"data-lcl-txt=\"Die Leerguthalle von Berkel AHK in Ludwigshafen - Ein Ort der Begegnung zwischen Industrie und MusikIm Herzen von Ludwigshafen erhebt sich die Leerguthalle von Berkel AHK, errichtet im Jahre 2012. Dieses Industriemonument, urspr\u00fcnglich konzipiert und genutzt zur Lagerung leerer IBC-Container, ist nicht nur ein Zeugnis moderner Baukunst und Logistik, sondern wurde auch zum Schauplatz eines einzigartigen musikalischen Ereignisses.\"><\/a><a href=\"https:\/\/cdn.schepers-photography.de\/uploads\/2023\/04\/Lu_WOW_Berkel_0122_web.jpg\" title=\"Lucation | Berkel AHK | WOW-LU\"data-lcl-txt=\"Die Leerguthalle von Berkel AHK in Ludwigshafen - Ein Ort der Begegnung zwischen Industrie und MusikIm Herzen von Ludwigshafen erhebt sich die Leerguthalle von Berkel AHK, errichtet im Jahre 2012. Dieses Industriemonument, urspr\u00fcnglich konzipiert und genutzt zur Lagerung leerer IBC-Container, ist nicht nur ein Zeugnis moderner Baukunst und Logistik, sondern wurde auch zum Schauplatz eines einzigartigen musikalischen Ereignisses.\"><\/a><a href=\"https:\/\/cdn.schepers-photography.de\/uploads\/2023\/04\/Lu_WOW_Berkel_0126_web.jpg\" title=\"Lucation | Berkel AHK | WOW-LU\"data-lcl-txt=\"Die Leerguthalle von Berkel AHK in Ludwigshafen - Ein Ort der Begegnung zwischen Industrie und MusikIm Herzen von Ludwigshafen erhebt sich die Leerguthalle von Berkel AHK, errichtet im Jahre 2012. Dieses Industriemonument, urspr\u00fcnglich konzipiert und genutzt zur Lagerung leerer IBC-Container, ist nicht nur ein Zeugnis moderner Baukunst und Logistik, sondern wurde auch zum Schauplatz eines einzigartigen musikalischen Ereignisses.\"><\/a><a href=\"https:\/\/cdn.schepers-photography.de\/uploads\/2023\/04\/Lu_WOW_Berkel_0129_web.jpg\" title=\"Lucation | Berkel AHK | WOW-LU\"data-lcl-txt=\"Die Leerguthalle von Berkel AHK in Ludwigshafen - Ein Ort der Begegnung zwischen Industrie und MusikIm Herzen von Ludwigshafen erhebt sich die Leerguthalle von Berkel AHK, errichtet im Jahre 2012. Dieses Industriemonument, urspr\u00fcnglich konzipiert und genutzt zur Lagerung leerer IBC-Container, ist nicht nur ein Zeugnis moderner Baukunst und Logistik, sondern wurde auch zum Schauplatz eines einzigartigen musikalischen Ereignisses.\"><\/a><a href=\"https:\/\/cdn.schepers-photography.de\/uploads\/2023\/04\/Lu_WOW_Berkel_0137_web.jpg\" title=\"Lucation | Berkel AHK | WOW-LU\"data-lcl-txt=\"Die Leerguthalle von Berkel AHK in Ludwigshafen - Ein Ort der Begegnung zwischen Industrie und MusikIm Herzen von Ludwigshafen erhebt sich die Leerguthalle von Berkel AHK, errichtet im Jahre 2012. Dieses Industriemonument, urspr\u00fcnglich konzipiert und genutzt zur Lagerung leerer IBC-Container, ist nicht nur ein Zeugnis moderner Baukunst und Logistik, sondern wurde auch zum Schauplatz eines einzigartigen musikalischen Ereignisses.\"><\/a><\/div><div class=\"wp-block-photofolio-gallery-image-container\"><a href=\"https:\/\/cdn.schepers-photography.de\/uploads\/2023\/04\/beauty09.jpg\" >\n                            <img decoding=\"async\" width=\"1803\" height=\"1200\" src=\"https:\/\/cdn.schepers-photography.de\/uploads\/2023\/04\/beauty09.jpg\" class=\"wp-block-photofolio-gallery-image\" alt=\"Woman with lollipop and blown hair.\" srcset=\"https:\/\/www.schepers-photography.de\/wp-content\/uploads\/2023\/04\/beauty09.jpg 1803w, https:\/\/www.schepers-photography.de\/wp-content\/uploads\/2023\/04\/beauty09-300x200.jpg 300w, https:\/\/www.schepers-photography.de\/wp-content\/uploads\/2023\/04\/beauty09-1024x682.jpg 1024w, https:\/\/www.schepers-photography.de\/wp-content\/uploads\/2023\/04\/beauty09-768x511.jpg 768w, https:\/\/www.schepers-photography.de\/wp-content\/uploads\/2023\/04\/beauty09-60x40.jpg 60w, https:\/\/www.schepers-photography.de\/wp-content\/uploads\/2023\/04\/beauty09-480x319.jpg 480w, https:\/\/www.schepers-photography.de\/wp-content\/uploads\/2023\/04\/beauty09-560x373.jpg 560w, https:\/\/www.schepers-photography.de\/wp-content\/uploads\/2023\/04\/beauty09-1536x1022.jpg 1536w, https:\/\/www.schepers-photography.de\/wp-content\/uploads\/2023\/04\/beauty09-18x12.jpg 18w\" sizes=\"(max-width: 1803px) 100vw, 1803px\" \/>\n                            <div class=\"wp-block-photofolio-gallery-image-overlay\">\n                                <p class=\"wp-block-photofolio-gallery-image-overlay-title\">Sina | Free<\/p>\n                            <\/div>\n                        <\/a><\/div><\/div><\/div>","protected":false},"excerpt":{"rendered":"","protected":false},"author":1,"featured_media":0,"parent":0,"menu_order":0,"comment_status":"closed","ping_status":"closed","template":"","meta":{"_seopress_robots_primary_cat":"","_seopress_titles_title":"Einzigartige Fotografie von Schepers Photography","_seopress_titles_desc":"Entdecken Sie atemberaubende Fotografie-Dienstleistungen bei Schepers Photography. Perfekte Aufnahmen f\u00fcr Erinnerungen, die bleiben.","_seopress_robots_index":"","werbesofa_core_post_meta_password_title":"","werbesofa_core_post_meta_password_text":"","footnotes":""},"class_list":["post-22929","page","type-page","status-publish"],"_links":{"self":[{"href":"https:\/\/www.schepers-photography.de\/en\/wp-json\/wp\/v2\/pages\/22929","targetHints":{"allow":["GET"]}}],"collection":[{"href":"https:\/\/www.schepers-photography.de\/en\/wp-json\/wp\/v2\/pages"}],"about":[{"href":"https:\/\/www.schepers-photography.de\/en\/wp-json\/wp\/v2\/types\/page"}],"author":[{"embeddable":true,"href":"https:\/\/www.schepers-photography.de\/en\/wp-json\/wp\/v2\/users\/1"}],"replies":[{"embeddable":true,"href":"https:\/\/www.schepers-photography.de\/en\/wp-json\/wp\/v2\/comments?post=22929"}],"version-history":[{"count":5,"href":"https:\/\/www.schepers-photography.de\/en\/wp-json\/wp\/v2\/pages\/22929\/revisions"}],"predecessor-version":[{"id":86780,"href":"https:\/\/www.schepers-photography.de\/en\/wp-json\/wp\/v2\/pages\/22929\/revisions\/86780"}],"wp:attachment":[{"href":"https:\/\/www.schepers-photography.de\/en\/wp-json\/wp\/v2\/media?parent=22929"}],"curies":[{"name":"wp","href":"https:\/\/api.w.org\/{rel}","templated":true}]}}